{"id":2496,"date":"2021-02-19T21:10:33","date_gmt":"2021-02-19T20:10:33","guid":{"rendered":"http:\/\/observatoriomasculinidad.umh.es\/?page_id=2496"},"modified":"2026-03-30T17:49:20","modified_gmt":"2026-03-30T16:49:20","slug":"audiovisuales-de-los-seminarios-conversatorios-sobre-masculinidades-genero-e-igualdad","status":"publish","type":"page","link":"https:\/\/observatoriomasculinidad.umh.es\/en\/audiovisuales-de-los-seminarios-conversatorios-sobre-masculinidades-genero-e-igualdad\/","title":{"rendered":"Audiovisuales de los Seminarios conversatorios sobre Masculinidades, G\u00e9nero e Igualdad."},"content":{"rendered":"<p>[et_pb_section fb_built=&#8221;1&#8243; admin_label=&#8221;section&#8221; _builder_version=&#8221;4.16&#8243; use_background_color_gradient=&#8221;on&#8221; background_image=&#8221;http:\/\/observatoriomasculinidad.umh.es\/files\/2018\/07\/imagen-congres-masc2-e1574862280282.jpg&#8221; custom_padding=&#8221;||150px|&#8221; transparent_background=&#8221;off&#8221; padding_mobile=&#8221;off&#8221; make_fullwidth=&#8221;off&#8221; use_custom_width=&#8221;off&#8221; width_unit=&#8221;on&#8221; global_colors_info=&#8221;{}&#8221;][et_pb_row padding_mobile=&#8221;off&#8221; column_padding_mobile=&#8221;on&#8221; admin_label=&#8221;Fila&#8221; _builder_version=&#8221;4.17.4&#8243; background_size=&#8221;initial&#8221; background_position=&#8221;top_left&#8221; background_repeat=&#8221;repeat&#8221; custom_margin=&#8221;100px|||&#8221; make_fullwidth=&#8221;off&#8221; use_custom_width=&#8221;off&#8221; width_unit=&#8221;on&#8221; collapsed=&#8221;off&#8221; global_colors_info=&#8221;{}&#8221;][et_pb_column type=&#8221;4_4&#8243; _builder_version=&#8221;4.16&#8243; custom_padding=&#8221;|||&#8221; global_colors_info=&#8221;{}&#8221; custom_padding__hover=&#8221;|||&#8221;][et_pb_text admin_label=&#8221;Grabaciones&#8221; _builder_version=&#8221;4.17.4&#8243; background_color=&#8221;rgba(0,0,0,0.43)&#8221; background_size=&#8221;initial&#8221; background_position=&#8221;top_left&#8221; background_repeat=&#8221;repeat&#8221; text_orientation=&#8221;center&#8221; background_layout=&#8221;dark&#8221; module_alignment=&#8221;center&#8221; custom_css_main_element=&#8221;width:500px;&#8221; use_border_color=&#8221;off&#8221; border_color=&#8221;#ffffff&#8221; border_style=&#8221;solid&#8221; global_colors_info=&#8221;{}&#8221;]<\/p>\n<h4 class=\"entry-title\" style=\"text-align: center\">Grabaciones de los Seminarios conversatorios sobre Masculinidades, G\u00e9nero e Igualdad<\/h4>\n<p>[\/et_pb_text][\/et_pb_column][\/et_pb_row][\/et_pb_section][et_pb_section fb_built=&#8221;1&#8243; _builder_version=&#8221;4.17.4&#8243; _module_preset=&#8221;default&#8221; global_colors_info=&#8221;{}&#8221;][et_pb_row _builder_version=&#8221;4.17.4&#8243; _module_preset=&#8221;default&#8221; global_colors_info=&#8221;{}&#8221;][et_pb_column type=&#8221;4_4&#8243; _builder_version=&#8221;4.17.4&#8243; _module_preset=&#8221;default&#8221; global_colors_info=&#8221;{}&#8221;][et_pb_text admin_label=&#8221;VI CONVERSATORIO&#8221; _builder_version=&#8221;4.17.4&#8243; _module_preset=&#8221;default&#8221; global_colors_info=&#8221;{}&#8221;]<\/p>\n<h4 style=\"text-align: center\"><strong>VI SEMINARIOS CONVERSATORIOS. A\u00d1O 2025-2026<\/strong><\/h4>\n<p>[\/et_pb_text][\/et_pb_column][\/et_pb_row][et_pb_row admin_label=&#8221;Fila&#8221; _builder_version=&#8221;4.17.4&#8243; background_size=&#8221;initial&#8221; background_position=&#8221;top_left&#8221; background_repeat=&#8221;repeat&#8221; global_colors_info=&#8221;{}&#8221;][et_pb_column type=&#8221;4_4&#8243; _builder_version=&#8221;4.16&#8243; custom_padding=&#8221;|||&#8221; global_colors_info=&#8221;{}&#8221; custom_padding__hover=&#8221;|||&#8221;][et_pb_divider color=&#8221;#b67ce2&#8243; divider_style=&#8221;dashed&#8221; divider_position=&#8221;center&#8221; divider_weight=&#8221;5&#8243; disabled_on=&#8221;on|on|off&#8221; admin_label=&#8221;Separador&#8221; _builder_version=&#8221;4.16&#8243; hide_on_mobile=&#8221;on&#8221; global_colors_info=&#8221;{}&#8221;][\/et_pb_divider][\/et_pb_column][\/et_pb_row][et_pb_row column_structure=&#8221;1_3,2_3&#8243; disabled_on=&#8221;off|off|off&#8221; admin_label=&#8221;Fila&#8221; _builder_version=&#8221;4.17.4&#8243; background_size=&#8221;initial&#8221; background_position=&#8221;top_left&#8221; background_repeat=&#8221;repeat&#8221; global_colors_info=&#8221;{}&#8221;][et_pb_column type=&#8221;1_3&#8243; _builder_version=&#8221;4.16&#8243; custom_padding=&#8221;|||&#8221; global_colors_info=&#8221;{}&#8221; custom_padding__hover=&#8221;|||&#8221;][et_pb_text admin_label=&#8221;crianza&#8221; _builder_version=&#8221;4.17.4&#8243; background_size=&#8221;initial&#8221; background_position=&#8221;top_left&#8221; background_repeat=&#8221;repeat&#8221; text_orientation=&#8221;justified&#8221; hover_enabled=&#8221;0&#8243; use_border_color=&#8221;off&#8221; border_color=&#8221;#ffffff&#8221; border_style=&#8221;solid&#8221; global_colors_info=&#8221;{}&#8221; sticky_enabled=&#8221;0&#8243;]<\/p>\n<h1 class=\"style-scope ytd-watch-metadata\" style=\"text-align: left\"><span style=\"font-weight: bold\"><i>Crianza y cuidados a los treinta y tantos o m\u00e1s. Corresponsabilidades en la era de los v\u00ednculos precarios<\/i><\/span><\/h1>\n<h1 class=\"style-scope ytd-watch-metadata\" style=\"text-align: left\"><span style=\"color: #ff0000;font-weight: bold;font-size: 14px\">JUEVES, 26 DE MARZO DE 2026<\/span><\/h1>\n<p>Conferenciantes: Alejandra Salguero Vel\u00e1zquez (UNAM &#8211; M\u00e9xico), Ang\u00e9lica Rodr\u00edguez Abad (Univ. Aut\u00f3noma de Tlaxcala &#8211; M\u00e9xico) y Paco Abril Morales (Univ. Girona)<\/p>\n<p>Modera: Joan Sanfelix Albelda<\/p>\n<p>[\/et_pb_text][\/et_pb_column][et_pb_column type=&#8221;2_3&#8243; _builder_version=&#8221;4.16&#8243; custom_padding=&#8221;|||&#8221; global_colors_info=&#8221;{}&#8221; custom_padding__hover=&#8221;|||&#8221;][et_pb_text admin_label=&#8221;crianza&#8221; _builder_version=&#8221;4.17.4&#8243; background_size=&#8221;initial&#8221; background_position=&#8221;top_left&#8221; background_repeat=&#8221;repeat&#8221; hover_enabled=&#8221;0&#8243; use_border_color=&#8221;off&#8221; border_color=&#8221;#ffffff&#8221; border_style=&#8221;solid&#8221; global_colors_info=&#8221;{}&#8221; sticky_enabled=&#8221;0&#8243;]<\/p>\n<iframe loading=\"lazy\"  id=\"_ytid_44607\"  width=\"800\" height=\"450\"  data-origwidth=\"800\" data-origheight=\"450\" src=\"https:\/\/www.youtube.com\/embed\/YXnCV1-VMlI?enablejsapi=1&autoplay=0&cc_load_policy=0&cc_lang_pref=&iv_load_policy=1&loop=0&modestbranding=0&rel=1&fs=1&playsinline=0&autohide=2&theme=dark&color=red&controls=1&\" class=\"__youtube_prefs__  no-lazyload\" title=\"YouTube player\"  allow=\"accelerometer; autoplay; clipboard-write; encrypted-media; gyroscope; picture-in-picture\" allowfullscreen data-no-lazy=\"1\" data-skipgform_ajax_framebjll=\"\"><\/iframe>\n<p>[\/et_pb_text][\/et_pb_column][\/et_pb_row][et_pb_row admin_label=&#8221;Fila&#8221; _builder_version=&#8221;4.17.4&#8243; background_size=&#8221;initial&#8221; background_position=&#8221;top_left&#8221; background_repeat=&#8221;repeat&#8221; global_colors_info=&#8221;{}&#8221;][et_pb_column type=&#8221;4_4&#8243; _builder_version=&#8221;4.16&#8243; custom_padding=&#8221;|||&#8221; global_colors_info=&#8221;{}&#8221; custom_padding__hover=&#8221;|||&#8221;][et_pb_divider color=&#8221;#b67ce2&#8243; divider_style=&#8221;dashed&#8221; divider_position=&#8221;center&#8221; divider_weight=&#8221;5&#8243; disabled_on=&#8221;on|on|off&#8221; admin_label=&#8221;Separador&#8221; _builder_version=&#8221;4.16&#8243; hide_on_mobile=&#8221;on&#8221; global_colors_info=&#8221;{}&#8221;][\/et_pb_divider][\/et_pb_column][\/et_pb_row][et_pb_row column_structure=&#8221;1_3,2_3&#8243; disabled_on=&#8221;off|off|off&#8221; admin_label=&#8221;Fila&#8221; _builder_version=&#8221;4.17.4&#8243; background_size=&#8221;initial&#8221; background_position=&#8221;top_left&#8221; background_repeat=&#8221;repeat&#8221; global_colors_info=&#8221;{}&#8221;][et_pb_column type=&#8221;1_3&#8243; _builder_version=&#8221;4.16&#8243; custom_padding=&#8221;|||&#8221; global_colors_info=&#8221;{}&#8221; custom_padding__hover=&#8221;|||&#8221;][et_pb_text admin_label=&#8221;Misoginia online&#8221; _builder_version=&#8221;4.17.4&#8243; background_size=&#8221;initial&#8221; background_position=&#8221;top_left&#8221; background_repeat=&#8221;repeat&#8221; text_orientation=&#8221;justified&#8221; use_border_color=&#8221;off&#8221; border_color=&#8221;#ffffff&#8221; border_style=&#8221;solid&#8221; global_colors_info=&#8221;{}&#8221;]<\/p>\n<h1 class=\"style-scope ytd-watch-metadata\" style=\"text-align: left\"><span style=\"font-weight: bold\"><i>El auge de la militarizaci\u00f3n en el siglo XXI. Miradas desde Latinoam\u00e9rica, \u00c1frica, Europa y Palestina<\/i><\/span><\/h1>\n<h1 class=\"style-scope ytd-watch-metadata\" style=\"text-align: left\"><span style=\"color: #ff0000;font-weight: bold;font-size: 14px\">MARTES, 13 DE ENERO DE 2026<\/span><\/h1>\n<p>Conferenciantes: Juli\u00e1n Andr\u00e9s Ovalle Fierro; Alfredo Nicol\u00e1s Rodr\u00edguez P\u00e1ez; Camilo Losada Castilla; Tatiana Moura e Iker Zirion<\/p>\n<p>Modera: Jorge Cascales Ribera<\/p>\n<p>[\/et_pb_text][\/et_pb_column][et_pb_column type=&#8221;2_3&#8243; _builder_version=&#8221;4.16&#8243; custom_padding=&#8221;|||&#8221; global_colors_info=&#8221;{}&#8221; custom_padding__hover=&#8221;|||&#8221;][et_pb_text admin_label=&#8221;Militarizaci\u00f3n&#8221; _builder_version=&#8221;4.17.4&#8243; background_size=&#8221;initial&#8221; background_position=&#8221;top_left&#8221; background_repeat=&#8221;repeat&#8221; use_border_color=&#8221;off&#8221; border_color=&#8221;#ffffff&#8221; border_style=&#8221;solid&#8221; global_colors_info=&#8221;{}&#8221;]<\/p>\n<iframe loading=\"lazy\"  id=\"_ytid_99190\"  width=\"800\" height=\"450\"  data-origwidth=\"800\" data-origheight=\"450\" src=\"https:\/\/www.youtube.com\/embed\/bn4IpEWFe-k?enablejsapi=1&autoplay=0&cc_load_policy=0&cc_lang_pref=&iv_load_policy=1&loop=0&modestbranding=0&rel=1&fs=1&playsinline=0&autohide=2&theme=dark&color=red&controls=1&\" class=\"__youtube_prefs__  no-lazyload\" title=\"YouTube player\"  allow=\"accelerometer; autoplay; clipboard-write; encrypted-media; gyroscope; picture-in-picture\" allowfullscreen data-no-lazy=\"1\" data-skipgform_ajax_framebjll=\"\"><\/iframe>\n<p>[\/et_pb_text][\/et_pb_column][\/et_pb_row][et_pb_row admin_label=&#8221;Fila&#8221; _builder_version=&#8221;4.17.4&#8243; background_size=&#8221;initial&#8221; background_position=&#8221;top_left&#8221; background_repeat=&#8221;repeat&#8221; global_colors_info=&#8221;{}&#8221;][et_pb_column type=&#8221;4_4&#8243; _builder_version=&#8221;4.16&#8243; custom_padding=&#8221;|||&#8221; global_colors_info=&#8221;{}&#8221; custom_padding__hover=&#8221;|||&#8221;][et_pb_divider color=&#8221;#b67ce2&#8243; divider_style=&#8221;dashed&#8221; divider_position=&#8221;center&#8221; divider_weight=&#8221;5&#8243; disabled_on=&#8221;on|on|off&#8221; admin_label=&#8221;Separador&#8221; _builder_version=&#8221;4.16&#8243; hide_on_mobile=&#8221;on&#8221; global_colors_info=&#8221;{}&#8221;][\/et_pb_divider][\/et_pb_column][\/et_pb_row][et_pb_row column_structure=&#8221;1_3,2_3&#8243; disabled_on=&#8221;off|off|off&#8221; admin_label=&#8221;Fila&#8221; _builder_version=&#8221;4.17.4&#8243; background_size=&#8221;initial&#8221; background_position=&#8221;top_left&#8221; background_repeat=&#8221;repeat&#8221; global_colors_info=&#8221;{}&#8221;][et_pb_column type=&#8221;1_3&#8243; _builder_version=&#8221;4.16&#8243; custom_padding=&#8221;|||&#8221; global_colors_info=&#8221;{}&#8221; custom_padding__hover=&#8221;|||&#8221;][et_pb_text admin_label=&#8221;Misoginia online&#8221; _builder_version=&#8221;4.17.4&#8243; background_size=&#8221;initial&#8221; background_position=&#8221;top_left&#8221; background_repeat=&#8221;repeat&#8221; text_orientation=&#8221;justified&#8221; use_border_color=&#8221;off&#8221; border_color=&#8221;#ffffff&#8221; border_style=&#8221;solid&#8221; global_colors_info=&#8221;{}&#8221;]<\/p>\n<h1 class=\"style-scope ytd-watch-metadata\" style=\"text-align: left\"><b><i>Misoginia online. El debate de la violencia de g\u00e9nero en los foros virtuales de la manosfera<\/i><\/b><\/h1>\n<h1 class=\"style-scope ytd-watch-metadata\" style=\"text-align: left\"><span style=\"font-size: 14px\"><span style=\"font-weight: bold;color: #ff0000\">MARTES, 18 DE NOVIEMBRE DE 2025<\/span><\/span><\/h1>\n<p>Conferenciantes: Elisa Garc\u00eda Mingo (UCM), Mauricio Zabalgoitia Herrera (UNAM) y Mar\u00eda Medina-Vicent (UJI)<\/p>\n<p>Inaugura: Anastasia T\u00e9llez Infantes<\/p>\n<p>Modera: Jorge Cascales Ribera<\/p>\n<p>[\/et_pb_text][\/et_pb_column][et_pb_column type=&#8221;2_3&#8243; _builder_version=&#8221;4.16&#8243; custom_padding=&#8221;|||&#8221; global_colors_info=&#8221;{}&#8221; custom_padding__hover=&#8221;|||&#8221;][et_pb_text admin_label=&#8221;Misoginia online&#8221; _builder_version=&#8221;4.17.4&#8243; background_size=&#8221;initial&#8221; background_position=&#8221;top_left&#8221; background_repeat=&#8221;repeat&#8221; use_border_color=&#8221;off&#8221; border_color=&#8221;#ffffff&#8221; border_style=&#8221;solid&#8221; global_colors_info=&#8221;{}&#8221;]<\/p>\n<iframe loading=\"lazy\"  id=\"_ytid_58792\"  width=\"800\" height=\"450\"  data-origwidth=\"800\" data-origheight=\"450\" src=\"https:\/\/www.youtube.com\/embed\/7HAU2LREgkQ?enablejsapi=1&autoplay=0&cc_load_policy=0&cc_lang_pref=&iv_load_policy=1&loop=0&modestbranding=0&rel=1&fs=1&playsinline=0&autohide=2&theme=dark&color=red&controls=1&\" class=\"__youtube_prefs__  no-lazyload\" title=\"YouTube player\"  allow=\"accelerometer; autoplay; clipboard-write; encrypted-media; gyroscope; picture-in-picture\" allowfullscreen data-no-lazy=\"1\" data-skipgform_ajax_framebjll=\"\"><\/iframe>\n<p>[\/et_pb_text][\/et_pb_column][\/et_pb_row][et_pb_row admin_label=&#8221;Fila&#8221; _builder_version=&#8221;4.17.4&#8243; background_size=&#8221;initial&#8221; background_position=&#8221;top_left&#8221; background_repeat=&#8221;repeat&#8221; global_colors_info=&#8221;{}&#8221;][et_pb_column type=&#8221;4_4&#8243; _builder_version=&#8221;4.16&#8243; custom_padding=&#8221;|||&#8221; global_colors_info=&#8221;{}&#8221; custom_padding__hover=&#8221;|||&#8221;][et_pb_divider color=&#8221;#b67ce2&#8243; divider_style=&#8221;dashed&#8221; divider_position=&#8221;center&#8221; divider_weight=&#8221;5&#8243; disabled_on=&#8221;on|on|off&#8221; admin_label=&#8221;Separador&#8221; _builder_version=&#8221;4.16&#8243; hide_on_mobile=&#8221;on&#8221; global_colors_info=&#8221;{}&#8221;][\/et_pb_divider][\/et_pb_column][\/et_pb_row][et_pb_row _builder_version=&#8221;4.17.4&#8243; _module_preset=&#8221;default&#8221; global_colors_info=&#8221;{}&#8221;][et_pb_column type=&#8221;4_4&#8243; _builder_version=&#8221;4.17.4&#8243; _module_preset=&#8221;default&#8221; global_colors_info=&#8221;{}&#8221;][et_pb_text admin_label=&#8221;V CONVERSATORIO&#8221; _builder_version=&#8221;4.17.4&#8243; _module_preset=&#8221;default&#8221; global_colors_info=&#8221;{}&#8221;]<\/p>\n<h4 style=\"text-align: center\"><strong>V SEMINARIOS CONVERSATORIOS. A\u00d1O 2024-2025<\/strong><\/h4>\n<p>[\/et_pb_text][\/et_pb_column][\/et_pb_row][et_pb_row admin_label=&#8221;Fila&#8221; _builder_version=&#8221;4.17.4&#8243; background_size=&#8221;initial&#8221; background_position=&#8221;top_left&#8221; background_repeat=&#8221;repeat&#8221; global_colors_info=&#8221;{}&#8221;][et_pb_column type=&#8221;4_4&#8243; _builder_version=&#8221;4.16&#8243; custom_padding=&#8221;|||&#8221; global_colors_info=&#8221;{}&#8221; custom_padding__hover=&#8221;|||&#8221;][et_pb_divider color=&#8221;#b67ce2&#8243; divider_style=&#8221;dashed&#8221; divider_position=&#8221;center&#8221; divider_weight=&#8221;5&#8243; disabled_on=&#8221;on|on|off&#8221; admin_label=&#8221;Separador&#8221; _builder_version=&#8221;4.16&#8243; hide_on_mobile=&#8221;on&#8221; global_colors_info=&#8221;{}&#8221;][\/et_pb_divider][\/et_pb_column][\/et_pb_row][et_pb_row column_structure=&#8221;1_3,2_3&#8243; disabled_on=&#8221;off|off|off&#8221; admin_label=&#8221;Fila&#8221; _builder_version=&#8221;4.17.4&#8243; background_size=&#8221;initial&#8221; background_position=&#8221;top_left&#8221; background_repeat=&#8221;repeat&#8221; global_colors_info=&#8221;{}&#8221;][et_pb_column type=&#8221;1_3&#8243; _builder_version=&#8221;4.16&#8243; custom_padding=&#8221;|||&#8221; global_colors_info=&#8221;{}&#8221; custom_padding__hover=&#8221;|||&#8221;][et_pb_text admin_label=&#8221;Masculinidades universitarias&#8221; _builder_version=&#8221;4.17.4&#8243; background_size=&#8221;initial&#8221; background_position=&#8221;top_left&#8221; background_repeat=&#8221;repeat&#8221; text_orientation=&#8221;justified&#8221; use_border_color=&#8221;off&#8221; border_color=&#8221;#ffffff&#8221; border_style=&#8221;solid&#8221; global_colors_info=&#8221;{}&#8221;]<\/p>\n<h1 class=\"style-scope ytd-watch-metadata\" style=\"text-align: left\"><b><i>Masculinidades Universitarias en tiempos de interpelaci\u00f3n feminista<\/i><\/b><\/h1>\n<h1 class=\"style-scope ytd-watch-metadata\" style=\"text-align: left\"><span style=\"font-size: 14px\"><span style=\"color: #666666\">Rub\u00e9n Hern\u00e1ndez Duarte y Benno de Keijzer Fokker (Coords.)<\/span><\/span><\/h1>\n<h1 class=\"style-scope ytd-watch-metadata\" style=\"text-align: left\"><span style=\"font-size: 14px\"><span style=\"font-weight: bold;color: #ff0000\">MARTES, 20 DE MAYO DE 2025<\/span><\/span><\/h1>\n<p>Conferenciantes: Benno de Keijzer Fokker, Rub\u00e9n Hern\u00e1ndez Duarte y Ar\u00e1nzazu Belmont Flores<\/p>\n<p>Presenta: Jorge Cascales Ribera<\/p>\n<p>Modera: Anastasia T\u00e9llez Infantes<\/p>\n<p>[\/et_pb_text][\/et_pb_column][et_pb_column type=&#8221;2_3&#8243; _builder_version=&#8221;4.16&#8243; custom_padding=&#8221;|||&#8221; global_colors_info=&#8221;{}&#8221; custom_padding__hover=&#8221;|||&#8221;][et_pb_text admin_label=&#8221;Masculinidades Universitarias&#8221; _builder_version=&#8221;4.17.4&#8243; background_size=&#8221;initial&#8221; background_position=&#8221;top_left&#8221; background_repeat=&#8221;repeat&#8221; use_border_color=&#8221;off&#8221; border_color=&#8221;#ffffff&#8221; border_style=&#8221;solid&#8221; global_colors_info=&#8221;{}&#8221;]<\/p>\n<iframe loading=\"lazy\"  id=\"_ytid_10624\"  width=\"800\" height=\"450\"  data-origwidth=\"800\" data-origheight=\"450\" src=\"https:\/\/www.youtube.com\/embed\/YvARdxGdXP4?enablejsapi=1&autoplay=0&cc_load_policy=0&cc_lang_pref=&iv_load_policy=1&loop=0&modestbranding=0&rel=1&fs=1&playsinline=0&autohide=2&theme=dark&color=red&controls=1&\" class=\"__youtube_prefs__  no-lazyload\" title=\"YouTube player\"  allow=\"accelerometer; autoplay; clipboard-write; encrypted-media; gyroscope; picture-in-picture\" allowfullscreen data-no-lazy=\"1\" data-skipgform_ajax_framebjll=\"\"><\/iframe>\n<p>[\/et_pb_text][\/et_pb_column][\/et_pb_row][et_pb_row admin_label=&#8221;Fila&#8221; _builder_version=&#8221;4.17.4&#8243; background_size=&#8221;initial&#8221; background_position=&#8221;top_left&#8221; background_repeat=&#8221;repeat&#8221; global_colors_info=&#8221;{}&#8221;][et_pb_column type=&#8221;4_4&#8243; _builder_version=&#8221;4.16&#8243; custom_padding=&#8221;|||&#8221; global_colors_info=&#8221;{}&#8221; custom_padding__hover=&#8221;|||&#8221;][et_pb_divider color=&#8221;#b67ce2&#8243; divider_style=&#8221;dashed&#8221; divider_position=&#8221;center&#8221; divider_weight=&#8221;5&#8243; disabled_on=&#8221;on|on|off&#8221; admin_label=&#8221;Separador&#8221; _builder_version=&#8221;4.16&#8243; hide_on_mobile=&#8221;on&#8221; global_colors_info=&#8221;{}&#8221;][\/et_pb_divider][\/et_pb_column][\/et_pb_row][et_pb_row column_structure=&#8221;1_3,2_3&#8243; disabled_on=&#8221;off|off|off&#8221; admin_label=&#8221;Fila&#8221; _builder_version=&#8221;4.17.4&#8243; background_size=&#8221;initial&#8221; background_position=&#8221;top_left&#8221; background_repeat=&#8221;repeat&#8221; global_colors_info=&#8221;{}&#8221;][et_pb_column type=&#8221;1_3&#8243; _builder_version=&#8221;4.16&#8243; custom_padding=&#8221;|||&#8221; global_colors_info=&#8221;{}&#8221; custom_padding__hover=&#8221;|||&#8221;][et_pb_text admin_label=&#8221;Masculinidad CCSS&#8221; _builder_version=&#8221;4.17.4&#8243; background_size=&#8221;initial&#8221; background_position=&#8221;top_left&#8221; background_repeat=&#8221;repeat&#8221; text_orientation=&#8221;justified&#8221; use_border_color=&#8221;off&#8221; border_color=&#8221;#ffffff&#8221; border_style=&#8221;solid&#8221; global_colors_info=&#8221;{}&#8221;]<\/p>\n<h1 class=\"style-scope ytd-watch-metadata\" style=\"text-align: left\"><b><i>La Masculinidad como tema de las Ciencias Sociales<\/i><\/b><\/h1>\n<h1 class=\"style-scope ytd-watch-metadata\" style=\"text-align: left\"><span style=\"font-size: 14px\"><span style=\"color: #666666\">Ariel Sanabria (comp.)<\/span><\/span><\/h1>\n<h1 class=\"style-scope ytd-watch-metadata\" style=\"text-align: left\"><span style=\"font-size: 14px\"><span style=\"font-weight: bold;color: #ff0000\">MARTES, 11 DE MARZO DE 2025<\/span><\/span><\/h1>\n<p>Conferenciante: Ariel Sanabria<\/p>\n<p>Presenta: Bakea Alonso Fern\u00e1ndez de Avil\u00e9s<\/p>\n<p>Modera: Jorge Cascales Ribera<\/p>\n<p>[\/et_pb_text][\/et_pb_column][et_pb_column type=&#8221;2_3&#8243; _builder_version=&#8221;4.16&#8243; custom_padding=&#8221;|||&#8221; global_colors_info=&#8221;{}&#8221; custom_padding__hover=&#8221;|||&#8221;][et_pb_text admin_label=&#8221;Masculinidad CCSS&#8221; _builder_version=&#8221;4.17.4&#8243; background_size=&#8221;initial&#8221; background_position=&#8221;top_left&#8221; background_repeat=&#8221;repeat&#8221; use_border_color=&#8221;off&#8221; border_color=&#8221;#ffffff&#8221; border_style=&#8221;solid&#8221; global_colors_info=&#8221;{}&#8221;]<\/p>\n<iframe loading=\"lazy\"  id=\"_ytid_31622\"  width=\"800\" height=\"450\"  data-origwidth=\"800\" data-origheight=\"450\" src=\"https:\/\/www.youtube.com\/embed\/wb71q0JvT_c?enablejsapi=1&autoplay=0&cc_load_policy=0&cc_lang_pref=&iv_load_policy=1&loop=0&modestbranding=0&rel=1&fs=1&playsinline=0&autohide=2&theme=dark&color=red&controls=1&\" class=\"__youtube_prefs__  no-lazyload\" title=\"YouTube player\"  allow=\"accelerometer; autoplay; clipboard-write; encrypted-media; gyroscope; picture-in-picture\" allowfullscreen data-no-lazy=\"1\" data-skipgform_ajax_framebjll=\"\"><\/iframe>\n<p>[\/et_pb_text][\/et_pb_column][\/et_pb_row][et_pb_row admin_label=&#8221;Fila&#8221; _builder_version=&#8221;4.17.4&#8243; background_size=&#8221;initial&#8221; background_position=&#8221;top_left&#8221; background_repeat=&#8221;repeat&#8221; global_colors_info=&#8221;{}&#8221;][et_pb_column type=&#8221;4_4&#8243; _builder_version=&#8221;4.16&#8243; custom_padding=&#8221;|||&#8221; global_colors_info=&#8221;{}&#8221; custom_padding__hover=&#8221;|||&#8221;][et_pb_divider color=&#8221;#b67ce2&#8243; divider_style=&#8221;dashed&#8221; divider_position=&#8221;center&#8221; divider_weight=&#8221;5&#8243; disabled_on=&#8221;on|on|off&#8221; admin_label=&#8221;Separador&#8221; _builder_version=&#8221;4.16&#8243; hide_on_mobile=&#8221;on&#8221; global_colors_info=&#8221;{}&#8221;][\/et_pb_divider][\/et_pb_column][\/et_pb_row][et_pb_row column_structure=&#8221;1_3,2_3&#8243; disabled_on=&#8221;off|off|off&#8221; admin_label=&#8221;Fila&#8221; _builder_version=&#8221;4.17.4&#8243; background_size=&#8221;initial&#8221; background_position=&#8221;top_left&#8221; background_repeat=&#8221;repeat&#8221; global_colors_info=&#8221;{}&#8221;][et_pb_column type=&#8221;1_3&#8243; _builder_version=&#8221;4.16&#8243; custom_padding=&#8221;|||&#8221; global_colors_info=&#8221;{}&#8221; custom_padding__hover=&#8221;|||&#8221;][et_pb_text admin_label=&#8221;Aprender a ser hombre&#8221; _builder_version=&#8221;4.17.4&#8243; background_size=&#8221;initial&#8221; background_position=&#8221;top_left&#8221; background_repeat=&#8221;repeat&#8221; text_orientation=&#8221;justified&#8221; use_border_color=&#8221;off&#8221; border_color=&#8221;#ffffff&#8221; border_style=&#8221;solid&#8221; global_colors_info=&#8221;{}&#8221;]<\/p>\n<h1 class=\"style-scope ytd-watch-metadata\" style=\"text-align: left\"><b><i>Aprender a ser hombre. Una mirada hist\u00f3rica al origen de la hegemon\u00eda social masculina<\/i><\/b><\/h1>\n<p style=\"text-align: left\">Fernando Herranz Vel\u00e1zquez<\/p>\n<h6 style=\"text-align: left\"><strong><span style=\"color: #ff0000\">JUEVES, 13 DE FEBRERO DE 2025<\/span><\/strong><\/h6>\n<p>Conferenciante: Fernando Herranz Vel\u00e1zquez<\/p>\n<p>Presenta: Mar\u00eda Amparo Calabuig Puig<\/p>\n<p>Modera: Rebeca de las Heras Ponce<\/p>\n<p>[\/et_pb_text][\/et_pb_column][et_pb_column type=&#8221;2_3&#8243; _builder_version=&#8221;4.16&#8243; custom_padding=&#8221;|||&#8221; global_colors_info=&#8221;{}&#8221; custom_padding__hover=&#8221;|||&#8221;][et_pb_text admin_label=&#8221;aprender a ser hombre&#8221; _builder_version=&#8221;4.17.4&#8243; background_size=&#8221;initial&#8221; background_position=&#8221;top_left&#8221; background_repeat=&#8221;repeat&#8221; use_border_color=&#8221;off&#8221; border_color=&#8221;#ffffff&#8221; border_style=&#8221;solid&#8221; global_colors_info=&#8221;{}&#8221;]<\/p>\n<p style=\"text-align: left\"><iframe loading=\"lazy\"  id=\"_ytid_13048\"  width=\"800\" height=\"450\"  data-origwidth=\"800\" data-origheight=\"450\" src=\"https:\/\/www.youtube.com\/embed\/hNyu8Oq6IVM?enablejsapi=1&autoplay=0&cc_load_policy=0&cc_lang_pref=&iv_load_policy=1&loop=0&modestbranding=0&rel=1&fs=1&playsinline=0&autohide=2&theme=dark&color=red&controls=1&\" class=\"__youtube_prefs__  no-lazyload\" title=\"YouTube player\"  allow=\"accelerometer; autoplay; clipboard-write; encrypted-media; gyroscope; picture-in-picture\" allowfullscreen data-no-lazy=\"1\" data-skipgform_ajax_framebjll=\"\"><\/iframe><\/p>\n<p>[\/et_pb_text][\/et_pb_column][\/et_pb_row][et_pb_row disabled_on=&#8221;off|off|off&#8221; admin_label=&#8221;Fila&#8221; _builder_version=&#8221;4.17.4&#8243; background_size=&#8221;initial&#8221; background_position=&#8221;top_left&#8221; background_repeat=&#8221;repeat&#8221; global_colors_info=&#8221;{}&#8221;][et_pb_column type=&#8221;4_4&#8243; _builder_version=&#8221;4.16&#8243; custom_padding=&#8221;|||&#8221; global_colors_info=&#8221;{}&#8221; custom_padding__hover=&#8221;|||&#8221;][et_pb_divider color=&#8221;#b67ce2&#8243; divider_style=&#8221;dashed&#8221; divider_position=&#8221;center&#8221; divider_weight=&#8221;5&#8243; disabled_on=&#8221;on|on|off&#8221; admin_label=&#8221;Separador&#8221; _builder_version=&#8221;4.16&#8243; hide_on_mobile=&#8221;on&#8221; global_colors_info=&#8221;{}&#8221;][\/et_pb_divider][\/et_pb_column][\/et_pb_row][et_pb_row column_structure=&#8221;1_3,2_3&#8243; admin_label=&#8221;Fila&#8221; _builder_version=&#8221;4.17.4&#8243; background_size=&#8221;initial&#8221; background_position=&#8221;top_left&#8221; background_repeat=&#8221;repeat&#8221; global_colors_info=&#8221;{}&#8221;][et_pb_column type=&#8221;1_3&#8243; _builder_version=&#8221;4.16&#8243; custom_padding=&#8221;|||&#8221; global_colors_info=&#8221;{}&#8221; custom_padding__hover=&#8221;|||&#8221;][et_pb_text admin_label=&#8221;Hitler a voldemort&#8221; _builder_version=&#8221;4.17.4&#8243; background_size=&#8221;initial&#8221; background_position=&#8221;top_left&#8221; background_repeat=&#8221;repeat&#8221; text_orientation=&#8221;justified&#8221; use_border_color=&#8221;off&#8221; border_color=&#8221;#ffffff&#8221; border_style=&#8221;solid&#8221; global_colors_info=&#8221;{}&#8221;]<\/p>\n<h1 class=\"style-scope ytd-watch-metadata\" style=\"text-align: left\"><b><i>De Hitler a Voldemort. Retrato de un villano<\/i><\/b><\/h1>\n<p style=\"text-align: left\">Sara Mart\u00edn Alegre<\/p>\n<h6 style=\"text-align: left\"><strong><span style=\"color: #ff0000\">MARTES, 28 DE ENERO DE 2025<\/span><\/strong><\/h6>\n<p>Conferenciante: Sara Mart\u00edn Alegre<\/p>\n<p>Presenta: Lionel S. Delgado<\/p>\n<p>Modera: Jorge Cascales Ribera<\/p>\n<p>[\/et_pb_text][\/et_pb_column][et_pb_column type=&#8221;2_3&#8243; _builder_version=&#8221;4.16&#8243; custom_padding=&#8221;|||&#8221; global_colors_info=&#8221;{}&#8221; custom_padding__hover=&#8221;|||&#8221;][et_pb_text admin_label=&#8221;Hitler a Voldemort&#8221; _builder_version=&#8221;4.17.4&#8243; background_size=&#8221;initial&#8221; background_position=&#8221;top_left&#8221; background_repeat=&#8221;repeat&#8221; use_border_color=&#8221;off&#8221; border_color=&#8221;#ffffff&#8221; border_style=&#8221;solid&#8221; global_colors_info=&#8221;{}&#8221;]<\/p>\n<iframe loading=\"lazy\"  id=\"_ytid_88161\"  width=\"800\" height=\"450\"  data-origwidth=\"800\" data-origheight=\"450\" src=\"https:\/\/www.youtube.com\/embed\/uaHsgskQl9I?enablejsapi=1&autoplay=0&cc_load_policy=0&cc_lang_pref=&iv_load_policy=1&loop=0&modestbranding=0&rel=1&fs=1&playsinline=0&autohide=2&theme=dark&color=red&controls=1&\" class=\"__youtube_prefs__  no-lazyload\" title=\"YouTube player\"  allow=\"accelerometer; autoplay; clipboard-write; encrypted-media; gyroscope; picture-in-picture\" allowfullscreen data-no-lazy=\"1\" data-skipgform_ajax_framebjll=\"\"><\/iframe>\n<p>[\/et_pb_text][\/et_pb_column][\/et_pb_row][et_pb_row admin_label=&#8221;Fila&#8221; _builder_version=&#8221;4.17.4&#8243; background_size=&#8221;initial&#8221; background_position=&#8221;top_left&#8221; background_repeat=&#8221;repeat&#8221; global_colors_info=&#8221;{}&#8221;][et_pb_column type=&#8221;4_4&#8243; _builder_version=&#8221;4.16&#8243; custom_padding=&#8221;|||&#8221; global_colors_info=&#8221;{}&#8221; custom_padding__hover=&#8221;|||&#8221;][et_pb_divider color=&#8221;#b67ce2&#8243; divider_style=&#8221;dashed&#8221; divider_position=&#8221;center&#8221; divider_weight=&#8221;5&#8243; disabled_on=&#8221;on|on|off&#8221; admin_label=&#8221;Separador&#8221; _builder_version=&#8221;4.16&#8243; hide_on_mobile=&#8221;on&#8221; global_colors_info=&#8221;{}&#8221;][\/et_pb_divider][\/et_pb_column][\/et_pb_row][et_pb_row column_structure=&#8221;1_3,2_3&#8243; admin_label=&#8221;Fila&#8221; _builder_version=&#8221;4.17.4&#8243; background_size=&#8221;initial&#8221; background_position=&#8221;top_left&#8221; background_repeat=&#8221;repeat&#8221; global_colors_info=&#8221;{}&#8221;][et_pb_column type=&#8221;1_3&#8243; _builder_version=&#8221;4.16&#8243; custom_padding=&#8221;|||&#8221; global_colors_info=&#8221;{}&#8221; custom_padding__hover=&#8221;|||&#8221;][et_pb_text admin_label=&#8221;Perforar las masculinidades&#8221; _builder_version=&#8221;4.17.4&#8243; background_size=&#8221;initial&#8221; background_position=&#8221;top_left&#8221; background_repeat=&#8221;repeat&#8221; text_orientation=&#8221;justified&#8221; use_border_color=&#8221;off&#8221; border_color=&#8221;#ffffff&#8221; border_style=&#8221;solid&#8221; global_colors_info=&#8221;{}&#8221;]<\/p>\n<h1 class=\"style-scope ytd-watch-metadata\" style=\"text-align: left\"><b><i>Perforar las masculinidades<\/i><\/b><\/h1>\n<p style=\"text-align: left\">Alfredo Ramos<\/p>\n<h6 style=\"text-align: left\"><strong><span style=\"color: #ff0000\">MARTES, 3 DE DICIEMBRE DE 2024<\/span><\/strong><\/h6>\n<p>Conferenciante: Alfredo Ramos.<\/p>\n<p>Presenta: Joaquim Montaner Villalonga<\/p>\n<p>Modera: Jorge Cascales Ribera<\/p>\n<p>[\/et_pb_text][\/et_pb_column][et_pb_column type=&#8221;2_3&#8243; _builder_version=&#8221;4.16&#8243; custom_padding=&#8221;|||&#8221; global_colors_info=&#8221;{}&#8221; custom_padding__hover=&#8221;|||&#8221;][et_pb_text admin_label=&#8221;Perforar masculindiades&#8221; _builder_version=&#8221;4.17.4&#8243; background_size=&#8221;initial&#8221; background_position=&#8221;top_left&#8221; background_repeat=&#8221;repeat&#8221; use_border_color=&#8221;off&#8221; border_color=&#8221;#ffffff&#8221; border_style=&#8221;solid&#8221; global_colors_info=&#8221;{}&#8221;]<\/p>\n<iframe loading=\"lazy\"  id=\"_ytid_98929\"  width=\"800\" height=\"450\"  data-origwidth=\"800\" data-origheight=\"450\" src=\"https:\/\/www.youtube.com\/embed\/jm4dMR-Gf84?enablejsapi=1&autoplay=0&cc_load_policy=0&cc_lang_pref=&iv_load_policy=1&loop=0&modestbranding=0&rel=1&fs=1&playsinline=0&autohide=2&theme=dark&color=red&controls=1&\" class=\"__youtube_prefs__  no-lazyload\" title=\"YouTube player\"  allow=\"accelerometer; autoplay; clipboard-write; encrypted-media; gyroscope; picture-in-picture\" allowfullscreen data-no-lazy=\"1\" data-skipgform_ajax_framebjll=\"\"><\/iframe>\n<p>[\/et_pb_text][\/et_pb_column][\/et_pb_row][et_pb_row admin_label=&#8221;Fila&#8221; _builder_version=&#8221;4.17.4&#8243; background_size=&#8221;initial&#8221; background_position=&#8221;top_left&#8221; background_repeat=&#8221;repeat&#8221; global_colors_info=&#8221;{}&#8221;][et_pb_column type=&#8221;4_4&#8243; _builder_version=&#8221;4.16&#8243; custom_padding=&#8221;|||&#8221; global_colors_info=&#8221;{}&#8221; custom_padding__hover=&#8221;|||&#8221;][et_pb_divider color=&#8221;#b67ce2&#8243; divider_style=&#8221;dashed&#8221; divider_position=&#8221;center&#8221; divider_weight=&#8221;5&#8243; disabled_on=&#8221;on|on|off&#8221; admin_label=&#8221;Separador&#8221; _builder_version=&#8221;4.16&#8243; hide_on_mobile=&#8221;on&#8221; global_colors_info=&#8221;{}&#8221;][\/et_pb_divider][\/et_pb_column][\/et_pb_row][et_pb_row column_structure=&#8221;1_3,2_3&#8243; admin_label=&#8221;Fila&#8221; _builder_version=&#8221;4.17.4&#8243; background_size=&#8221;initial&#8221; background_position=&#8221;top_left&#8221; background_repeat=&#8221;repeat&#8221; global_colors_info=&#8221;{}&#8221;][et_pb_column type=&#8221;1_3&#8243; _builder_version=&#8221;4.16&#8243; custom_padding=&#8221;|||&#8221; global_colors_info=&#8221;{}&#8221; custom_padding__hover=&#8221;|||&#8221;][et_pb_text admin_label=&#8221;Reacci\u00f3n patriarcal&#8221; _builder_version=&#8221;4.17.4&#8243; background_size=&#8221;initial&#8221; background_position=&#8221;top_left&#8221; background_repeat=&#8221;repeat&#8221; text_orientation=&#8221;justified&#8221; use_border_color=&#8221;off&#8221; border_color=&#8221;#ffffff&#8221; border_style=&#8221;solid&#8221; global_colors_info=&#8221;{}&#8221;]<\/p>\n<h1 class=\"style-scope ytd-watch-metadata\" style=\"text-align: left\"><b><i>Reacci\u00f3n patriarcal. Neoliberalismo autoritario,<br \/>politizaci\u00f3n religiosa y nuevas derechas<br \/><\/i><\/b><\/h1>\n<p style=\"text-align: left\">Marta Cabezas Fern\u00e1ndez<br \/>Cristina Vega Sol\u00eds<br \/>(Eds.)<\/p>\n<h6 style=\"text-align: left\"><strong><span style=\"color: #ff0000\">MARTES, 19 DE NOVIEMBRE DE 2024<\/span><\/strong><\/h6>\n<p>Conferenciante: Marta Cabezas Fern\u00e1ndez.<\/p>\n<p>Inaugura: Anastasia T\u00e9llez Infantes<\/p>\n<p>Presenta: Miguel L\u00e1zaro<\/p>\n<p>Modera: Jorge Cascales Ribera<\/p>\n<p>[\/et_pb_text][\/et_pb_column][et_pb_column type=&#8221;2_3&#8243; _builder_version=&#8221;4.16&#8243; custom_padding=&#8221;|||&#8221; global_colors_info=&#8221;{}&#8221; custom_padding__hover=&#8221;|||&#8221;][et_pb_text admin_label=&#8221;Reacci\u00f3n patriarcal&#8221; _builder_version=&#8221;4.17.4&#8243; background_size=&#8221;initial&#8221; background_position=&#8221;top_left&#8221; background_repeat=&#8221;repeat&#8221; use_border_color=&#8221;off&#8221; border_color=&#8221;#ffffff&#8221; border_style=&#8221;solid&#8221; global_colors_info=&#8221;{}&#8221;]<\/p>\n<iframe loading=\"lazy\"  id=\"_ytid_47197\"  width=\"800\" height=\"450\"  data-origwidth=\"800\" data-origheight=\"450\" src=\"https:\/\/www.youtube.com\/embed\/LMHaKb4-97A?enablejsapi=1&autoplay=0&cc_load_policy=0&cc_lang_pref=&iv_load_policy=1&loop=0&modestbranding=0&rel=1&fs=1&playsinline=0&autohide=2&theme=dark&color=red&controls=1&\" class=\"__youtube_prefs__  no-lazyload\" title=\"YouTube player\"  allow=\"accelerometer; autoplay; clipboard-write; encrypted-media; gyroscope; picture-in-picture\" allowfullscreen data-no-lazy=\"1\" data-skipgform_ajax_framebjll=\"\"><\/iframe>\n<p>[\/et_pb_text][\/et_pb_column][\/et_pb_row][\/et_pb_section][et_pb_section fb_built=&#8221;1&#8243; admin_label=&#8221;Secci\u00f3n&#8221; _builder_version=&#8221;4.16&#8243; global_colors_info=&#8221;{}&#8221;][et_pb_row admin_label=&#8221;Fila&#8221; _builder_version=&#8221;4.17.4&#8243; background_size=&#8221;initial&#8221; background_position=&#8221;top_left&#8221; background_repeat=&#8221;repeat&#8221; global_colors_info=&#8221;{}&#8221;][et_pb_column type=&#8221;4_4&#8243; _builder_version=&#8221;4.16&#8243; custom_padding=&#8221;|||&#8221; global_colors_info=&#8221;{}&#8221; custom_padding__hover=&#8221;|||&#8221;][et_pb_divider color=&#8221;#b67ce2&#8243; divider_style=&#8221;dashed&#8221; divider_position=&#8221;center&#8221; divider_weight=&#8221;5&#8243; disabled_on=&#8221;on|on|off&#8221; admin_label=&#8221;Separador&#8221; _builder_version=&#8221;4.16&#8243; hide_on_mobile=&#8221;on&#8221; global_colors_info=&#8221;{}&#8221;][\/et_pb_divider][\/et_pb_column][\/et_pb_row][et_pb_row _builder_version=&#8221;4.17.4&#8243; _module_preset=&#8221;default&#8221; global_colors_info=&#8221;{}&#8221;][et_pb_column type=&#8221;4_4&#8243; _builder_version=&#8221;4.17.4&#8243; _module_preset=&#8221;default&#8221; global_colors_info=&#8221;{}&#8221;][et_pb_text admin_label=&#8221;IV CONVERSATORIO&#8221; _builder_version=&#8221;4.17.4&#8243; _module_preset=&#8221;default&#8221; global_colors_info=&#8221;{}&#8221;]<\/p>\n<h4 style=\"text-align: center\"><strong>IV SEMINARIOS CONVERSATORIOS. A\u00d1O 2023-2024<\/strong><\/h4>\n<p>[\/et_pb_text][\/et_pb_column][\/et_pb_row][et_pb_row admin_label=&#8221;Fila&#8221; _builder_version=&#8221;4.17.4&#8243; background_size=&#8221;initial&#8221; background_position=&#8221;top_left&#8221; background_repeat=&#8221;repeat&#8221; global_colors_info=&#8221;{}&#8221;][et_pb_column type=&#8221;4_4&#8243; _builder_version=&#8221;4.16&#8243; custom_padding=&#8221;|||&#8221; global_colors_info=&#8221;{}&#8221; custom_padding__hover=&#8221;|||&#8221;][et_pb_divider color=&#8221;#b67ce2&#8243; divider_style=&#8221;dashed&#8221; divider_position=&#8221;center&#8221; divider_weight=&#8221;5&#8243; disabled_on=&#8221;on|on|off&#8221; admin_label=&#8221;Separador&#8221; _builder_version=&#8221;4.16&#8243; hide_on_mobile=&#8221;on&#8221; global_colors_info=&#8221;{}&#8221;][\/et_pb_divider][\/et_pb_column][\/et_pb_row][et_pb_row column_structure=&#8221;1_3,2_3&#8243; admin_label=&#8221;Fila&#8221; _builder_version=&#8221;4.17.4&#8243; background_size=&#8221;initial&#8221; background_position=&#8221;top_left&#8221; background_repeat=&#8221;repeat&#8221; global_colors_info=&#8221;{}&#8221;][et_pb_column type=&#8221;1_3&#8243; _builder_version=&#8221;4.16&#8243; custom_padding=&#8221;|||&#8221; global_colors_info=&#8221;{}&#8221; custom_padding__hover=&#8221;|||&#8221;][et_pb_text admin_label=&#8221;Hombres siglo XXI&#8221; _builder_version=&#8221;4.17.4&#8243; background_size=&#8221;initial&#8221; background_position=&#8221;top_left&#8221; background_repeat=&#8221;repeat&#8221; text_orientation=&#8221;justified&#8221; use_border_color=&#8221;off&#8221; border_color=&#8221;#ffffff&#8221; border_style=&#8221;solid&#8221; global_colors_info=&#8221;{}&#8221;]<\/p>\n<h1 class=\"style-scope ytd-watch-metadata\" style=\"text-align: left\"><b><i>Hombres en el siglo XXI. An\u00e1lisis cr\u00edtico de las masculinidades<br \/><\/i><\/b><\/h1>\n<p style=\"text-align: left\">Anastasia T\u00e9llez Infantes<br \/>Javier Eloy Mart\u00ednez Guirrao<br \/>Joan Sanf\u00e9lix Albelda<br \/>(Eds.)<\/p>\n<h6 style=\"text-align: left\"><strong><span style=\"color: #ff0000\">MARTES, 28 DE MAYO DE 2024<\/span><\/strong><\/h6>\n<p>Conferenciantes: Anastasia T\u00e9llez Infantes, Joan Sanf\u00e9lix Albelda, Jorge Cascales Ribera, Beatriz Ranea-Trivi\u00f1o, Coral Herrera G\u00f3mez, Miguel Lorente Acosta, Bakea Alonso Fern\u00e1ndez de Avil\u00e9s, Joaquim Montaner Villalonga, Jes\u00fas Moreno Pizarro, Ritxar Bacete Gonz\u00e1lez, Edurne Aranguren Vigo y Juan Jos\u00e9 Tamayo.<\/p>\n<p>Presenta: Anastasia T\u00e9llez Infantes<\/p>\n<p>Modera: Mar\u00eda Amparo Calabuig Puig<\/p>\n<p>Clausura el Ciclo: Anastasia T\u00e9llez Infantes<\/p>\n<h5 style=\"text-align: left\">\u00a0<\/h5>\n<p>[\/et_pb_text][\/et_pb_column][et_pb_column type=&#8221;2_3&#8243; _builder_version=&#8221;4.16&#8243; custom_padding=&#8221;|||&#8221; global_colors_info=&#8221;{}&#8221; custom_padding__hover=&#8221;|||&#8221;][et_pb_text admin_label=&#8221;HOMBRES SIGLO XXI&#8221; _builder_version=&#8221;4.17.4&#8243; background_size=&#8221;initial&#8221; background_position=&#8221;top_left&#8221; background_repeat=&#8221;repeat&#8221; use_border_color=&#8221;off&#8221; border_color=&#8221;#ffffff&#8221; border_style=&#8221;solid&#8221; global_colors_info=&#8221;{}&#8221;]<\/p>\n<iframe loading=\"lazy\"  id=\"_ytid_25903\"  width=\"800\" height=\"450\"  data-origwidth=\"800\" data-origheight=\"450\" src=\"https:\/\/www.youtube.com\/embed\/p_SI9JHrf0Y?enablejsapi=1&autoplay=0&cc_load_policy=0&cc_lang_pref=&iv_load_policy=1&loop=0&modestbranding=0&rel=1&fs=1&playsinline=0&autohide=2&theme=dark&color=red&controls=1&\" class=\"__youtube_prefs__  no-lazyload\" title=\"YouTube player\"  allow=\"accelerometer; autoplay; clipboard-write; encrypted-media; gyroscope; picture-in-picture\" allowfullscreen data-no-lazy=\"1\" data-skipgform_ajax_framebjll=\"\"><\/iframe>\n<p>[\/et_pb_text][\/et_pb_column][\/et_pb_row][et_pb_row admin_label=&#8221;Fila&#8221; _builder_version=&#8221;4.17.4&#8243; background_size=&#8221;initial&#8221; background_position=&#8221;top_left&#8221; background_repeat=&#8221;repeat&#8221; global_colors_info=&#8221;{}&#8221;][et_pb_column type=&#8221;4_4&#8243; _builder_version=&#8221;4.16&#8243; custom_padding=&#8221;|||&#8221; global_colors_info=&#8221;{}&#8221; custom_padding__hover=&#8221;|||&#8221;][et_pb_divider color=&#8221;#b67ce2&#8243; divider_style=&#8221;dashed&#8221; divider_position=&#8221;center&#8221; divider_weight=&#8221;5&#8243; disabled_on=&#8221;on|on|off&#8221; admin_label=&#8221;Separador&#8221; _builder_version=&#8221;4.16&#8243; hide_on_mobile=&#8221;on&#8221; global_colors_info=&#8221;{}&#8221;][\/et_pb_divider][\/et_pb_column][\/et_pb_row][et_pb_row column_structure=&#8221;1_3,2_3&#8243; admin_label=&#8221;Fila&#8221; _builder_version=&#8221;4.17.4&#8243; background_size=&#8221;initial&#8221; background_position=&#8221;top_left&#8221; background_repeat=&#8221;repeat&#8221; global_colors_info=&#8221;{}&#8221;][et_pb_column type=&#8221;1_3&#8243; _builder_version=&#8221;4.16&#8243; custom_padding=&#8221;|||&#8221; global_colors_info=&#8221;{}&#8221; custom_padding__hover=&#8221;|||&#8221;][et_pb_text admin_label=&#8221;Beatriz Ranea&#8221; _builder_version=&#8221;4.17.4&#8243; background_size=&#8221;initial&#8221; background_position=&#8221;top_left&#8221; background_repeat=&#8221;repeat&#8221; text_orientation=&#8221;justified&#8221; use_border_color=&#8221;off&#8221; border_color=&#8221;#ffffff&#8221; border_style=&#8221;solid&#8221; global_colors_info=&#8221;{}&#8221;]<\/p>\n<h1 class=\"style-scope ytd-watch-metadata\" style=\"text-align: left\"><b><i>Puteros. Hombres, masculinidad y prostituci\u00f3n<br \/><\/i><\/b><\/h1>\n<p style=\"text-align: left\">Beatriz Ranea Trivi\u00f1o<\/p>\n<h6 style=\"text-align: left\"><strong><span style=\"color: #ff0000\">JUEVES, 18 DE ABRIL DE 2024<\/span><\/strong><\/h6>\n<p>Conferenciante: Beatriz Ranea Trivi\u00f1o<\/p>\n<p>Presenta: Mar\u00eda Amparo Calabuig Puig<\/p>\n<p>Modera: Miguel \u00c1ngel Hidalgo Medina<\/p>\n<h5 style=\"text-align: left\">\u00a0<\/h5>\n<p>[\/et_pb_text][\/et_pb_column][et_pb_column type=&#8221;2_3&#8243; _builder_version=&#8221;4.16&#8243; custom_padding=&#8221;|||&#8221; global_colors_info=&#8221;{}&#8221; custom_padding__hover=&#8221;|||&#8221;][et_pb_text admin_label=&#8221;BEATRIZ RANEA&#8221; _builder_version=&#8221;4.17.4&#8243; background_size=&#8221;initial&#8221; background_position=&#8221;top_left&#8221; background_repeat=&#8221;repeat&#8221; use_border_color=&#8221;off&#8221; border_color=&#8221;#ffffff&#8221; border_style=&#8221;solid&#8221; global_colors_info=&#8221;{}&#8221;]<\/p>\n<iframe loading=\"lazy\"  id=\"_ytid_28975\"  width=\"800\" height=\"450\"  data-origwidth=\"800\" data-origheight=\"450\" src=\"https:\/\/www.youtube.com\/embed\/xXnbDGJB4QI?enablejsapi=1&autoplay=0&cc_load_policy=0&cc_lang_pref=&iv_load_policy=1&loop=0&modestbranding=0&rel=1&fs=1&playsinline=0&autohide=2&theme=dark&color=red&controls=1&\" class=\"__youtube_prefs__  no-lazyload\" title=\"YouTube player\"  allow=\"accelerometer; autoplay; clipboard-write; encrypted-media; gyroscope; picture-in-picture\" allowfullscreen data-no-lazy=\"1\" data-skipgform_ajax_framebjll=\"\"><\/iframe>\n<p>[\/et_pb_text][\/et_pb_column][\/et_pb_row][et_pb_row admin_label=&#8221;Fila&#8221; _builder_version=&#8221;4.17.4&#8243; background_size=&#8221;initial&#8221; background_position=&#8221;top_left&#8221; background_repeat=&#8221;repeat&#8221; global_colors_info=&#8221;{}&#8221;][et_pb_column type=&#8221;4_4&#8243; _builder_version=&#8221;4.16&#8243; custom_padding=&#8221;|||&#8221; global_colors_info=&#8221;{}&#8221; custom_padding__hover=&#8221;|||&#8221;][et_pb_divider color=&#8221;#b67ce2&#8243; divider_style=&#8221;dashed&#8221; divider_position=&#8221;center&#8221; divider_weight=&#8221;5&#8243; disabled_on=&#8221;on|on|off&#8221; admin_label=&#8221;Separador&#8221; _builder_version=&#8221;4.16&#8243; hide_on_mobile=&#8221;on&#8221; global_colors_info=&#8221;{}&#8221;][\/et_pb_divider][\/et_pb_column][\/et_pb_row][et_pb_row column_structure=&#8221;1_3,2_3&#8243; admin_label=&#8221;Fila&#8221; _builder_version=&#8221;4.17.4&#8243; background_size=&#8221;initial&#8221; background_position=&#8221;top_left&#8221; background_repeat=&#8221;repeat&#8221; global_colors_info=&#8221;{}&#8221;][et_pb_column type=&#8221;1_3&#8243; _builder_version=&#8221;4.16&#8243; custom_padding=&#8221;|||&#8221; global_colors_info=&#8221;{}&#8221; custom_padding__hover=&#8221;|||&#8221;][et_pb_text admin_label=&#8221;Al\u00ed Siles&#8221; _builder_version=&#8221;4.17.4&#8243; background_size=&#8221;initial&#8221; background_position=&#8221;top_left&#8221; background_repeat=&#8221;repeat&#8221; text_orientation=&#8221;justified&#8221; use_border_color=&#8221;off&#8221; border_color=&#8221;#ffffff&#8221; border_style=&#8221;solid&#8221; global_colors_info=&#8221;{}&#8221;]<\/p>\n<h1 class=\"style-scope ytd-watch-metadata\" style=\"text-align: left\"><b><i>Masculinidades Dobles: hombres, normatividades e identidades religiosas de g\u00e9nero<br \/><\/i><\/b><\/h1>\n<p style=\"text-align: left\">Al\u00ed Siles<\/p>\n<h6 style=\"text-align: left\"><strong><span style=\"color: #ff0000\">MARTES, 5 DE MARZO DE 2024<\/span><\/strong><\/h6>\n<p>Conferenciante: Al\u00ed Siles<\/p>\n<p>Presenta: Mauricio Zabalgoitia<\/p>\n<p>Modera: Amparo Calabuig<\/p>\n<h5 style=\"text-align: left\">\u00a0<\/h5>\n<p>[\/et_pb_text][\/et_pb_column][et_pb_column type=&#8221;2_3&#8243; _builder_version=&#8221;4.16&#8243; custom_padding=&#8221;|||&#8221; global_colors_info=&#8221;{}&#8221; custom_padding__hover=&#8221;|||&#8221;][et_pb_text admin_label=&#8221;ALI SILES&#8221; _builder_version=&#8221;4.17.4&#8243; background_size=&#8221;initial&#8221; background_position=&#8221;top_left&#8221; background_repeat=&#8221;repeat&#8221; use_border_color=&#8221;off&#8221; border_color=&#8221;#ffffff&#8221; border_style=&#8221;solid&#8221; global_colors_info=&#8221;{}&#8221;]<\/p>\n<iframe loading=\"lazy\"  id=\"_ytid_77785\"  width=\"800\" height=\"450\"  data-origwidth=\"800\" data-origheight=\"450\" src=\"https:\/\/www.youtube.com\/embed\/kZ9HWwl6MBY?enablejsapi=1&autoplay=0&cc_load_policy=0&cc_lang_pref=&iv_load_policy=1&loop=0&modestbranding=0&rel=1&fs=1&playsinline=0&autohide=2&theme=dark&color=red&controls=1&\" class=\"__youtube_prefs__  no-lazyload\" title=\"YouTube player\"  allow=\"accelerometer; autoplay; clipboard-write; encrypted-media; gyroscope; picture-in-picture\" allowfullscreen data-no-lazy=\"1\" data-skipgform_ajax_framebjll=\"\"><\/iframe>\n<p>[\/et_pb_text][\/et_pb_column][\/et_pb_row][et_pb_row admin_label=&#8221;Fila&#8221; _builder_version=&#8221;4.17.4&#8243; background_size=&#8221;initial&#8221; background_position=&#8221;top_left&#8221; background_repeat=&#8221;repeat&#8221; global_colors_info=&#8221;{}&#8221;][et_pb_column type=&#8221;4_4&#8243; _builder_version=&#8221;4.16&#8243; custom_padding=&#8221;|||&#8221; global_colors_info=&#8221;{}&#8221; custom_padding__hover=&#8221;|||&#8221;][et_pb_divider color=&#8221;#b67ce2&#8243; divider_style=&#8221;dashed&#8221; divider_position=&#8221;center&#8221; divider_weight=&#8221;5&#8243; disabled_on=&#8221;on|on|off&#8221; admin_label=&#8221;Separador&#8221; _builder_version=&#8221;4.16&#8243; hide_on_mobile=&#8221;on&#8221; global_colors_info=&#8221;{}&#8221;][\/et_pb_divider][\/et_pb_column][\/et_pb_row][et_pb_row column_structure=&#8221;1_3,2_3&#8243; admin_label=&#8221;Fila&#8221; _builder_version=&#8221;4.17.4&#8243; background_size=&#8221;initial&#8221; background_position=&#8221;top_left&#8221; background_repeat=&#8221;repeat&#8221; global_colors_info=&#8221;{}&#8221;][et_pb_column type=&#8221;1_3&#8243; _builder_version=&#8221;4.16&#8243; custom_padding=&#8221;|||&#8221; global_colors_info=&#8221;{}&#8221; custom_padding__hover=&#8221;|||&#8221;][et_pb_text admin_label=&#8221;Miguel Angel Arconada&#8221; _builder_version=&#8221;4.17.4&#8243; background_size=&#8221;initial&#8221; background_position=&#8221;top_left&#8221; background_repeat=&#8221;repeat&#8221; text_orientation=&#8221;justified&#8221; use_border_color=&#8221;off&#8221; border_color=&#8221;#ffffff&#8221; border_style=&#8221;solid&#8221; global_colors_info=&#8221;{}&#8221;]<\/p>\n<h1 class=\"style-scope ytd-watch-metadata\" style=\"text-align: left\"><b><i>La intervenci\u00f3n con hombres. \u00bfPor qu\u00e9, para qu\u00e9 y c\u00f3mo?<br \/><\/i><\/b><\/h1>\n<p style=\"text-align: left\">VV.AA<\/p>\n<h6 style=\"text-align: left\"><strong><span style=\"color: #ff0000\">JUEVES, 15 DE FEBRERO DE 2024<\/span><\/strong><\/h6>\n<p>Conferenciante: Miguel \u00c1ngel Arconada<\/p>\n<p>Presenta: Bakea Alonso Fern\u00e1ndez de Avil\u00e9s<\/p>\n<p>Modera: Amparo Calabuig<\/p>\n<h5 style=\"text-align: left\">\u00a0<\/h5>\n<p>[\/et_pb_text][\/et_pb_column][et_pb_column type=&#8221;2_3&#8243; _builder_version=&#8221;4.16&#8243; custom_padding=&#8221;|||&#8221; global_colors_info=&#8221;{}&#8221; custom_padding__hover=&#8221;|||&#8221;][et_pb_text admin_label=&#8221;MIGUEL ANGEL ARCONADA&#8221; _builder_version=&#8221;4.17.4&#8243; background_size=&#8221;initial&#8221; background_position=&#8221;top_left&#8221; background_repeat=&#8221;repeat&#8221; use_border_color=&#8221;off&#8221; border_color=&#8221;#ffffff&#8221; border_style=&#8221;solid&#8221; global_colors_info=&#8221;{}&#8221;]<\/p>\n<iframe loading=\"lazy\"  id=\"_ytid_38821\"  width=\"800\" height=\"450\"  data-origwidth=\"800\" data-origheight=\"450\" src=\"https:\/\/www.youtube.com\/embed\/RWNuCgIQ7v4?enablejsapi=1&autoplay=0&cc_load_policy=0&cc_lang_pref=&iv_load_policy=1&loop=0&modestbranding=0&rel=1&fs=1&playsinline=0&autohide=2&theme=dark&color=red&controls=1&\" class=\"__youtube_prefs__  no-lazyload\" title=\"YouTube player\"  allow=\"accelerometer; autoplay; clipboard-write; encrypted-media; gyroscope; picture-in-picture\" allowfullscreen data-no-lazy=\"1\" data-skipgform_ajax_framebjll=\"\"><\/iframe>\n<p>[\/et_pb_text][\/et_pb_column][\/et_pb_row][et_pb_row admin_label=&#8221;Fila&#8221; _builder_version=&#8221;4.17.4&#8243; background_size=&#8221;initial&#8221; background_position=&#8221;top_left&#8221; background_repeat=&#8221;repeat&#8221; global_colors_info=&#8221;{}&#8221;][et_pb_column type=&#8221;4_4&#8243; _builder_version=&#8221;4.16&#8243; custom_padding=&#8221;|||&#8221; global_colors_info=&#8221;{}&#8221; custom_padding__hover=&#8221;|||&#8221;][et_pb_divider color=&#8221;#b67ce2&#8243; divider_style=&#8221;dashed&#8221; divider_position=&#8221;center&#8221; divider_weight=&#8221;5&#8243; disabled_on=&#8221;on|on|off&#8221; admin_label=&#8221;Separador&#8221; _builder_version=&#8221;4.16&#8243; hide_on_mobile=&#8221;on&#8221; global_colors_info=&#8221;{}&#8221;][\/et_pb_divider][\/et_pb_column][\/et_pb_row][et_pb_row column_structure=&#8221;1_3,2_3&#8243; admin_label=&#8221;Fila&#8221; _builder_version=&#8221;4.17.4&#8243; background_size=&#8221;initial&#8221; background_position=&#8221;top_left&#8221; background_repeat=&#8221;repeat&#8221; global_colors_info=&#8221;{}&#8221;][et_pb_column type=&#8221;1_3&#8243; _builder_version=&#8221;4.16&#8243; custom_padding=&#8221;|||&#8221; global_colors_info=&#8221;{}&#8221; custom_padding__hover=&#8221;|||&#8221;][et_pb_text admin_label=&#8221;Tatiana Moura&#8221; _builder_version=&#8221;4.17.4&#8243; background_size=&#8221;initial&#8221; background_position=&#8221;top_left&#8221; background_repeat=&#8221;repeat&#8221; text_orientation=&#8221;justified&#8221; use_border_color=&#8221;off&#8221; border_color=&#8221;#ffffff&#8221; border_style=&#8221;solid&#8221; global_colors_info=&#8221;{}&#8221;]<\/p>\n<h1 class=\"style-scope ytd-watch-metadata\" style=\"text-align: left\"><b><i>Rostros invisiveis da violencia armada. Um estudo de caso sobre o Rio de Janeiro<br \/><\/i><\/b><\/h1>\n<p style=\"text-align: left\">Tatiana Moura<\/p>\n<h6 style=\"text-align: left\"><strong><span style=\"color: #ff0000\">JUEVES, 11 DE ENERO DE 2024<\/span><\/strong><\/h6>\n<p>Conferenciante: Tatiana Moura<\/p>\n<p>Presenta: Joan Sanf\u00e8lix<\/p>\n<p>Modera: Amparo Calabuig<\/p>\n<h5 style=\"text-align: left\">\u00a0<\/h5>\n<p>[\/et_pb_text][\/et_pb_column][et_pb_column type=&#8221;2_3&#8243; _builder_version=&#8221;4.16&#8243; custom_padding=&#8221;|||&#8221; global_colors_info=&#8221;{}&#8221; custom_padding__hover=&#8221;|||&#8221;][et_pb_text admin_label=&#8221;TATIANA MOURA&#8221; _builder_version=&#8221;4.17.4&#8243; background_size=&#8221;initial&#8221; background_position=&#8221;top_left&#8221; background_repeat=&#8221;repeat&#8221; use_border_color=&#8221;off&#8221; border_color=&#8221;#ffffff&#8221; border_style=&#8221;solid&#8221; global_colors_info=&#8221;{}&#8221;]<\/p>\n<iframe loading=\"lazy\"  id=\"_ytid_51753\"  width=\"800\" height=\"450\"  data-origwidth=\"800\" data-origheight=\"450\" src=\"https:\/\/www.youtube.com\/embed\/pSpa8gVHFoM?enablejsapi=1&autoplay=0&cc_load_policy=0&cc_lang_pref=&iv_load_policy=1&loop=0&modestbranding=0&rel=1&fs=1&playsinline=0&autohide=2&theme=dark&color=red&controls=1&\" class=\"__youtube_prefs__  no-lazyload\" title=\"YouTube player\"  allow=\"accelerometer; autoplay; clipboard-write; encrypted-media; gyroscope; picture-in-picture\" allowfullscreen data-no-lazy=\"1\" data-skipgform_ajax_framebjll=\"\"><\/iframe>\n<p>[\/et_pb_text][\/et_pb_column][\/et_pb_row][et_pb_row admin_label=&#8221;Fila&#8221; _builder_version=&#8221;4.17.4&#8243; background_size=&#8221;initial&#8221; background_position=&#8221;top_left&#8221; background_repeat=&#8221;repeat&#8221; global_colors_info=&#8221;{}&#8221;][et_pb_column type=&#8221;4_4&#8243; _builder_version=&#8221;4.16&#8243; custom_padding=&#8221;|||&#8221; global_colors_info=&#8221;{}&#8221; custom_padding__hover=&#8221;|||&#8221;][et_pb_divider color=&#8221;#b67ce2&#8243; divider_style=&#8221;dashed&#8221; divider_position=&#8221;center&#8221; divider_weight=&#8221;5&#8243; disabled_on=&#8221;on|on|off&#8221; admin_label=&#8221;Separador&#8221; _builder_version=&#8221;4.16&#8243; hide_on_mobile=&#8221;on&#8221; global_colors_info=&#8221;{}&#8221;][\/et_pb_divider][\/et_pb_column][\/et_pb_row][et_pb_row column_structure=&#8221;1_3,2_3&#8243; admin_label=&#8221;Fila&#8221; _builder_version=&#8221;4.17.4&#8243; background_size=&#8221;initial&#8221; background_position=&#8221;top_left&#8221; background_repeat=&#8221;repeat&#8221; global_colors_info=&#8221;{}&#8221;][et_pb_column type=&#8221;1_3&#8243; _builder_version=&#8221;4.16&#8243; custom_padding=&#8221;|||&#8221; global_colors_info=&#8221;{}&#8221; custom_padding__hover=&#8221;|||&#8221;][et_pb_text admin_label=&#8221;Jes\u00fas Espinosa&#8221; _builder_version=&#8221;4.17.4&#8243; background_size=&#8221;initial&#8221; background_position=&#8221;top_left&#8221; background_repeat=&#8221;repeat&#8221; text_orientation=&#8221;justified&#8221; use_border_color=&#8221;off&#8221; border_color=&#8221;#ffffff&#8221; border_style=&#8221;solid&#8221; global_colors_info=&#8221;{}&#8221;]<\/p>\n<h1 class=\"style-scope ytd-watch-metadata\" style=\"text-align: left\"><b><i>Hombres feministas y masculinidad en la Espa\u00f1a contempor\u00e1nea<br \/><\/i><\/b><\/h1>\n<p style=\"text-align: left\">Jes\u00fas Espinosa<\/p>\n<h6 style=\"text-align: left\"><strong><span style=\"color: #ff0000\">MARTES, 5 DE DICIEMBRE DE 2023<\/span><\/strong><\/h6>\n<p>Conferenciante: Jes\u00fas Espinosa<\/p>\n<p>Presenta: Fernando Herranz<\/p>\n<p>Modera: Amparo Calabuig<\/p>\n<h5 style=\"text-align: left\">\u00a0<\/h5>\n<p>[\/et_pb_text][\/et_pb_column][et_pb_column type=&#8221;2_3&#8243; _builder_version=&#8221;4.16&#8243; custom_padding=&#8221;|||&#8221; global_colors_info=&#8221;{}&#8221; custom_padding__hover=&#8221;|||&#8221;][et_pb_text admin_label=&#8221;JES\u00daS ESPINOSA&#8221; _builder_version=&#8221;4.17.4&#8243; background_size=&#8221;initial&#8221; background_position=&#8221;top_left&#8221; background_repeat=&#8221;repeat&#8221; use_border_color=&#8221;off&#8221; border_color=&#8221;#ffffff&#8221; border_style=&#8221;solid&#8221; global_colors_info=&#8221;{}&#8221;]<\/p>\n<iframe loading=\"lazy\"  id=\"_ytid_73587\"  width=\"800\" height=\"450\"  data-origwidth=\"800\" data-origheight=\"450\" src=\"https:\/\/www.youtube.com\/embed\/5Ur9muTJw3E?enablejsapi=1&autoplay=0&cc_load_policy=0&cc_lang_pref=&iv_load_policy=1&loop=0&modestbranding=0&rel=1&fs=1&playsinline=0&autohide=2&theme=dark&color=red&controls=1&\" class=\"__youtube_prefs__  no-lazyload\" title=\"YouTube player\"  allow=\"accelerometer; autoplay; clipboard-write; encrypted-media; gyroscope; picture-in-picture\" allowfullscreen data-no-lazy=\"1\" data-skipgform_ajax_framebjll=\"\"><\/iframe>\n<p>[\/et_pb_text][\/et_pb_column][\/et_pb_row][et_pb_row admin_label=&#8221;Fila&#8221; _builder_version=&#8221;4.17.4&#8243; background_size=&#8221;initial&#8221; background_position=&#8221;top_left&#8221; background_repeat=&#8221;repeat&#8221; global_colors_info=&#8221;{}&#8221;][et_pb_column type=&#8221;4_4&#8243; _builder_version=&#8221;4.16&#8243; custom_padding=&#8221;|||&#8221; global_colors_info=&#8221;{}&#8221; custom_padding__hover=&#8221;|||&#8221;][et_pb_divider color=&#8221;#b67ce2&#8243; divider_style=&#8221;dashed&#8221; divider_position=&#8221;center&#8221; divider_weight=&#8221;5&#8243; disabled_on=&#8221;on|on|off&#8221; admin_label=&#8221;Separador&#8221; _builder_version=&#8221;4.16&#8243; hide_on_mobile=&#8221;on&#8221; global_colors_info=&#8221;{}&#8221;][\/et_pb_divider][\/et_pb_column][\/et_pb_row][et_pb_row column_structure=&#8221;1_3,2_3&#8243; admin_label=&#8221;Fila&#8221; _builder_version=&#8221;4.17.4&#8243; background_size=&#8221;initial&#8221; background_position=&#8221;top_left&#8221; background_repeat=&#8221;repeat&#8221; global_colors_info=&#8221;{}&#8221;][et_pb_column type=&#8221;1_3&#8243; _builder_version=&#8221;4.16&#8243; custom_padding=&#8221;|||&#8221; global_colors_info=&#8221;{}&#8221; custom_padding__hover=&#8221;|||&#8221;][et_pb_text admin_label=&#8221;MONICA ALARIO&#8221; _builder_version=&#8221;4.17.4&#8243; background_size=&#8221;initial&#8221; background_position=&#8221;top_left&#8221; background_repeat=&#8221;repeat&#8221; text_orientation=&#8221;justified&#8221; use_border_color=&#8221;off&#8221; border_color=&#8221;#ffffff&#8221; border_style=&#8221;solid&#8221; global_colors_info=&#8221;{}&#8221;]<\/p>\n<h1 class=\"style-scope ytd-watch-metadata\" style=\"text-align: left\"><b><i>Pol\u00edtica Sexual de la pornograf\u00eda: sexo, desigualdad, violencia<br \/><\/i><\/b><\/h1>\n<p style=\"text-align: left\">M\u00f3nica Alario<\/p>\n<h6 style=\"text-align: left\"><strong><span style=\"color: #ff0000\">JUEVES, 16 DE NOVIEMBRE DE 2023<\/span><\/strong><\/h6>\n<p>Conferenciante: M\u00f3nica Alario<\/p>\n<p>Presenta: Jorge Cascales<\/p>\n<p>Modera: Amparo Calabuig<\/p>\n<h5 style=\"text-align: left\">\u00a0<\/h5>\n<p>[\/et_pb_text][\/et_pb_column][et_pb_column type=&#8221;2_3&#8243; _builder_version=&#8221;4.16&#8243; custom_padding=&#8221;|||&#8221; global_colors_info=&#8221;{}&#8221; custom_padding__hover=&#8221;|||&#8221;][et_pb_text admin_label=&#8221;MONICA ALARIO&#8221; _builder_version=&#8221;4.17.4&#8243; background_size=&#8221;initial&#8221; background_position=&#8221;top_left&#8221; background_repeat=&#8221;repeat&#8221; use_border_color=&#8221;off&#8221; border_color=&#8221;#ffffff&#8221; border_style=&#8221;solid&#8221; global_colors_info=&#8221;{}&#8221;]<\/p>\n<iframe loading=\"lazy\"  id=\"_ytid_29059\"  width=\"800\" height=\"450\"  data-origwidth=\"800\" data-origheight=\"450\" src=\"https:\/\/www.youtube.com\/embed\/wkK0CrKp2oQ?enablejsapi=1&autoplay=0&cc_load_policy=0&cc_lang_pref=&iv_load_policy=1&loop=0&modestbranding=0&rel=1&fs=1&playsinline=0&autohide=2&theme=dark&color=red&controls=1&\" class=\"__youtube_prefs__  no-lazyload\" title=\"YouTube player\"  allow=\"accelerometer; autoplay; clipboard-write; encrypted-media; gyroscope; picture-in-picture\" allowfullscreen data-no-lazy=\"1\" data-skipgform_ajax_framebjll=\"\"><\/iframe>\n<p>[\/et_pb_text][\/et_pb_column][\/et_pb_row][et_pb_row admin_label=&#8221;Fila&#8221; _builder_version=&#8221;4.17.4&#8243; background_size=&#8221;initial&#8221; background_position=&#8221;top_left&#8221; background_repeat=&#8221;repeat&#8221; global_colors_info=&#8221;{}&#8221;][et_pb_column type=&#8221;4_4&#8243; _builder_version=&#8221;4.16&#8243; custom_padding=&#8221;|||&#8221; global_colors_info=&#8221;{}&#8221; custom_padding__hover=&#8221;|||&#8221;][et_pb_divider color=&#8221;#b67ce2&#8243; divider_style=&#8221;dashed&#8221; divider_position=&#8221;center&#8221; divider_weight=&#8221;5&#8243; disabled_on=&#8221;on|on|off&#8221; admin_label=&#8221;Separador&#8221; _builder_version=&#8221;4.16&#8243; hide_on_mobile=&#8221;on&#8221; global_colors_info=&#8221;{}&#8221;][\/et_pb_divider][\/et_pb_column][\/et_pb_row][et_pb_row column_structure=&#8221;1_3,2_3&#8243; admin_label=&#8221;Fila&#8221; _builder_version=&#8221;4.17.4&#8243; background_size=&#8221;initial&#8221; background_position=&#8221;top_left&#8221; background_repeat=&#8221;repeat&#8221; global_colors_info=&#8221;{}&#8221;][et_pb_column type=&#8221;1_3&#8243; _builder_version=&#8221;4.16&#8243; custom_padding=&#8221;|||&#8221; global_colors_info=&#8221;{}&#8221; custom_padding__hover=&#8221;|||&#8221;][et_pb_text admin_label=&#8221;Octavio Salazar&#8221; _builder_version=&#8221;4.17.4&#8243; background_size=&#8221;initial&#8221; background_position=&#8221;top_left&#8221; background_repeat=&#8221;repeat&#8221; text_orientation=&#8221;justified&#8221; use_border_color=&#8221;off&#8221; border_color=&#8221;#ffffff&#8221; border_style=&#8221;solid&#8221; global_colors_info=&#8221;{}&#8221;]<\/p>\n<h1 class=\"style-scope ytd-watch-metadata\" style=\"text-align: left\"><b><i>John Wayne que est\u00e1s en los cielos<\/i><\/b><\/h1>\n<p style=\"text-align: left\">Octavio Salazar<\/p>\n<h6 style=\"text-align: left\"><strong><span style=\"color: #ff0000\">MARTES, 31 DE OCTUBRE DE 2023<\/span><\/strong><\/h6>\n<p>Conferenciante: Octavio Salazar<\/p>\n<p>Presenta: Mercedes de Pablos<\/p>\n<p>Inaugura y modera: Jorge Cascales<\/p>\n<h5 style=\"text-align: left\">\u00a0<\/h5>\n<p>[\/et_pb_text][\/et_pb_column][et_pb_column type=&#8221;2_3&#8243; _builder_version=&#8221;4.16&#8243; custom_padding=&#8221;|||&#8221; global_colors_info=&#8221;{}&#8221; custom_padding__hover=&#8221;|||&#8221;][et_pb_text admin_label=&#8221;John Wayne&#8221; _builder_version=&#8221;4.17.4&#8243; background_size=&#8221;initial&#8221; background_position=&#8221;top_left&#8221; background_repeat=&#8221;repeat&#8221; use_border_color=&#8221;off&#8221; border_color=&#8221;#ffffff&#8221; border_style=&#8221;solid&#8221; global_colors_info=&#8221;{}&#8221;]<\/p>\n<iframe loading=\"lazy\"  id=\"_ytid_88839\"  width=\"800\" height=\"450\"  data-origwidth=\"800\" data-origheight=\"450\" src=\"https:\/\/www.youtube.com\/embed\/E3ZJperNL9E?enablejsapi=1&autoplay=0&cc_load_policy=0&cc_lang_pref=&iv_load_policy=1&loop=0&modestbranding=0&rel=1&fs=1&playsinline=0&autohide=2&theme=dark&color=red&controls=1&\" class=\"__youtube_prefs__  no-lazyload\" title=\"YouTube player\"  allow=\"accelerometer; autoplay; clipboard-write; encrypted-media; gyroscope; picture-in-picture\" allowfullscreen data-no-lazy=\"1\" data-skipgform_ajax_framebjll=\"\"><\/iframe>\n<p>[\/et_pb_text][\/et_pb_column][\/et_pb_row][et_pb_row admin_label=&#8221;Fila&#8221; _builder_version=&#8221;4.17.4&#8243; background_size=&#8221;initial&#8221; background_position=&#8221;top_left&#8221; background_repeat=&#8221;repeat&#8221; global_colors_info=&#8221;{}&#8221;][et_pb_column type=&#8221;4_4&#8243; _builder_version=&#8221;4.16&#8243; custom_padding=&#8221;|||&#8221; global_colors_info=&#8221;{}&#8221; custom_padding__hover=&#8221;|||&#8221;][et_pb_divider color=&#8221;#b67ce2&#8243; divider_style=&#8221;dashed&#8221; divider_position=&#8221;center&#8221; divider_weight=&#8221;5&#8243; disabled_on=&#8221;on|on|off&#8221; admin_label=&#8221;III CONVERSATORIO&#8221; _builder_version=&#8221;4.16&#8243; hide_on_mobile=&#8221;on&#8221; global_colors_info=&#8221;{}&#8221;][\/et_pb_divider][\/et_pb_column][\/et_pb_row][et_pb_row _builder_version=&#8221;4.17.4&#8243; _module_preset=&#8221;default&#8221; global_colors_info=&#8221;{}&#8221;][et_pb_column type=&#8221;4_4&#8243; _builder_version=&#8221;4.17.4&#8243; _module_preset=&#8221;default&#8221; global_colors_info=&#8221;{}&#8221;][et_pb_text _builder_version=&#8221;4.17.4&#8243; _module_preset=&#8221;default&#8221; global_colors_info=&#8221;{}&#8221;]<\/p>\n<h4 style=\"text-align: center\"><strong>III SEMINARIOS CONVERSATORIOS. A\u00d1O 2022-2023<\/strong><\/h4>\n<p>[\/et_pb_text][\/et_pb_column][\/et_pb_row][et_pb_row admin_label=&#8221;Fila&#8221; _builder_version=&#8221;4.17.4&#8243; background_size=&#8221;initial&#8221; background_position=&#8221;top_left&#8221; background_repeat=&#8221;repeat&#8221; global_colors_info=&#8221;{}&#8221;][et_pb_column type=&#8221;4_4&#8243; _builder_version=&#8221;4.16&#8243; custom_padding=&#8221;|||&#8221; global_colors_info=&#8221;{}&#8221; custom_padding__hover=&#8221;|||&#8221;][et_pb_divider color=&#8221;#b67ce2&#8243; divider_style=&#8221;dashed&#8221; divider_position=&#8221;center&#8221; divider_weight=&#8221;5&#8243; disabled_on=&#8221;on|on|off&#8221; admin_label=&#8221;Separador&#8221; _builder_version=&#8221;4.16&#8243; hide_on_mobile=&#8221;on&#8221; global_colors_info=&#8221;{}&#8221;][\/et_pb_divider][\/et_pb_column][\/et_pb_row][et_pb_row column_structure=&#8221;1_3,2_3&#8243; admin_label=&#8221;Fila&#8221; _builder_version=&#8221;4.17.4&#8243; background_size=&#8221;initial&#8221; background_position=&#8221;top_left&#8221; background_repeat=&#8221;repeat&#8221; global_colors_info=&#8221;{}&#8221;][et_pb_column type=&#8221;1_3&#8243; _builder_version=&#8221;4.16&#8243; custom_padding=&#8221;|||&#8221; global_colors_info=&#8221;{}&#8221; custom_padding__hover=&#8221;|||&#8221;][et_pb_text admin_label=&#8221;Bakea Alonso&#8221; _builder_version=&#8221;4.17.4&#8243; background_size=&#8221;initial&#8221; background_position=&#8221;top_left&#8221; background_repeat=&#8221;repeat&#8221; text_orientation=&#8221;justified&#8221; use_border_color=&#8221;off&#8221; border_color=&#8221;#ffffff&#8221; border_style=&#8221;solid&#8221; global_colors_info=&#8221;{}&#8221;]<\/p>\n<h1 class=\"style-scope ytd-watch-metadata\" style=\"text-align: left\"><strong><em>Hombres, masculinidad(es) e igualdad, 2022<\/em><\/strong><\/h1>\n<p>&nbsp;<\/p>\n<p style=\"text-align: left\">Bakea Alonso<\/p>\n<h6 style=\"text-align: left\"><strong><span style=\"color: #ff0000\">MARTES, 16 DE MAYO DE 2023<\/span><\/strong><\/h6>\n<p style=\"text-align: left\">Presenta:\u00a0 Hilario S\u00e1ez<\/p>\n<p>Modera: Alejandro Luz<\/p>\n<p style=\"text-align: left\">Conferencia: Bakea Alonso<\/p>\n<h5 style=\"text-align: left\">\u00a0<\/h5>\n<p>[\/et_pb_text][\/et_pb_column][et_pb_column type=&#8221;2_3&#8243; _builder_version=&#8221;4.16&#8243; custom_padding=&#8221;|||&#8221; global_colors_info=&#8221;{}&#8221; custom_padding__hover=&#8221;|||&#8221;][et_pb_text admin_label=&#8221;Reescrituras de la masculinidad&#8221; _builder_version=&#8221;4.17.4&#8243; background_size=&#8221;initial&#8221; background_position=&#8221;top_left&#8221; background_repeat=&#8221;repeat&#8221; use_border_color=&#8221;off&#8221; border_color=&#8221;#ffffff&#8221; border_style=&#8221;solid&#8221; global_colors_info=&#8221;{}&#8221;]<\/p>\n<iframe loading=\"lazy\"  id=\"_ytid_57323\"  width=\"800\" height=\"450\"  data-origwidth=\"800\" data-origheight=\"450\" src=\"https:\/\/www.youtube.com\/embed\/SxmvV81Jfd0?enablejsapi=1&autoplay=0&cc_load_policy=0&cc_lang_pref=&iv_load_policy=1&loop=0&modestbranding=0&rel=1&fs=1&playsinline=0&autohide=2&theme=dark&color=red&controls=1&\" class=\"__youtube_prefs__  no-lazyload\" title=\"YouTube player\"  allow=\"accelerometer; autoplay; clipboard-write; encrypted-media; gyroscope; picture-in-picture\" allowfullscreen data-no-lazy=\"1\" data-skipgform_ajax_framebjll=\"\"><\/iframe>\n<p>[\/et_pb_text][\/et_pb_column][\/et_pb_row][et_pb_row admin_label=&#8221;Fila&#8221; _builder_version=&#8221;4.17.4&#8243; background_size=&#8221;initial&#8221; background_position=&#8221;top_left&#8221; background_repeat=&#8221;repeat&#8221; global_colors_info=&#8221;{}&#8221;][et_pb_column type=&#8221;4_4&#8243; _builder_version=&#8221;4.16&#8243; custom_padding=&#8221;|||&#8221; global_colors_info=&#8221;{}&#8221; custom_padding__hover=&#8221;|||&#8221;][et_pb_divider color=&#8221;#b67ce2&#8243; divider_style=&#8221;dashed&#8221; divider_position=&#8221;center&#8221; divider_weight=&#8221;5&#8243; disabled_on=&#8221;on|on|off&#8221; admin_label=&#8221;Separador&#8221; _builder_version=&#8221;4.16&#8243; hide_on_mobile=&#8221;on&#8221; global_colors_info=&#8221;{}&#8221;][\/et_pb_divider][\/et_pb_column][\/et_pb_row][et_pb_row column_structure=&#8221;1_3,2_3&#8243; admin_label=&#8221;Fila&#8221; _builder_version=&#8221;4.17.4&#8243; background_size=&#8221;initial&#8221; background_position=&#8221;top_left&#8221; background_repeat=&#8221;repeat&#8221; global_colors_info=&#8221;{}&#8221;][et_pb_column type=&#8221;1_3&#8243; _builder_version=&#8221;4.16&#8243; custom_padding=&#8221;|||&#8221; global_colors_info=&#8221;{}&#8221; custom_padding__hover=&#8221;|||&#8221;][et_pb_text admin_label=&#8221;Norma Fuller&#8221; _builder_version=&#8221;4.17.4&#8243; background_size=&#8221;initial&#8221; background_position=&#8221;top_left&#8221; background_repeat=&#8221;repeat&#8221; text_orientation=&#8221;justified&#8221; use_border_color=&#8221;off&#8221; border_color=&#8221;#ffffff&#8221; border_style=&#8221;solid&#8221; global_colors_info=&#8221;{}&#8221;]<\/p>\n<h1 class=\"style-scope ytd-watch-metadata\" style=\"text-align: left\"><strong><em>Dif\u00edcil ser hombre: Nuevas masculinidades latinoamericanas<\/em><\/strong><\/h1>\n<p>&nbsp;<\/p>\n<p style=\"text-align: left\">Norma Fuller<\/p>\n<h6 style=\"text-align: left\"><strong><span style=\"color: #ff0000\">MARTES, 4 DE ABRIL DE 2023<\/span><\/strong><\/h6>\n<p style=\"text-align: left\">Presenta:\u00a0 Pedro Ventura<\/p>\n<p>Modera: Pamela Carrasco<\/p>\n<p style=\"text-align: left\">Conferencia: Norma Fuller<\/p>\n<h5 style=\"text-align: left\">\u00a0<\/h5>\n<p>[\/et_pb_text][\/et_pb_column][et_pb_column type=&#8221;2_3&#8243; _builder_version=&#8221;4.16&#8243; custom_padding=&#8221;|||&#8221; global_colors_info=&#8221;{}&#8221; custom_padding__hover=&#8221;|||&#8221;][et_pb_text admin_label=&#8221;Reescrituras de la masculinidad&#8221; _builder_version=&#8221;4.17.4&#8243; background_size=&#8221;initial&#8221; background_position=&#8221;top_left&#8221; background_repeat=&#8221;repeat&#8221; use_border_color=&#8221;off&#8221; border_color=&#8221;#ffffff&#8221; border_style=&#8221;solid&#8221; global_colors_info=&#8221;{}&#8221;]<\/p>\n<iframe loading=\"lazy\"  id=\"_ytid_68194\"  width=\"800\" height=\"450\"  data-origwidth=\"800\" data-origheight=\"450\" src=\"https:\/\/www.youtube.com\/embed\/5HqSbagkT8Q?enablejsapi=1&autoplay=0&cc_load_policy=0&cc_lang_pref=&iv_load_policy=1&loop=0&modestbranding=0&rel=1&fs=1&playsinline=0&autohide=2&theme=dark&color=red&controls=1&\" class=\"__youtube_prefs__  no-lazyload\" title=\"YouTube player\"  allow=\"accelerometer; autoplay; clipboard-write; encrypted-media; gyroscope; picture-in-picture\" allowfullscreen data-no-lazy=\"1\" data-skipgform_ajax_framebjll=\"\"><\/iframe>\n<p>[\/et_pb_text][\/et_pb_column][\/et_pb_row][et_pb_row admin_label=&#8221;Fila&#8221; _builder_version=&#8221;4.17.4&#8243; background_size=&#8221;initial&#8221; background_position=&#8221;top_left&#8221; background_repeat=&#8221;repeat&#8221; global_colors_info=&#8221;{}&#8221;][et_pb_column type=&#8221;4_4&#8243; _builder_version=&#8221;4.16&#8243; custom_padding=&#8221;|||&#8221; global_colors_info=&#8221;{}&#8221; custom_padding__hover=&#8221;|||&#8221;][et_pb_divider color=&#8221;#b67ce2&#8243; divider_style=&#8221;dashed&#8221; divider_position=&#8221;center&#8221; divider_weight=&#8221;5&#8243; disabled_on=&#8221;on|on|off&#8221; admin_label=&#8221;Separador&#8221; _builder_version=&#8221;4.16&#8243; hide_on_mobile=&#8221;on&#8221; global_colors_info=&#8221;{}&#8221;][\/et_pb_divider][\/et_pb_column][\/et_pb_row][et_pb_row column_structure=&#8221;1_3,2_3&#8243; admin_label=&#8221;Fila&#8221; _builder_version=&#8221;4.17.4&#8243; background_size=&#8221;initial&#8221; background_position=&#8221;top_left&#8221; background_repeat=&#8221;repeat&#8221; global_colors_info=&#8221;{}&#8221;][et_pb_column type=&#8221;1_3&#8243; _builder_version=&#8221;4.16&#8243; custom_padding=&#8221;|||&#8221; global_colors_info=&#8221;{}&#8221; custom_padding__hover=&#8221;|||&#8221;][et_pb_text admin_label=&#8221;Nuestros cuerpos&#8221; _builder_version=&#8221;4.17.4&#8243; background_size=&#8221;initial&#8221; background_position=&#8221;top_left&#8221; background_repeat=&#8221;repeat&#8221; text_orientation=&#8221;justified&#8221; use_border_color=&#8221;off&#8221; border_color=&#8221;#ffffff&#8221; border_style=&#8221;solid&#8221; global_colors_info=&#8221;{}&#8221;]<\/p>\n<h1 class=\"style-scope ytd-watch-metadata\" style=\"text-align: left\"><strong><em>Nuestros cuerpos, nuestras vidas. Un acercamiento a la violencia sexual en la juventud (2022)<\/em><\/strong><\/h1>\n<p>&nbsp;<\/p>\n<p style=\"text-align: left\">Carmen Ruiz Repullo<\/p>\n<h6 style=\"text-align: left\"><strong><span style=\"color: #ff0000\">MARTES, 21 DE MARZO DE 2023<\/span><\/strong><\/h6>\n<p style=\"text-align: left\">Presenta: \u00a0Joaquim Montaner<\/p>\n<p>Modera: Miguel \u00c1ngel Arconada<\/p>\n<p style=\"text-align: left\">Conferencia: Carmen Ruiz Repullo<\/p>\n<h5 style=\"text-align: left\">\u00a0<\/h5>\n<p>[\/et_pb_text][\/et_pb_column][et_pb_column type=&#8221;2_3&#8243; _builder_version=&#8221;4.16&#8243; custom_padding=&#8221;|||&#8221; global_colors_info=&#8221;{}&#8221; custom_padding__hover=&#8221;|||&#8221;][et_pb_text admin_label=&#8221;Reescrituras de la masculinidad&#8221; _builder_version=&#8221;4.17.4&#8243; background_size=&#8221;initial&#8221; background_position=&#8221;top_left&#8221; background_repeat=&#8221;repeat&#8221; use_border_color=&#8221;off&#8221; border_color=&#8221;#ffffff&#8221; border_style=&#8221;solid&#8221; global_colors_info=&#8221;{}&#8221;]<\/p>\n<iframe loading=\"lazy\"  id=\"_ytid_97363\"  width=\"800\" height=\"450\"  data-origwidth=\"800\" data-origheight=\"450\" src=\"https:\/\/www.youtube.com\/embed\/InGydLYwMdE?enablejsapi=1&autoplay=0&cc_load_policy=0&cc_lang_pref=&iv_load_policy=1&loop=0&modestbranding=0&rel=1&fs=1&playsinline=0&autohide=2&theme=dark&color=red&controls=1&\" class=\"__youtube_prefs__  no-lazyload\" title=\"YouTube player\"  allow=\"accelerometer; autoplay; clipboard-write; encrypted-media; gyroscope; picture-in-picture\" allowfullscreen data-no-lazy=\"1\" data-skipgform_ajax_framebjll=\"\"><\/iframe>\n<p>[\/et_pb_text][\/et_pb_column][\/et_pb_row][et_pb_row admin_label=&#8221;Fila&#8221; _builder_version=&#8221;4.17.4&#8243; background_size=&#8221;initial&#8221; background_position=&#8221;top_left&#8221; background_repeat=&#8221;repeat&#8221; global_colors_info=&#8221;{}&#8221;][et_pb_column type=&#8221;4_4&#8243; _builder_version=&#8221;4.16&#8243; custom_padding=&#8221;|||&#8221; global_colors_info=&#8221;{}&#8221; custom_padding__hover=&#8221;|||&#8221;][et_pb_divider color=&#8221;#b67ce2&#8243; divider_style=&#8221;dashed&#8221; divider_position=&#8221;center&#8221; divider_weight=&#8221;5&#8243; disabled_on=&#8221;on|on|off&#8221; admin_label=&#8221;Separador&#8221; _builder_version=&#8221;4.16&#8243; hide_on_mobile=&#8221;on&#8221; global_colors_info=&#8221;{}&#8221;][\/et_pb_divider][\/et_pb_column][\/et_pb_row][et_pb_row column_structure=&#8221;1_3,2_3&#8243; admin_label=&#8221;Fila&#8221; _builder_version=&#8221;4.17.4&#8243; background_size=&#8221;initial&#8221; background_position=&#8221;top_left&#8221; background_repeat=&#8221;repeat&#8221; global_colors_info=&#8221;{}&#8221;][et_pb_column type=&#8221;1_3&#8243; _builder_version=&#8221;4.16&#8243; custom_padding=&#8221;|||&#8221; global_colors_info=&#8221;{}&#8221; custom_padding__hover=&#8221;|||&#8221;][et_pb_text admin_label=&#8221;Pedagog\u00eda Antifascista&#8221; _builder_version=&#8221;4.17.4&#8243; background_size=&#8221;initial&#8221; background_position=&#8221;top_left&#8221; background_repeat=&#8221;repeat&#8221; text_orientation=&#8221;justified&#8221; use_border_color=&#8221;off&#8221; border_color=&#8221;#ffffff&#8221; border_style=&#8221;solid&#8221; global_colors_info=&#8221;{}&#8221;]<\/p>\n<h1 class=\"style-scope ytd-watch-metadata\" style=\"text-align: left\"><strong><em>Pedagog\u00eda antifascista. Construir una pedagog\u00eda inclusiva, democr\u00e1tica y del bien com\u00fan frente al auge del fascismo y la xenofobia (2022)<\/em><\/strong><\/h1>\n<p>&nbsp;<\/p>\n<p style=\"text-align: left\">Enrique Javier D\u00edez Guti\u00e9rrez<\/p>\n<h6 style=\"text-align: left\"><strong><span style=\"color: #ff0000\">MARTES, 7 DE FEBRERO DE 2023<\/span><\/strong><\/h6>\n<p style=\"text-align: left\">Presenta: \u00a0Vicent Bellver<\/p>\n<p>Modera: Jos\u00e9 Vicente Vizcaya<\/p>\n<p style=\"text-align: left\">Conferencia: Enrique Javier D\u00edez Guti\u00e9rrez<\/p>\n<p style=\"text-align: left\">\n<h5 style=\"text-align: left\">\u00a0<\/h5>\n<p>[\/et_pb_text][\/et_pb_column][et_pb_column type=&#8221;2_3&#8243; _builder_version=&#8221;4.16&#8243; custom_padding=&#8221;|||&#8221; global_colors_info=&#8221;{}&#8221; custom_padding__hover=&#8221;|||&#8221;][et_pb_text admin_label=&#8221;Reescrituras de la masculinidad&#8221; _builder_version=&#8221;4.17.4&#8243; background_size=&#8221;initial&#8221; background_position=&#8221;top_left&#8221; background_repeat=&#8221;repeat&#8221; use_border_color=&#8221;off&#8221; border_color=&#8221;#ffffff&#8221; border_style=&#8221;solid&#8221; global_colors_info=&#8221;{}&#8221;]<\/p>\n<iframe loading=\"lazy\"  id=\"_ytid_77395\"  width=\"800\" height=\"450\"  data-origwidth=\"800\" data-origheight=\"450\" src=\"https:\/\/www.youtube.com\/embed\/tKtxtdgcDEU?enablejsapi=1&autoplay=0&cc_load_policy=0&cc_lang_pref=&iv_load_policy=1&loop=0&modestbranding=0&rel=1&fs=1&playsinline=0&autohide=2&theme=dark&color=red&controls=1&\" class=\"__youtube_prefs__  no-lazyload\" title=\"YouTube player\"  allow=\"accelerometer; autoplay; clipboard-write; encrypted-media; gyroscope; picture-in-picture\" allowfullscreen data-no-lazy=\"1\" data-skipgform_ajax_framebjll=\"\"><\/iframe>\n<p>[\/et_pb_text][\/et_pb_column][\/et_pb_row][et_pb_row admin_label=&#8221;Fila&#8221; _builder_version=&#8221;4.16&#8243; background_size=&#8221;initial&#8221; background_position=&#8221;top_left&#8221; background_repeat=&#8221;repeat&#8221; global_colors_info=&#8221;{}&#8221;][et_pb_column type=&#8221;4_4&#8243; _builder_version=&#8221;4.16&#8243; custom_padding=&#8221;|||&#8221; global_colors_info=&#8221;{}&#8221; custom_padding__hover=&#8221;|||&#8221;][et_pb_divider color=&#8221;#b67ce2&#8243; divider_style=&#8221;dashed&#8221; divider_position=&#8221;center&#8221; divider_weight=&#8221;5&#8243; disabled_on=&#8221;on|on|off&#8221; admin_label=&#8221;Separador&#8221; _builder_version=&#8221;4.16&#8243; hide_on_mobile=&#8221;on&#8221; global_colors_info=&#8221;{}&#8221;][\/et_pb_divider][\/et_pb_column][\/et_pb_row][et_pb_row column_structure=&#8221;1_3,2_3&#8243; admin_label=&#8221;Fila&#8221; _builder_version=&#8221;4.16&#8243; background_size=&#8221;initial&#8221; background_position=&#8221;top_left&#8221; background_repeat=&#8221;repeat&#8221; global_colors_info=&#8221;{}&#8221;][et_pb_column type=&#8221;1_3&#8243; _builder_version=&#8221;4.16&#8243; custom_padding=&#8221;|||&#8221; global_colors_info=&#8221;{}&#8221; custom_padding__hover=&#8221;|||&#8221;][et_pb_text admin_label=&#8221;Reescrituras de la masculinidad&#8221; _builder_version=&#8221;4.17.4&#8243; background_size=&#8221;initial&#8221; background_position=&#8221;top_left&#8221; background_repeat=&#8221;repeat&#8221; text_orientation=&#8221;justified&#8221; use_border_color=&#8221;off&#8221; border_color=&#8221;#ffffff&#8221; border_style=&#8221;solid&#8221; global_colors_info=&#8221;{}&#8221;]<\/p>\n<h1 class=\"style-scope ytd-watch-metadata\" style=\"text-align: left\"><strong><em>Reescrituras de la masculinidad<\/em><\/strong><\/h1>\n<p style=\"text-align: left\">Josep Mar\u00eda Armengol, 2022<\/p>\n<h6 style=\"text-align: left\"><strong><span style=\"color: #ff0000\">MARTES, 24 DE ENERO DE 2023<\/span><\/strong><\/h6>\n<p style=\"text-align: left\">Presenta: Joaquim Montaner y Jorge Cascales<\/p>\n<p style=\"text-align: left\">Conferencia: Josep Mar\u00eda Armengol<\/p>\n<p style=\"text-align: left\">Inaugura: Anastasia T\u00e9llez<\/p>\n<h5 style=\"text-align: left\">\u00a0<\/h5>\n<p>[\/et_pb_text][\/et_pb_column][et_pb_column type=&#8221;2_3&#8243; _builder_version=&#8221;4.16&#8243; custom_padding=&#8221;|||&#8221; global_colors_info=&#8221;{}&#8221; custom_padding__hover=&#8221;|||&#8221;][et_pb_text admin_label=&#8221;La Masculinidad Incomodada&#8221; _builder_version=&#8221;4.17.4&#8243; background_size=&#8221;initial&#8221; background_position=&#8221;top_left&#8221; background_repeat=&#8221;repeat&#8221; use_border_color=&#8221;off&#8221; border_color=&#8221;#ffffff&#8221; border_style=&#8221;solid&#8221; global_colors_info=&#8221;{}&#8221;]<\/p>\n<iframe loading=\"lazy\"  id=\"_ytid_97424\"  width=\"800\" height=\"450\"  data-origwidth=\"800\" data-origheight=\"450\" src=\"https:\/\/www.youtube.com\/embed\/y84nEMV4Drc?enablejsapi=1&autoplay=0&cc_load_policy=0&cc_lang_pref=&iv_load_policy=1&loop=0&modestbranding=0&rel=1&fs=1&playsinline=0&autohide=2&theme=dark&color=red&controls=1&\" class=\"__youtube_prefs__  no-lazyload\" title=\"YouTube player\"  allow=\"accelerometer; autoplay; clipboard-write; encrypted-media; gyroscope; picture-in-picture\" allowfullscreen data-no-lazy=\"1\" data-skipgform_ajax_framebjll=\"\"><\/iframe>\n<p>[\/et_pb_text][\/et_pb_column][\/et_pb_row][\/et_pb_section][et_pb_section fb_built=&#8221;1&#8243; admin_label=&#8221;Secci\u00f3n&#8221; _builder_version=&#8221;4.16&#8243; global_colors_info=&#8221;{}&#8221;][et_pb_row admin_label=&#8221;Fila&#8221; _builder_version=&#8221;4.16&#8243; background_size=&#8221;initial&#8221; background_position=&#8221;top_left&#8221; background_repeat=&#8221;repeat&#8221; global_colors_info=&#8221;{}&#8221;][et_pb_column type=&#8221;4_4&#8243; _builder_version=&#8221;4.16&#8243; custom_padding=&#8221;|||&#8221; global_colors_info=&#8221;{}&#8221; custom_padding__hover=&#8221;|||&#8221;][et_pb_divider color=&#8221;#b67ce2&#8243; divider_style=&#8221;dashed&#8221; divider_position=&#8221;center&#8221; divider_weight=&#8221;5&#8243; disabled_on=&#8221;on|on|off&#8221; admin_label=&#8221;Separador&#8221; _builder_version=&#8221;4.16&#8243; hide_on_mobile=&#8221;on&#8221; global_colors_info=&#8221;{}&#8221;][\/et_pb_divider][\/et_pb_column][\/et_pb_row][et_pb_row _builder_version=&#8221;4.17.4&#8243; _module_preset=&#8221;default&#8221; global_colors_info=&#8221;{}&#8221;][et_pb_column type=&#8221;4_4&#8243; _builder_version=&#8221;4.17.4&#8243; _module_preset=&#8221;default&#8221; global_colors_info=&#8221;{}&#8221;][et_pb_text _builder_version=&#8221;4.17.4&#8243; _module_preset=&#8221;default&#8221; global_colors_info=&#8221;{}&#8221;]<\/p>\n<h4 style=\"text-align: center\"><strong>II SEMINARIOS CONVERSATORIOS. A\u00d1O 2021-2022<\/strong><\/h4>\n<p>[\/et_pb_text][\/et_pb_column][\/et_pb_row][et_pb_row admin_label=&#8221;Fila&#8221; _builder_version=&#8221;4.16&#8243; background_size=&#8221;initial&#8221; background_position=&#8221;top_left&#8221; background_repeat=&#8221;repeat&#8221; global_colors_info=&#8221;{}&#8221;][et_pb_column type=&#8221;4_4&#8243; _builder_version=&#8221;4.16&#8243; custom_padding=&#8221;|||&#8221; global_colors_info=&#8221;{}&#8221; custom_padding__hover=&#8221;|||&#8221;][et_pb_divider color=&#8221;#b67ce2&#8243; divider_style=&#8221;dashed&#8221; divider_position=&#8221;center&#8221; divider_weight=&#8221;5&#8243; disabled_on=&#8221;on|on|off&#8221; admin_label=&#8221;Separador&#8221; _builder_version=&#8221;4.16&#8243; hide_on_mobile=&#8221;on&#8221; global_colors_info=&#8221;{}&#8221;][\/et_pb_divider][\/et_pb_column][\/et_pb_row][et_pb_row column_structure=&#8221;1_3,2_3&#8243; admin_label=&#8221;Fila&#8221; _builder_version=&#8221;4.16&#8243; background_size=&#8221;initial&#8221; background_position=&#8221;top_left&#8221; background_repeat=&#8221;repeat&#8221; global_colors_info=&#8221;{}&#8221;][et_pb_column type=&#8221;1_3&#8243; _builder_version=&#8221;4.16&#8243; custom_padding=&#8221;|||&#8221; global_colors_info=&#8221;{}&#8221; custom_padding__hover=&#8221;|||&#8221;][et_pb_text admin_label=&#8221;La Masculinidad Incomodada&#8221; _builder_version=&#8221;4.16&#8243; background_size=&#8221;initial&#8221; background_position=&#8221;top_left&#8221; background_repeat=&#8221;repeat&#8221; text_orientation=&#8221;justified&#8221; use_border_color=&#8221;off&#8221; border_color=&#8221;#ffffff&#8221; border_style=&#8221;solid&#8221; global_colors_info=&#8221;{}&#8221;]<\/p>\n<h1 class=\"style-scope ytd-watch-metadata\" style=\"text-align: left\"><strong><em>La Masculinidad Incomodada<\/em><\/strong><\/h1>\n<p style=\"text-align: left\">Fabbri, Luciano (Ed.). (2021)<\/p>\n<h6 style=\"text-align: left\"><strong><span style=\"color: #ff0000\">MARTES, 31 DE MAYO DE 2022<\/span><\/strong><\/h6>\n<p style=\"text-align: left\">Presenta: Francisco Rosales<\/p>\n<p style=\"text-align: left\">Conferencia: Luciano Fabbri<\/p>\n<p style=\"text-align: left\">Modera y clausura: Anastasia T\u00e9llez<\/p>\n<h5 style=\"text-align: left\"><\/h5>\n<p>[\/et_pb_text][\/et_pb_column][et_pb_column type=&#8221;2_3&#8243; _builder_version=&#8221;4.16&#8243; custom_padding=&#8221;|||&#8221; global_colors_info=&#8221;{}&#8221; custom_padding__hover=&#8221;|||&#8221;][et_pb_text admin_label=&#8221;La Masculinidad Incomodada&#8221; _builder_version=&#8221;4.17.4&#8243; background_size=&#8221;initial&#8221; background_position=&#8221;top_left&#8221; background_repeat=&#8221;repeat&#8221; use_border_color=&#8221;off&#8221; border_color=&#8221;#ffffff&#8221; border_style=&#8221;solid&#8221; global_colors_info=&#8221;{}&#8221;]<\/p>\n<iframe loading=\"lazy\"  id=\"_ytid_11410\"  width=\"800\" height=\"450\"  data-origwidth=\"800\" data-origheight=\"450\" src=\"https:\/\/www.youtube.com\/embed\/TJqWdXCfjhw?enablejsapi=1&autoplay=0&cc_load_policy=0&cc_lang_pref=&iv_load_policy=1&loop=0&modestbranding=0&rel=1&fs=1&playsinline=0&autohide=2&theme=dark&color=red&controls=1&\" class=\"__youtube_prefs__  no-lazyload\" title=\"YouTube player\"  allow=\"accelerometer; autoplay; clipboard-write; encrypted-media; gyroscope; picture-in-picture\" allowfullscreen data-no-lazy=\"1\" data-skipgform_ajax_framebjll=\"\"><\/iframe>\n<p>[\/et_pb_text][\/et_pb_column][\/et_pb_row][\/et_pb_section][et_pb_section fb_built=&#8221;1&#8243; admin_label=&#8221;Secci\u00f3n&#8221; _builder_version=&#8221;4.16&#8243; global_colors_info=&#8221;{}&#8221;][et_pb_row admin_label=&#8221;Fila&#8221; _builder_version=&#8221;4.16&#8243; background_size=&#8221;initial&#8221; background_position=&#8221;top_left&#8221; background_repeat=&#8221;repeat&#8221; global_colors_info=&#8221;{}&#8221;][et_pb_column type=&#8221;4_4&#8243; _builder_version=&#8221;4.16&#8243; custom_padding=&#8221;|||&#8221; global_colors_info=&#8221;{}&#8221; custom_padding__hover=&#8221;|||&#8221;][et_pb_divider color=&#8221;#b67ce2&#8243; divider_style=&#8221;dashed&#8221; divider_position=&#8221;center&#8221; divider_weight=&#8221;5&#8243; disabled_on=&#8221;on|on|off&#8221; admin_label=&#8221;Separador&#8221; _builder_version=&#8221;4.16&#8243; hide_on_mobile=&#8221;on&#8221; global_colors_info=&#8221;{}&#8221;][\/et_pb_divider][\/et_pb_column][\/et_pb_row][et_pb_row column_structure=&#8221;1_3,2_3&#8243; admin_label=&#8221;Fila&#8221; _builder_version=&#8221;4.16&#8243; background_size=&#8221;initial&#8221; background_position=&#8221;top_left&#8221; background_repeat=&#8221;repeat&#8221; global_colors_info=&#8221;{}&#8221;][et_pb_column type=&#8221;1_3&#8243; _builder_version=&#8221;4.16&#8243; custom_padding=&#8221;|||&#8221; global_colors_info=&#8221;{}&#8221; custom_padding__hover=&#8221;|||&#8221;][et_pb_text admin_label=&#8221;Alianzas rebeldes&#8221; _builder_version=&#8221;4.16&#8243; background_size=&#8221;initial&#8221; background_position=&#8221;top_left&#8221; background_repeat=&#8221;repeat&#8221; text_orientation=&#8221;justified&#8221; use_border_color=&#8221;off&#8221; border_color=&#8221;#ffffff&#8221; border_style=&#8221;solid&#8221; global_colors_info=&#8221;{}&#8221;]<\/p>\n<h1 class=\"style-scope ytd-watch-metadata\">Alianzas rebeldes: un feminismo m\u00e1s all\u00e1 de la identidad. Clara Serra y Laura Macaya<\/h1>\n<p>Serra, Clara; Garaiz\u00e1bal, Cristina y Macaya, Laura (Eds.). (2021)<\/p>\n<h6><span style=\"color: #ff0000\">JUEVES, 26 DE MAYO DE 2022<\/span><\/h6>\n<p>Presenta: Arantxa Su\u00e1rez<\/p>\n<p>Conferencia: Clara Serra y Laura Macaya<\/p>\n<p>Modera: Jorge Cascales Ribera<\/p>\n<h5><\/h5>\n<p>[\/et_pb_text][\/et_pb_column][et_pb_column type=&#8221;2_3&#8243; _builder_version=&#8221;4.16&#8243; custom_padding=&#8221;|||&#8221; global_colors_info=&#8221;{}&#8221; custom_padding__hover=&#8221;|||&#8221;][et_pb_text admin_label=&#8221;Alianzas rebeldes&#8221; _builder_version=&#8221;4.17.4&#8243; background_size=&#8221;initial&#8221; background_position=&#8221;top_left&#8221; background_repeat=&#8221;repeat&#8221; use_border_color=&#8221;off&#8221; border_color=&#8221;#ffffff&#8221; border_style=&#8221;solid&#8221; global_colors_info=&#8221;{}&#8221;]<\/p>\n<iframe loading=\"lazy\"  id=\"_ytid_83333\"  width=\"800\" height=\"450\"  data-origwidth=\"800\" data-origheight=\"450\" src=\"https:\/\/www.youtube.com\/embed\/nsjCJ5i8ioQ?enablejsapi=1&autoplay=0&cc_load_policy=0&cc_lang_pref=&iv_load_policy=1&loop=0&modestbranding=0&rel=1&fs=1&playsinline=0&autohide=2&theme=dark&color=red&controls=1&\" class=\"__youtube_prefs__  no-lazyload\" title=\"YouTube player\"  allow=\"accelerometer; autoplay; clipboard-write; encrypted-media; gyroscope; picture-in-picture\" allowfullscreen data-no-lazy=\"1\" data-skipgform_ajax_framebjll=\"\"><\/iframe>\n<p>[\/et_pb_text][\/et_pb_column][\/et_pb_row][\/et_pb_section][et_pb_section fb_built=&#8221;1&#8243; admin_label=&#8221;Secci\u00f3n&#8221; _builder_version=&#8221;4.16&#8243; global_colors_info=&#8221;{}&#8221;][et_pb_row admin_label=&#8221;Fila&#8221; _builder_version=&#8221;4.16&#8243; background_size=&#8221;initial&#8221; background_position=&#8221;top_left&#8221; background_repeat=&#8221;repeat&#8221; global_colors_info=&#8221;{}&#8221;][et_pb_column type=&#8221;4_4&#8243; _builder_version=&#8221;4.16&#8243; custom_padding=&#8221;|||&#8221; global_colors_info=&#8221;{}&#8221; custom_padding__hover=&#8221;|||&#8221;][et_pb_divider color=&#8221;#b67ce2&#8243; divider_style=&#8221;dashed&#8221; divider_position=&#8221;center&#8221; divider_weight=&#8221;5&#8243; disabled_on=&#8221;on|on|off&#8221; admin_label=&#8221;Separador&#8221; _builder_version=&#8221;4.16&#8243; hide_on_mobile=&#8221;on&#8221; global_colors_info=&#8221;{}&#8221;][\/et_pb_divider][\/et_pb_column][\/et_pb_row][et_pb_row column_structure=&#8221;1_3,2_3&#8243; admin_label=&#8221;Fila&#8221; _builder_version=&#8221;4.16&#8243; background_size=&#8221;initial&#8221; background_position=&#8221;top_left&#8221; background_repeat=&#8221;repeat&#8221; global_colors_info=&#8221;{}&#8221;][et_pb_column type=&#8221;1_3&#8243; _builder_version=&#8221;4.16&#8243; custom_padding=&#8221;|||&#8221; global_colors_info=&#8221;{}&#8221; custom_padding__hover=&#8221;|||&#8221;][et_pb_text admin_label=&#8221;Hombres que ya no hacen sufrir por amor&#8221; _builder_version=&#8221;4.16&#8243; background_size=&#8221;initial&#8221; background_position=&#8221;top_left&#8221; background_repeat=&#8221;repeat&#8221; text_orientation=&#8221;justified&#8221; use_border_color=&#8221;off&#8221; border_color=&#8221;#ffffff&#8221; border_style=&#8221;solid&#8221; global_colors_info=&#8221;{}&#8221;]<\/p>\n<h5><strong><em>Hombres que ya no hacen sufrir por amor: Transformando las masculinidades<\/em><\/strong><\/h5>\n<p>Herrera, Coral (2019)<\/p>\n<h6><span style=\"color: #ff0000\">JUEVES, 7 DE ABRIL DE 2022<\/span><\/h6>\n<p>Presenta: Ana L\u00f3pez Ramos<\/p>\n<p>Conferencia: \u00a0Coral Herrera<\/p>\n<p>Modera: \u00a0Joaquim Montaner Villalonga<\/p>\n<h5><\/h5>\n<p>[\/et_pb_text][\/et_pb_column][et_pb_column type=&#8221;2_3&#8243; _builder_version=&#8221;4.16&#8243; custom_padding=&#8221;|||&#8221; global_colors_info=&#8221;{}&#8221; custom_padding__hover=&#8221;|||&#8221;][et_pb_text admin_label=&#8221;Hombres que ya no hacen sufrir por amor&#8221; _builder_version=&#8221;4.17.4&#8243; background_size=&#8221;initial&#8221; background_position=&#8221;top_left&#8221; background_repeat=&#8221;repeat&#8221; use_border_color=&#8221;off&#8221; border_color=&#8221;#ffffff&#8221; border_style=&#8221;solid&#8221; global_colors_info=&#8221;{}&#8221;]<\/p>\n<iframe loading=\"lazy\"  id=\"_ytid_83240\"  width=\"800\" height=\"450\"  data-origwidth=\"800\" data-origheight=\"450\" src=\"https:\/\/www.youtube.com\/embed\/06KWhxjFnxs?enablejsapi=1&autoplay=0&cc_load_policy=0&cc_lang_pref=&iv_load_policy=1&loop=0&modestbranding=0&rel=1&fs=1&playsinline=0&autohide=2&theme=dark&color=red&controls=1&\" class=\"__youtube_prefs__  no-lazyload\" title=\"YouTube player\"  allow=\"accelerometer; autoplay; clipboard-write; encrypted-media; gyroscope; picture-in-picture\" allowfullscreen data-no-lazy=\"1\" data-skipgform_ajax_framebjll=\"\"><\/iframe>\n<p>[\/et_pb_text][\/et_pb_column][\/et_pb_row][\/et_pb_section][et_pb_section fb_built=&#8221;1&#8243; admin_label=&#8221;Secci\u00f3n&#8221; _builder_version=&#8221;4.16&#8243; global_colors_info=&#8221;{}&#8221;][et_pb_row admin_label=&#8221;Fila&#8221; _builder_version=&#8221;4.16&#8243; background_size=&#8221;initial&#8221; background_position=&#8221;top_left&#8221; background_repeat=&#8221;repeat&#8221; global_colors_info=&#8221;{}&#8221;][et_pb_column type=&#8221;4_4&#8243; _builder_version=&#8221;4.16&#8243; custom_padding=&#8221;|||&#8221; global_colors_info=&#8221;{}&#8221; custom_padding__hover=&#8221;|||&#8221;][et_pb_divider color=&#8221;#b67ce2&#8243; divider_style=&#8221;dashed&#8221; divider_position=&#8221;center&#8221; divider_weight=&#8221;5&#8243; disabled_on=&#8221;on|on|off&#8221; admin_label=&#8221;Separador&#8221; _builder_version=&#8221;4.16&#8243; hide_on_mobile=&#8221;on&#8221; global_colors_info=&#8221;{}&#8221;][\/et_pb_divider][\/et_pb_column][\/et_pb_row][et_pb_row column_structure=&#8221;1_3,2_3&#8243; admin_label=&#8221;Fila&#8221; _builder_version=&#8221;4.16&#8243; background_size=&#8221;initial&#8221; background_position=&#8221;top_left&#8221; background_repeat=&#8221;repeat&#8221; global_colors_info=&#8221;{}&#8221;][et_pb_column type=&#8221;1_3&#8243; _builder_version=&#8221;4.16&#8243; custom_padding=&#8221;|||&#8221; global_colors_info=&#8221;{}&#8221; custom_padding__hover=&#8221;|||&#8221;][et_pb_text admin_label=&#8221;Hombres, masculinidades, emociones&#8221; _builder_version=&#8221;4.16&#8243; background_size=&#8221;initial&#8221; background_position=&#8221;top_left&#8221; background_repeat=&#8221;repeat&#8221; text_orientation=&#8221;justified&#8221; use_border_color=&#8221;off&#8221; border_color=&#8221;#ffffff&#8221; border_style=&#8221;solid&#8221; global_colors_info=&#8221;{}&#8221;]<\/p>\n<h5><strong><em>Hombres, masculinidades, emociones<\/em><\/strong><\/h5>\n<p>Ram\u00edrez, Juan Carlos (Ed.). (2020). P\u00e1gina Seis<\/p>\n<h6><span style=\"color: #ff0000\">Martes, 22 de marzo de 2022<\/span><\/h6>\n<p>Presenta: Javier \u00c1ngel L\u00f3pez<\/p>\n<p>Conferencia:\u00a0 Giovane Mendieta Izquierdo y Juan Mar\u00eda Cuevas Silva<\/p>\n<p>Modera: Joan Sanf\u00e9lix Albelda<br \/>\n[\/et_pb_text][\/et_pb_column][et_pb_column type=&#8221;2_3&#8243; _builder_version=&#8221;4.16&#8243; custom_padding=&#8221;|||&#8221; global_colors_info=&#8221;{}&#8221; custom_padding__hover=&#8221;|||&#8221;][et_pb_text admin_label=&#8221;Hombres, masculinidades, emociones&#8221; _builder_version=&#8221;4.17.4&#8243; background_size=&#8221;initial&#8221; background_position=&#8221;top_left&#8221; background_repeat=&#8221;repeat&#8221; use_border_color=&#8221;off&#8221; border_color=&#8221;#ffffff&#8221; border_style=&#8221;solid&#8221; global_colors_info=&#8221;{}&#8221;]<\/p>\n<iframe loading=\"lazy\"  id=\"_ytid_15037\"  width=\"800\" height=\"450\"  data-origwidth=\"800\" data-origheight=\"450\" src=\"https:\/\/www.youtube.com\/embed\/5Cr-qcZopB4?enablejsapi=1&autoplay=0&cc_load_policy=0&cc_lang_pref=&iv_load_policy=1&loop=0&modestbranding=0&rel=1&fs=1&playsinline=0&autohide=2&theme=dark&color=red&controls=1&\" class=\"__youtube_prefs__  no-lazyload\" title=\"YouTube player\"  allow=\"accelerometer; autoplay; clipboard-write; encrypted-media; gyroscope; picture-in-picture\" allowfullscreen data-no-lazy=\"1\" data-skipgform_ajax_framebjll=\"\"><\/iframe>\n<p>[\/et_pb_text][\/et_pb_column][\/et_pb_row][\/et_pb_section][et_pb_section fb_built=&#8221;1&#8243; admin_label=&#8221;Secci\u00f3n&#8221; _builder_version=&#8221;4.16&#8243; global_colors_info=&#8221;{}&#8221;][et_pb_row admin_label=&#8221;Fila&#8221; _builder_version=&#8221;4.16&#8243; background_size=&#8221;initial&#8221; background_position=&#8221;top_left&#8221; background_repeat=&#8221;repeat&#8221; global_colors_info=&#8221;{}&#8221;][et_pb_column type=&#8221;4_4&#8243; _builder_version=&#8221;4.16&#8243; custom_padding=&#8221;|||&#8221; global_colors_info=&#8221;{}&#8221; custom_padding__hover=&#8221;|||&#8221;][et_pb_divider color=&#8221;#b67ce2&#8243; divider_style=&#8221;dashed&#8221; divider_position=&#8221;center&#8221; divider_weight=&#8221;5&#8243; disabled_on=&#8221;on|on|off&#8221; admin_label=&#8221;Separador&#8221; _builder_version=&#8221;4.16&#8243; hide_on_mobile=&#8221;on&#8221; global_colors_info=&#8221;{}&#8221;][\/et_pb_divider][\/et_pb_column][\/et_pb_row][et_pb_row column_structure=&#8221;1_3,2_3&#8243; admin_label=&#8221;Fila&#8221; _builder_version=&#8221;4.16&#8243; background_size=&#8221;initial&#8221; background_position=&#8221;top_left&#8221; background_repeat=&#8221;repeat&#8221; global_colors_info=&#8221;{}&#8221;][et_pb_column type=&#8221;1_3&#8243; _builder_version=&#8221;4.16&#8243; custom_padding=&#8221;|||&#8221; global_colors_info=&#8221;{}&#8221; custom_padding__hover=&#8221;|||&#8221;][et_pb_text admin_label=&#8221;Aging Masculinities in Contemporary U.S. Fiction. &#8221; _builder_version=&#8221;4.17.4&#8243; background_size=&#8221;initial&#8221; background_position=&#8221;top_left&#8221; background_repeat=&#8221;repeat&#8221; text_orientation=&#8221;justified&#8221; use_border_color=&#8221;off&#8221; border_color=&#8221;#ffffff&#8221; border_style=&#8221;solid&#8221; global_colors_info=&#8221;{}&#8221;]<\/p>\n<p><strong><em>Aging Masculinities in Contemporary U.S. Fiction<\/em><\/strong><\/p>\n<p>Armengol, Josep M. (2021).<\/p>\n<h6><strong><span style=\"color: #ff0000\">Jueves 16 de diciembre de 2021<\/span><\/strong><\/h6>\n<p>Presenta:\u00a0Jorge Cascales Ribera<\/p>\n<p>Conferencia: Josep M. Armengol<\/p>\n<p>Modera:\u00a0Joaquim Montaner Villalonga<\/p>\n<p>[\/et_pb_text][\/et_pb_column][et_pb_column type=&#8221;2_3&#8243; _builder_version=&#8221;4.16&#8243; custom_padding=&#8221;|||&#8221; global_colors_info=&#8221;{}&#8221; custom_padding__hover=&#8221;|||&#8221;][et_pb_text admin_label=&#8221;Aging Masculinities in Contemporary U.S. Fiction&#8221; _builder_version=&#8221;4.17.4&#8243; background_size=&#8221;initial&#8221; background_position=&#8221;top_left&#8221; background_repeat=&#8221;repeat&#8221; use_border_color=&#8221;off&#8221; border_color=&#8221;#ffffff&#8221; border_style=&#8221;solid&#8221; global_colors_info=&#8221;{}&#8221;]<\/p>\n<iframe loading=\"lazy\"  id=\"_ytid_72135\"  width=\"800\" height=\"450\"  data-origwidth=\"800\" data-origheight=\"450\" src=\"https:\/\/www.youtube.com\/embed\/R5JSGagn2Ho?enablejsapi=1&autoplay=0&cc_load_policy=0&cc_lang_pref=&iv_load_policy=1&loop=0&modestbranding=0&rel=1&fs=1&playsinline=0&autohide=2&theme=dark&color=red&controls=1&\" class=\"__youtube_prefs__  no-lazyload\" title=\"YouTube player\"  allow=\"accelerometer; autoplay; clipboard-write; encrypted-media; gyroscope; picture-in-picture\" allowfullscreen data-no-lazy=\"1\" data-skipgform_ajax_framebjll=\"\"><\/iframe>\n<p>[\/et_pb_text][\/et_pb_column][\/et_pb_row][\/et_pb_section][et_pb_section fb_built=&#8221;1&#8243; admin_label=&#8221;Secci\u00f3n&#8221; _builder_version=&#8221;4.16&#8243; global_colors_info=&#8221;{}&#8221;][et_pb_row admin_label=&#8221;Fila&#8221; _builder_version=&#8221;4.16&#8243; background_size=&#8221;initial&#8221; background_position=&#8221;top_left&#8221; background_repeat=&#8221;repeat&#8221; global_colors_info=&#8221;{}&#8221;][et_pb_column type=&#8221;4_4&#8243; _builder_version=&#8221;4.16&#8243; custom_padding=&#8221;|||&#8221; global_colors_info=&#8221;{}&#8221; custom_padding__hover=&#8221;|||&#8221;][et_pb_divider color=&#8221;#b67ce2&#8243; divider_style=&#8221;dashed&#8221; divider_position=&#8221;center&#8221; divider_weight=&#8221;5&#8243; disabled_on=&#8221;on|on|off&#8221; admin_label=&#8221;Separador&#8221; _builder_version=&#8221;4.16&#8243; hide_on_mobile=&#8221;on&#8221; global_colors_info=&#8221;{}&#8221;][\/et_pb_divider][\/et_pb_column][\/et_pb_row][et_pb_row column_structure=&#8221;1_3,2_3&#8243; admin_label=&#8221;Fila&#8221; _builder_version=&#8221;4.16&#8243; background_size=&#8221;initial&#8221; background_position=&#8221;top_left&#8221; background_repeat=&#8221;repeat&#8221; global_colors_info=&#8221;{}&#8221;][et_pb_column type=&#8221;1_3&#8243; _builder_version=&#8221;4.16&#8243; custom_padding=&#8221;|||&#8221; global_colors_info=&#8221;{}&#8221; custom_padding__hover=&#8221;|||&#8221;][et_pb_text admin_label=&#8221;Desarmar la masculinidad&#8221; _builder_version=&#8221;4.16&#8243; background_size=&#8221;initial&#8221; background_position=&#8221;top_left&#8221; background_repeat=&#8221;repeat&#8221; text_orientation=&#8221;justified&#8221; use_border_color=&#8221;off&#8221; border_color=&#8221;#ffffff&#8221; border_style=&#8221;solid&#8221; global_colors_info=&#8221;{}&#8221;]<strong><em>Desarmar la masculinidad: Los hombres ante la era del feminismo<\/em><\/strong><\/p>\n<p>Ranea, Beatriz (2021)<\/p>\n<p><span style=\"color: #ff0000\"><strong>Martes, 9 de noviembre de 2021\u00a0<\/strong><\/span><\/p>\n<p>Los Libros De La Catarata<br \/>\nPresenta el libro:\u00a0Luis Alema\u00f1 Tenas<br \/>\nModera y clausura:\u00a0Anastasia T\u00e9llez Infantes<br \/>\n[\/et_pb_text][\/et_pb_column][et_pb_column type=&#8221;2_3&#8243; _builder_version=&#8221;4.16&#8243; custom_padding=&#8221;|||&#8221; global_colors_info=&#8221;{}&#8221; custom_padding__hover=&#8221;|||&#8221;][et_pb_text admin_label=&#8221;Conversatorio con Beatriz Ranea: Desarmar la masculinidad. Los hombres ante la era del feminismo&#8221; _builder_version=&#8221;4.17.4&#8243; background_size=&#8221;initial&#8221; background_position=&#8221;top_left&#8221; background_repeat=&#8221;repeat&#8221; use_border_color=&#8221;off&#8221; border_color=&#8221;#ffffff&#8221; border_style=&#8221;solid&#8221; global_colors_info=&#8221;{}&#8221;]<\/p>\n<iframe loading=\"lazy\"  id=\"_ytid_77934\"  width=\"800\" height=\"450\"  data-origwidth=\"800\" data-origheight=\"450\" src=\"https:\/\/www.youtube.com\/embed\/EUB-WsWVygg?enablejsapi=1&autoplay=0&cc_load_policy=0&cc_lang_pref=&iv_load_policy=1&loop=0&modestbranding=0&rel=1&fs=1&playsinline=0&autohide=2&theme=dark&color=red&controls=1&\" class=\"__youtube_prefs__  no-lazyload\" title=\"YouTube player\"  allow=\"accelerometer; autoplay; clipboard-write; encrypted-media; gyroscope; picture-in-picture\" allowfullscreen data-no-lazy=\"1\" data-skipgform_ajax_framebjll=\"\"><\/iframe>\n<p>[\/et_pb_text][\/et_pb_column][\/et_pb_row][\/et_pb_section][et_pb_section fb_built=&#8221;1&#8243; admin_label=&#8221;Secci\u00f3n&#8221; _builder_version=&#8221;4.16&#8243; global_colors_info=&#8221;{}&#8221;][et_pb_row admin_label=&#8221;Fila&#8221; _builder_version=&#8221;4.16&#8243; background_size=&#8221;initial&#8221; background_position=&#8221;top_left&#8221; background_repeat=&#8221;repeat&#8221; global_colors_info=&#8221;{}&#8221;][et_pb_column type=&#8221;4_4&#8243; _builder_version=&#8221;4.16&#8243; custom_padding=&#8221;|||&#8221; global_colors_info=&#8221;{}&#8221; custom_padding__hover=&#8221;|||&#8221;][et_pb_divider color=&#8221;#b67ce2&#8243; divider_style=&#8221;dashed&#8221; divider_position=&#8221;center&#8221; divider_weight=&#8221;5&#8243; disabled_on=&#8221;on|on|off&#8221; admin_label=&#8221;Separador&#8221; _builder_version=&#8221;4.16&#8243; hide_on_mobile=&#8221;on&#8221; global_colors_info=&#8221;{}&#8221;][\/et_pb_divider][\/et_pb_column][\/et_pb_row][et_pb_row _builder_version=&#8221;4.17.4&#8243; _module_preset=&#8221;default&#8221; global_colors_info=&#8221;{}&#8221;][et_pb_column type=&#8221;4_4&#8243; _builder_version=&#8221;4.17.4&#8243; _module_preset=&#8221;default&#8221; global_colors_info=&#8221;{}&#8221;][et_pb_text _builder_version=&#8221;4.17.4&#8243; _module_preset=&#8221;default&#8221; global_colors_info=&#8221;{}&#8221;]<\/p>\n<h4 style=\"text-align: center\"><strong>I SEMINARIOS CONVERSATORIOS. A\u00d1O 2020-2021<\/strong><\/h4>\n<p>[\/et_pb_text][\/et_pb_column][\/et_pb_row][et_pb_row admin_label=&#8221;Fila&#8221; _builder_version=&#8221;4.16&#8243; background_size=&#8221;initial&#8221; background_position=&#8221;top_left&#8221; background_repeat=&#8221;repeat&#8221; global_colors_info=&#8221;{}&#8221;][et_pb_column type=&#8221;4_4&#8243; _builder_version=&#8221;4.16&#8243; custom_padding=&#8221;|||&#8221; global_colors_info=&#8221;{}&#8221; custom_padding__hover=&#8221;|||&#8221;][et_pb_divider color=&#8221;#b67ce2&#8243; divider_style=&#8221;dashed&#8221; divider_position=&#8221;center&#8221; divider_weight=&#8221;5&#8243; disabled_on=&#8221;on|on|off&#8221; admin_label=&#8221;Separador&#8221; _builder_version=&#8221;4.16&#8243; hide_on_mobile=&#8221;on&#8221; global_colors_info=&#8221;{}&#8221;][\/et_pb_divider][\/et_pb_column][\/et_pb_row][et_pb_row column_structure=&#8221;1_3,2_3&#8243; admin_label=&#8221;Fila&#8221; _builder_version=&#8221;4.16&#8243; background_size=&#8221;initial&#8221; background_position=&#8221;top_left&#8221; background_repeat=&#8221;repeat&#8221; global_colors_info=&#8221;{}&#8221;][et_pb_column type=&#8221;1_3&#8243; _builder_version=&#8221;4.16&#8243; custom_padding=&#8221;|||&#8221; global_colors_info=&#8221;{}&#8221; custom_padding__hover=&#8221;|||&#8221;][et_pb_text admin_label=&#8221;LA VIDA EN COM\u00daN. LOS HOMBRES (QUE DEBER\u00cdAMOS SER) DESPU\u00c9S DEL CORONAVIRUS&#8221; _builder_version=&#8221;4.16&#8243; background_size=&#8221;initial&#8221; background_position=&#8221;top_left&#8221; background_repeat=&#8221;repeat&#8221; text_orientation=&#8221;justified&#8221; use_border_color=&#8221;off&#8221; border_color=&#8221;#ffffff&#8221; border_style=&#8221;solid&#8221; global_colors_info=&#8221;{}&#8221;]<strong>LA VIDA EN COM\u00daN. LOS HOMBRES (QUE DEBER\u00cdAMOS SER) DESPU\u00c9S DEL CORONAVIRUS<\/strong><\/p>\n<p>Salazar Ben\u00edtez, Octavio (2021)<\/p>\n<p><span style=\"color: #ff0000\"><strong>Mi\u00e9rcoles 7 de julio de 2021\u00a0<\/strong><\/span><\/p>\n<p>Ed. Galaxia Gutenberg.<br \/>\nPresenta el libro: Carmelo Hern\u00e1ndez Ramos<br \/>\nModera y clausura: Anastasia T\u00e9llez Infantes<br \/>\n[\/et_pb_text][\/et_pb_column][et_pb_column type=&#8221;2_3&#8243; _builder_version=&#8221;4.16&#8243; custom_padding=&#8221;|||&#8221; global_colors_info=&#8221;{}&#8221; custom_padding__hover=&#8221;|||&#8221;][et_pb_text admin_label=&#8221;LA VIDA EN COM\u00daN. LOS HOMBRES (QUE DEBER\u00cdAMOS SER) DESPU\u00c9S DEL CORONAVIRUS&#8221; _builder_version=&#8221;4.17.4&#8243; background_size=&#8221;initial&#8221; background_position=&#8221;top_left&#8221; background_repeat=&#8221;repeat&#8221; use_border_color=&#8221;off&#8221; border_color=&#8221;#ffffff&#8221; border_style=&#8221;solid&#8221; global_colors_info=&#8221;{}&#8221;]<\/p>\n<iframe loading=\"lazy\"  id=\"_ytid_29692\"  width=\"800\" height=\"450\"  data-origwidth=\"800\" data-origheight=\"450\" src=\"https:\/\/www.youtube.com\/embed\/A2Z1ZSIQQWc?enablejsapi=1&autoplay=0&cc_load_policy=0&cc_lang_pref=&iv_load_policy=1&loop=0&modestbranding=0&rel=1&fs=1&playsinline=0&autohide=2&theme=dark&color=red&controls=1&\" class=\"__youtube_prefs__  no-lazyload\" title=\"YouTube player\"  allow=\"accelerometer; autoplay; clipboard-write; encrypted-media; gyroscope; picture-in-picture\" allowfullscreen data-no-lazy=\"1\" data-skipgform_ajax_framebjll=\"\"><\/iframe>\n<p>[\/et_pb_text][\/et_pb_column][\/et_pb_row][\/et_pb_section][et_pb_section fb_built=&#8221;1&#8243; admin_label=&#8221;Secci\u00f3n&#8221; _builder_version=&#8221;4.16&#8243; global_colors_info=&#8221;{}&#8221;][et_pb_row admin_label=&#8221;Fila&#8221; _builder_version=&#8221;4.16&#8243; background_size=&#8221;initial&#8221; background_position=&#8221;top_left&#8221; background_repeat=&#8221;repeat&#8221; global_colors_info=&#8221;{}&#8221;][et_pb_column type=&#8221;4_4&#8243; _builder_version=&#8221;4.16&#8243; custom_padding=&#8221;|||&#8221; global_colors_info=&#8221;{}&#8221; custom_padding__hover=&#8221;|||&#8221;][et_pb_divider color=&#8221;#b67ce2&#8243; divider_style=&#8221;dashed&#8221; divider_position=&#8221;center&#8221; divider_weight=&#8221;5&#8243; disabled_on=&#8221;on|on|off&#8221; admin_label=&#8221;Separador&#8221; _builder_version=&#8221;4.16&#8243; hide_on_mobile=&#8221;on&#8221; global_colors_info=&#8221;{}&#8221;][\/et_pb_divider][\/et_pb_column][\/et_pb_row][et_pb_row column_structure=&#8221;1_3,2_3&#8243; admin_label=&#8221;Fila&#8221; _builder_version=&#8221;4.16&#8243; background_size=&#8221;initial&#8221; background_position=&#8221;top_left&#8221; background_repeat=&#8221;repeat&#8221; global_colors_info=&#8221;{}&#8221;][et_pb_column type=&#8221;1_3&#8243; _builder_version=&#8221;4.16&#8243; custom_padding=&#8221;|||&#8221; global_colors_info=&#8221;{}&#8221; custom_padding__hover=&#8221;|||&#8221;][et_pb_text admin_label=&#8221;MASCULINIDADES Y SALUD EN LAS AM\u00c9RICAS&#8221; _builder_version=&#8221;4.16&#8243; background_size=&#8221;initial&#8221; background_position=&#8221;top_left&#8221; background_repeat=&#8221;repeat&#8221; text_orientation=&#8221;justified&#8221; use_border_color=&#8221;off&#8221; border_color=&#8221;#ffffff&#8221; border_style=&#8221;solid&#8221; global_colors_info=&#8221;{}&#8221;]<\/p>\n<h6>MASCULINIDADES Y SALUD EN LAS AM\u00c9RICAS<\/h6>\n<p><strong><span style=\"color: #ff0000\">Mi\u00e9rcoles 23 de junio de 2021<\/span><br \/>\n<\/strong><\/p>\n<p>De Keijzer, Benno (2019)<\/p>\n<p>Organizaci\u00f3n Panamericana de la Salud. Masculinidades y salud en la Regi\u00f3n de las Am\u00e9ricas. Washington, D.C.: OPS.<br \/>\nPresenta el libro: Joan Sanf\u00e9lix Albelda<br \/>\nModera y clausura: Joaquim Montaner Villalonga<br \/>\n[\/et_pb_text][\/et_pb_column][et_pb_column type=&#8221;2_3&#8243; _builder_version=&#8221;4.16&#8243; custom_padding=&#8221;|||&#8221; global_colors_info=&#8221;{}&#8221; custom_padding__hover=&#8221;|||&#8221;][et_pb_text admin_label=&#8221;MASCULINIDADES Y SALUD EN LAS AM\u00c9RICAS&#8221; _builder_version=&#8221;4.17.4&#8243; background_size=&#8221;initial&#8221; background_position=&#8221;top_left&#8221; background_repeat=&#8221;repeat&#8221; use_border_color=&#8221;off&#8221; border_color=&#8221;#ffffff&#8221; border_style=&#8221;solid&#8221; global_colors_info=&#8221;{}&#8221;]<\/p>\n<iframe loading=\"lazy\"  id=\"_ytid_66063\"  width=\"800\" height=\"450\"  data-origwidth=\"800\" data-origheight=\"450\" src=\"https:\/\/www.youtube.com\/embed\/af5rGB68jUQ?enablejsapi=1&autoplay=0&cc_load_policy=0&cc_lang_pref=&iv_load_policy=1&loop=0&modestbranding=0&rel=1&fs=1&playsinline=0&autohide=2&theme=dark&color=red&controls=1&\" class=\"__youtube_prefs__  no-lazyload\" title=\"YouTube player\"  allow=\"accelerometer; autoplay; clipboard-write; encrypted-media; gyroscope; picture-in-picture\" allowfullscreen data-no-lazy=\"1\" data-skipgform_ajax_framebjll=\"\"><\/iframe>\n<p>[\/et_pb_text][\/et_pb_column][\/et_pb_row][\/et_pb_section][et_pb_section fb_built=&#8221;1&#8243; admin_label=&#8221;Secci\u00f3n&#8221; _builder_version=&#8221;4.16&#8243; global_colors_info=&#8221;{}&#8221;][et_pb_row admin_label=&#8221;Fila&#8221; _builder_version=&#8221;4.16&#8243; background_size=&#8221;initial&#8221; background_position=&#8221;top_left&#8221; background_repeat=&#8221;repeat&#8221; global_colors_info=&#8221;{}&#8221;][et_pb_column type=&#8221;4_4&#8243; _builder_version=&#8221;4.16&#8243; custom_padding=&#8221;|||&#8221; global_colors_info=&#8221;{}&#8221; custom_padding__hover=&#8221;|||&#8221;][et_pb_divider color=&#8221;#b67ce2&#8243; divider_style=&#8221;dashed&#8221; divider_position=&#8221;center&#8221; divider_weight=&#8221;5&#8243; disabled_on=&#8221;on|on|off&#8221; admin_label=&#8221;Separador&#8221; _builder_version=&#8221;4.16&#8243; hide_on_mobile=&#8221;on&#8221; global_colors_info=&#8221;{}&#8221;][\/et_pb_divider][\/et_pb_column][\/et_pb_row][et_pb_row column_structure=&#8221;1_3,2_3&#8243; admin_label=&#8221;Fila&#8221; _builder_version=&#8221;4.16&#8243; background_size=&#8221;initial&#8221; background_position=&#8221;top_left&#8221; background_repeat=&#8221;repeat&#8221; global_colors_info=&#8221;{}&#8221;][et_pb_column type=&#8221;1_3&#8243; _builder_version=&#8221;4.16&#8243; custom_padding=&#8221;|||&#8221; global_colors_info=&#8221;{}&#8221; custom_padding__hover=&#8221;|||&#8221;][et_pb_text admin_label=&#8221;PAP\u00c1, POR QUE NON PINTAS AS UNLLAS DE CORES?EDUCANDO (CONSTRU\u00cdNDO) MASCULINIDADES DISIDENTES&#8221; _builder_version=&#8221;4.16&#8243; background_size=&#8221;initial&#8221; background_position=&#8221;top_left&#8221; background_repeat=&#8221;repeat&#8221; text_orientation=&#8221;justified&#8221; use_border_color=&#8221;off&#8221; border_color=&#8221;#ffffff&#8221; border_style=&#8221;solid&#8221; global_colors_info=&#8221;{}&#8221;]<\/p>\n<h6>PAP\u00c1, POR QUE NON PINTAS AS UNLLAS DE CORES?EDUCANDO (CONSTRU\u00cdNDO) MASCULINIDADES DISIDENTES<\/h6>\n<p>Garc\u00eda Mar\u00edn, Jorge (2019)<\/p>\n<p><span style=\"color: #ff0000\"><strong>Mi\u00e9rcoles 9 de junio de 2021<\/strong><\/span><\/p>\n<p>Ed. Galaxia. Colecci\u00f3n Feminismos<br \/>\nPresenta el libro: Bego\u00f1a G\u00f3mez V\u00e1zquez<br \/>\nModera y clausura: Jorge Cascales Ribera<br \/>\n[\/et_pb_text][\/et_pb_column][et_pb_column type=&#8221;2_3&#8243; _builder_version=&#8221;4.16&#8243; custom_padding=&#8221;|||&#8221; global_colors_info=&#8221;{}&#8221; custom_padding__hover=&#8221;|||&#8221;][et_pb_text admin_label=&#8221;PAP\u00c1, POR QUE NON PINTAS AS UNLLAS DE CORES?EDUCANDO (CONSTRU\u00cdNDO) MASCULINIDADES DISIDENTES&#8221; _builder_version=&#8221;4.17.4&#8243; background_size=&#8221;initial&#8221; background_position=&#8221;top_left&#8221; background_repeat=&#8221;repeat&#8221; use_border_color=&#8221;off&#8221; border_color=&#8221;#ffffff&#8221; border_style=&#8221;solid&#8221; global_colors_info=&#8221;{}&#8221;]<\/p>\n<iframe loading=\"lazy\"  id=\"_ytid_97297\"  width=\"800\" height=\"450\"  data-origwidth=\"800\" data-origheight=\"450\" src=\"https:\/\/www.youtube.com\/embed\/zJI64RwwlyI?enablejsapi=1&autoplay=0&cc_load_policy=0&cc_lang_pref=&iv_load_policy=1&loop=0&modestbranding=0&rel=1&fs=1&playsinline=0&autohide=2&theme=dark&color=red&controls=1&\" class=\"__youtube_prefs__  no-lazyload\" title=\"YouTube player\"  allow=\"accelerometer; autoplay; clipboard-write; encrypted-media; gyroscope; picture-in-picture\" allowfullscreen data-no-lazy=\"1\" data-skipgform_ajax_framebjll=\"\"><\/iframe>\n<p>[\/et_pb_text][\/et_pb_column][\/et_pb_row][\/et_pb_section][et_pb_section fb_built=&#8221;1&#8243; admin_label=&#8221;Secci\u00f3n&#8221; _builder_version=&#8221;4.16&#8243; global_colors_info=&#8221;{}&#8221;][et_pb_row admin_label=&#8221;Fila&#8221; _builder_version=&#8221;4.16&#8243; background_size=&#8221;initial&#8221; background_position=&#8221;top_left&#8221; background_repeat=&#8221;repeat&#8221; global_colors_info=&#8221;{}&#8221;][et_pb_column type=&#8221;4_4&#8243; _builder_version=&#8221;4.16&#8243; custom_padding=&#8221;|||&#8221; global_colors_info=&#8221;{}&#8221; custom_padding__hover=&#8221;|||&#8221;][et_pb_divider color=&#8221;#b67ce2&#8243; divider_style=&#8221;dashed&#8221; divider_position=&#8221;center&#8221; divider_weight=&#8221;5&#8243; disabled_on=&#8221;on|on|off&#8221; admin_label=&#8221;Separador&#8221; _builder_version=&#8221;4.16&#8243; hide_on_mobile=&#8221;on&#8221; global_colors_info=&#8221;{}&#8221;][\/et_pb_divider][\/et_pb_column][\/et_pb_row][et_pb_row column_structure=&#8221;1_3,2_3&#8243; admin_label=&#8221;Fila&#8221; _builder_version=&#8221;4.16&#8243; background_size=&#8221;initial&#8221; background_position=&#8221;top_left&#8221; background_repeat=&#8221;repeat&#8221; global_colors_info=&#8221;{}&#8221;][et_pb_column type=&#8221;1_3&#8243; _builder_version=&#8221;4.16&#8243; custom_padding=&#8221;|||&#8221; global_colors_info=&#8221;{}&#8221; custom_padding__hover=&#8221;|||&#8221;][et_pb_text admin_label=&#8221;DE LA TEOR\u00cdA A LA ACCI\u00d3N: EN BUSCA DE MASCULINIDADES IGUALITARIAS&#8221; _builder_version=&#8221;4.16&#8243; background_size=&#8221;initial&#8221; background_position=&#8221;top_left&#8221; background_repeat=&#8221;repeat&#8221; text_orientation=&#8221;justified&#8221; use_border_color=&#8221;off&#8221; border_color=&#8221;#ffffff&#8221; border_style=&#8221;solid&#8221; global_colors_info=&#8221;{}&#8221;]<\/p>\n<h6><strong><em>DE LA TEOR\u00cdA A LA ACCI\u00d3N: EN BUSCA DE MASCULINIDADES IGUALITARIAS<\/em><\/strong><\/h6>\n<p>T\u00e9llez, Anastasia; Mart\u00ednez, J. Eloy y Sanf\u00e9lix, Joan (Eds.) (2021)<\/p>\n<p><strong><span style=\"color: #ff0000\">Mi\u00e9rcoles 26 de mayo de 2021<\/span> <\/strong><br \/>\nPresenta el libro: Vicent Bellver Loizaga<br \/>\nConferencia:\u00a0<strong>\u201cMASCULINIDADES Y ACTIVISMO EN EL MOVIMIENTO DE HOMBRES: IGUALDAD MITOPO\u00c9TICA Y NEOMACHISMO\u201d<\/strong>. Jorge Cascales Ribera<br \/>\nModera y clausura: Joaquim Montaner Villalonga<\/p>\n<p><strong><span style=\"color: #ff0000\"><br \/>\n<\/span> <\/strong><br \/>\n[\/et_pb_text][\/et_pb_column][et_pb_column type=&#8221;2_3&#8243; _builder_version=&#8221;4.16&#8243; custom_padding=&#8221;|||&#8221; global_colors_info=&#8221;{}&#8221; custom_padding__hover=&#8221;|||&#8221;][et_pb_text admin_label=&#8221;DE LA TEOR\u00cdA A LA ACCI\u00d3N: EN BUSCA DE MASCULINIDADES IGUALITARIAS&#8221; _builder_version=&#8221;4.17.4&#8243; background_size=&#8221;initial&#8221; background_position=&#8221;top_left&#8221; background_repeat=&#8221;repeat&#8221; use_border_color=&#8221;off&#8221; border_color=&#8221;#ffffff&#8221; border_style=&#8221;solid&#8221; global_colors_info=&#8221;{}&#8221;]<\/p>\n<iframe loading=\"lazy\"  id=\"_ytid_19270\"  width=\"800\" height=\"450\"  data-origwidth=\"800\" data-origheight=\"450\" src=\"https:\/\/www.youtube.com\/embed\/AyEXb3AQl3c?enablejsapi=1&autoplay=0&cc_load_policy=0&cc_lang_pref=&iv_load_policy=1&loop=0&modestbranding=0&rel=1&fs=1&playsinline=0&autohide=2&theme=dark&color=red&controls=1&\" class=\"__youtube_prefs__  no-lazyload\" title=\"YouTube player\"  allow=\"accelerometer; autoplay; clipboard-write; encrypted-media; gyroscope; picture-in-picture\" allowfullscreen data-no-lazy=\"1\" data-skipgform_ajax_framebjll=\"\"><\/iframe>\n<p>[\/et_pb_text][\/et_pb_column][\/et_pb_row][\/et_pb_section][et_pb_section fb_built=&#8221;1&#8243; admin_label=&#8221;Secci\u00f3n&#8221; _builder_version=&#8221;4.16&#8243; global_colors_info=&#8221;{}&#8221;][et_pb_row admin_label=&#8221;Fila&#8221; _builder_version=&#8221;4.16&#8243; background_size=&#8221;initial&#8221; background_position=&#8221;top_left&#8221; background_repeat=&#8221;repeat&#8221; global_colors_info=&#8221;{}&#8221;][et_pb_column type=&#8221;4_4&#8243; _builder_version=&#8221;4.16&#8243; custom_padding=&#8221;|||&#8221; global_colors_info=&#8221;{}&#8221; custom_padding__hover=&#8221;|||&#8221;][et_pb_divider color=&#8221;#b67ce2&#8243; divider_style=&#8221;dashed&#8221; divider_position=&#8221;center&#8221; divider_weight=&#8221;5&#8243; disabled_on=&#8221;on|on|off&#8221; admin_label=&#8221;Separador&#8221; _builder_version=&#8221;4.16&#8243; hide_on_mobile=&#8221;on&#8221; global_colors_info=&#8221;{}&#8221;][\/et_pb_divider][\/et_pb_column][\/et_pb_row][et_pb_row column_structure=&#8221;1_3,2_3&#8243; admin_label=&#8221;Fila&#8221; _builder_version=&#8221;4.16&#8243; background_size=&#8221;initial&#8221; background_position=&#8221;top_left&#8221; background_repeat=&#8221;repeat&#8221; global_colors_info=&#8221;{}&#8221;][et_pb_column type=&#8221;1_3&#8243; _builder_version=&#8221;4.16&#8243; custom_padding=&#8221;|||&#8221; global_colors_info=&#8221;{}&#8221; custom_padding__hover=&#8221;|||&#8221;][et_pb_text admin_label=&#8221;PRESENCIAS Y AUSENCIAS PATERNAS DESDE UNA APROXIMACI\u00d3N SOCIOCULTURAL DE G\u00c9NERO&#8221; _builder_version=&#8221;4.16&#8243; background_size=&#8221;initial&#8221; background_position=&#8221;top_left&#8221; background_repeat=&#8221;repeat&#8221; text_orientation=&#8221;justified&#8221; use_border_color=&#8221;off&#8221; border_color=&#8221;#ffffff&#8221; border_style=&#8221;solid&#8221; global_colors_info=&#8221;{}&#8221;]<\/p>\n<h6><strong><em>PRESENCIAS Y AUSENCIAS PATERNAS DESDE UNA APROXIMACI\u00d3N SOCIOCULTURAL DE G\u00c9NERO<\/em><\/strong><\/h6>\n<p>Salguero Vel\u00e1zquez, Mar\u00eda Alejandra (2020)<\/p>\n<p><strong><span style=\"color: #ff0000\">Mi\u00e9rcoles 12 de mayo de 2021<\/span> <\/strong><br \/>\nPresenta el libro: Jorge Cascales Ribera<br \/>\nModera y clausura: Joan Sanf\u00e9lix Albelda<\/p>\n<p><strong><span style=\"color: #ff0000\"><br \/>\n<\/span> <\/strong><br \/>\n[\/et_pb_text][\/et_pb_column][et_pb_column type=&#8221;2_3&#8243; _builder_version=&#8221;4.16&#8243; custom_padding=&#8221;|||&#8221; global_colors_info=&#8221;{}&#8221; custom_padding__hover=&#8221;|||&#8221;][et_pb_text admin_label=&#8221;PRESENCIAS Y AUSENCIAS PATERNAS DESDE UNA APROXIMACI\u00d3N SOCIOCULTURAL DE G\u00c9NERO&#8221; _builder_version=&#8221;4.17.4&#8243; background_size=&#8221;initial&#8221; background_position=&#8221;top_left&#8221; background_repeat=&#8221;repeat&#8221; use_border_color=&#8221;off&#8221; border_color=&#8221;#ffffff&#8221; border_style=&#8221;solid&#8221; global_colors_info=&#8221;{}&#8221;]<\/p>\n<iframe loading=\"lazy\"  id=\"_ytid_74255\"  width=\"800\" height=\"450\"  data-origwidth=\"800\" data-origheight=\"450\" src=\"https:\/\/www.youtube.com\/embed\/jX8L-Brpj3w?enablejsapi=1&autoplay=0&cc_load_policy=0&cc_lang_pref=&iv_load_policy=1&loop=0&modestbranding=0&rel=1&fs=1&playsinline=0&autohide=2&theme=dark&color=red&controls=1&\" class=\"__youtube_prefs__  no-lazyload\" title=\"YouTube player\"  allow=\"accelerometer; autoplay; clipboard-write; encrypted-media; gyroscope; picture-in-picture\" allowfullscreen data-no-lazy=\"1\" data-skipgform_ajax_framebjll=\"\"><\/iframe>\n<p>[\/et_pb_text][\/et_pb_column][\/et_pb_row][\/et_pb_section][et_pb_section fb_built=&#8221;1&#8243; admin_label=&#8221;Secci\u00f3n&#8221; _builder_version=&#8221;4.16&#8243; global_colors_info=&#8221;{}&#8221;][et_pb_row admin_label=&#8221;Fila&#8221; _builder_version=&#8221;4.16&#8243; background_size=&#8221;initial&#8221; background_position=&#8221;top_left&#8221; background_repeat=&#8221;repeat&#8221; global_colors_info=&#8221;{}&#8221;][et_pb_column type=&#8221;4_4&#8243; _builder_version=&#8221;4.16&#8243; custom_padding=&#8221;|||&#8221; global_colors_info=&#8221;{}&#8221; custom_padding__hover=&#8221;|||&#8221;][et_pb_divider color=&#8221;#b67ce2&#8243; divider_style=&#8221;dashed&#8221; divider_position=&#8221;center&#8221; divider_weight=&#8221;5&#8243; disabled_on=&#8221;on|on|off&#8221; admin_label=&#8221;Separador&#8221; _builder_version=&#8221;4.16&#8243; hide_on_mobile=&#8221;on&#8221; global_colors_info=&#8221;{}&#8221;][\/et_pb_divider][\/et_pb_column][\/et_pb_row][et_pb_row column_structure=&#8221;1_3,2_3&#8243; admin_label=&#8221;Fila&#8221; _builder_version=&#8221;4.16&#8243; background_size=&#8221;initial&#8221; background_position=&#8221;top_left&#8221; background_repeat=&#8221;repeat&#8221; global_colors_info=&#8221;{}&#8221;][et_pb_column type=&#8221;1_3&#8243; _builder_version=&#8221;4.16&#8243; custom_padding=&#8221;|||&#8221; global_colors_info=&#8221;{}&#8221; custom_padding__hover=&#8221;|||&#8221;][et_pb_text admin_label=&#8221;AUTOPSIA AL MACHISMO&#8221; _builder_version=&#8221;4.16&#8243; background_size=&#8221;initial&#8221; background_position=&#8221;top_left&#8221; background_repeat=&#8221;repeat&#8221; text_orientation=&#8221;justified&#8221; use_border_color=&#8221;off&#8221; border_color=&#8221;#ffffff&#8221; border_style=&#8221;solid&#8221; global_colors_info=&#8221;{}&#8221;]<\/p>\n<h5><strong><em>AUTOPSIA AL MACHISMO<\/em><\/strong><\/h5>\n<p>Lorente Acosta, Miguel (2020)<br \/>\n<strong><span style=\"color: #ff0000\">Mi\u00e9rcoles 28 de abril de 2021<\/span><\/strong><br \/>\nPresenta el libro: Beatriz Ranea Trivi\u00f1o<br \/>\nModera y clausura: Anastasia T\u00e9llez Infantes<\/p>\n<p><strong><span style=\"color: #ff0000\"><br \/>\n<\/span> <\/strong><br \/>\n[\/et_pb_text][\/et_pb_column][et_pb_column type=&#8221;2_3&#8243; _builder_version=&#8221;4.16&#8243; custom_padding=&#8221;|||&#8221; global_colors_info=&#8221;{}&#8221; custom_padding__hover=&#8221;|||&#8221;][et_pb_text admin_label=&#8221;AUTOPSIA AL MACHISMO&#8221; _builder_version=&#8221;4.17.4&#8243; background_size=&#8221;initial&#8221; background_position=&#8221;top_left&#8221; background_repeat=&#8221;repeat&#8221; use_border_color=&#8221;off&#8221; border_color=&#8221;#ffffff&#8221; border_style=&#8221;solid&#8221; global_colors_info=&#8221;{}&#8221;]<\/p>\n<iframe loading=\"lazy\"  id=\"_ytid_61326\"  width=\"800\" height=\"450\"  data-origwidth=\"800\" data-origheight=\"450\" src=\"https:\/\/www.youtube.com\/embed\/4lRu8-psKlI?enablejsapi=1&autoplay=0&cc_load_policy=0&cc_lang_pref=&iv_load_policy=1&loop=0&modestbranding=0&rel=1&fs=1&playsinline=0&autohide=2&theme=dark&color=red&controls=1&\" class=\"__youtube_prefs__  no-lazyload\" title=\"YouTube player\"  allow=\"accelerometer; autoplay; clipboard-write; encrypted-media; gyroscope; picture-in-picture\" allowfullscreen data-no-lazy=\"1\" data-skipgform_ajax_framebjll=\"\"><\/iframe>\n<p>[\/et_pb_text][\/et_pb_column][\/et_pb_row][\/et_pb_section][et_pb_section fb_built=&#8221;1&#8243; admin_label=&#8221;Secci\u00f3n&#8221; _builder_version=&#8221;4.16&#8243; global_colors_info=&#8221;{}&#8221;][et_pb_row admin_label=&#8221;Fila&#8221; _builder_version=&#8221;4.16&#8243; background_size=&#8221;initial&#8221; background_position=&#8221;top_left&#8221; background_repeat=&#8221;repeat&#8221; global_colors_info=&#8221;{}&#8221;][et_pb_column type=&#8221;4_4&#8243; _builder_version=&#8221;4.16&#8243; custom_padding=&#8221;|||&#8221; global_colors_info=&#8221;{}&#8221; custom_padding__hover=&#8221;|||&#8221;][et_pb_divider color=&#8221;#b67ce2&#8243; divider_style=&#8221;dashed&#8221; divider_position=&#8221;center&#8221; divider_weight=&#8221;5&#8243; disabled_on=&#8221;on|on|off&#8221; admin_label=&#8221;Separador&#8221; _builder_version=&#8221;4.16&#8243; hide_on_mobile=&#8221;on&#8221; global_colors_info=&#8221;{}&#8221;][\/et_pb_divider][\/et_pb_column][\/et_pb_row][et_pb_row column_structure=&#8221;1_3,2_3&#8243; admin_label=&#8221;Fila&#8221; _builder_version=&#8221;4.16&#8243; background_size=&#8221;initial&#8221; background_position=&#8221;top_left&#8221; background_repeat=&#8221;repeat&#8221; global_colors_info=&#8221;{}&#8221;][et_pb_column type=&#8221;1_3&#8243; _builder_version=&#8221;4.16&#8243; custom_padding=&#8221;|||&#8221; global_colors_info=&#8221;{}&#8221; custom_padding__hover=&#8221;|||&#8221;][et_pb_text admin_label=&#8221;DECONSTRUYENDO LA MASCULINIDAD. CULTURA, G\u00c9NERO E IDENTIDAD&#8221; _builder_version=&#8221;4.16&#8243; background_size=&#8221;initial&#8221; background_position=&#8221;top_left&#8221; background_repeat=&#8221;repeat&#8221; text_orientation=&#8221;justified&#8221; use_border_color=&#8221;off&#8221; border_color=&#8221;#ffffff&#8221; border_style=&#8221;solid&#8221; global_colors_info=&#8221;{}&#8221;]<\/p>\n<h6><strong><em>DECONSTRUYENDO LA MASCULINIDAD. CULTURA, G\u00c9NERO E IDENTIDAD<\/em><\/strong><\/h6>\n<p>Mart\u00ednez, J. Eloy; T\u00e9llez, Anastasia y Sanf\u00e9lix, Joan (2019) (eds.)<\/p>\n<p><strong><span style=\"color: #ff0000\">Mi\u00e9rcoles 14 de abril de 2021<\/span> <\/strong><\/p>\n<p>Editorial Tirant Lo Blanch.<br \/>\nPresenta el libro: Juan Jos\u00e9 Tamayo Acosta<br \/>\nConferencia: <strong>\u201cLOS HOMBRES EN LOS PROCESOS DE INTERVENCI\u00d3N SOCIAL. EJERCER DE HOMBRES: MASCULINIDAD, INVISIBILIDAD Y VULNERABILIDAD\u201d<\/strong>. Juan Blanco L\u00f3pez<br \/>\nModera y clausura: Joaquim Montaner Villalonga<br \/>\n[\/et_pb_text][\/et_pb_column][et_pb_column type=&#8221;2_3&#8243; _builder_version=&#8221;4.16&#8243; custom_padding=&#8221;|||&#8221; global_colors_info=&#8221;{}&#8221; custom_padding__hover=&#8221;|||&#8221;][et_pb_text admin_label=&#8221;DECONSTRUYENDO LA MASCULINIDAD. CULTURA, G\u00c9NERO E IDENTIDAD&#8221; _builder_version=&#8221;4.17.4&#8243; background_size=&#8221;initial&#8221; background_position=&#8221;top_left&#8221; background_repeat=&#8221;repeat&#8221; use_border_color=&#8221;off&#8221; border_color=&#8221;#ffffff&#8221; border_style=&#8221;solid&#8221; global_colors_info=&#8221;{}&#8221;]<\/p>\n<iframe loading=\"lazy\"  id=\"_ytid_28589\"  width=\"800\" height=\"450\"  data-origwidth=\"800\" data-origheight=\"450\" src=\"https:\/\/www.youtube.com\/embed\/t_78jtdLieQ?enablejsapi=1&autoplay=0&cc_load_policy=0&cc_lang_pref=&iv_load_policy=1&loop=0&modestbranding=0&rel=1&fs=1&playsinline=0&autohide=2&theme=dark&color=red&controls=1&\" class=\"__youtube_prefs__  no-lazyload\" title=\"YouTube player\"  allow=\"accelerometer; autoplay; clipboard-write; encrypted-media; gyroscope; picture-in-picture\" allowfullscreen data-no-lazy=\"1\" data-skipgform_ajax_framebjll=\"\"><\/iframe>\n<p>[\/et_pb_text][\/et_pb_column][\/et_pb_row][\/et_pb_section][et_pb_section fb_built=&#8221;1&#8243; admin_label=&#8221;Secci\u00f3n&#8221; _builder_version=&#8221;4.16&#8243; global_colors_info=&#8221;{}&#8221;][et_pb_row admin_label=&#8221;Fila&#8221; _builder_version=&#8221;4.16&#8243; background_size=&#8221;initial&#8221; background_position=&#8221;top_left&#8221; background_repeat=&#8221;repeat&#8221; global_colors_info=&#8221;{}&#8221;][et_pb_column type=&#8221;4_4&#8243; _builder_version=&#8221;4.16&#8243; custom_padding=&#8221;|||&#8221; global_colors_info=&#8221;{}&#8221; custom_padding__hover=&#8221;|||&#8221;][et_pb_divider color=&#8221;#b67ce2&#8243; divider_style=&#8221;dashed&#8221; divider_position=&#8221;center&#8221; divider_weight=&#8221;5&#8243; disabled_on=&#8221;on|on|off&#8221; admin_label=&#8221;Separador&#8221; _builder_version=&#8221;4.16&#8243; hide_on_mobile=&#8221;on&#8221; global_colors_info=&#8221;{}&#8221;][\/et_pb_divider][\/et_pb_column][\/et_pb_row][et_pb_row column_structure=&#8221;1_3,2_3&#8243; admin_label=&#8221;Fila&#8221; _builder_version=&#8221;4.16&#8243; background_size=&#8221;initial&#8221; background_position=&#8221;top_left&#8221; background_repeat=&#8221;repeat&#8221; global_colors_info=&#8221;{}&#8221;][et_pb_column type=&#8221;1_3&#8243; _builder_version=&#8221;4.16&#8243; custom_padding=&#8221;|||&#8221; global_colors_info=&#8221;{}&#8221; custom_padding__hover=&#8221;|||&#8221;][et_pb_text admin_label=&#8221;MASCULINIDADES IGUALITARIAS Y ALTERNATIVAS. PROCESOS, AVANCES Y REACCIONES&#8221; _builder_version=&#8221;4.17.4&#8243; background_size=&#8221;initial&#8221; background_position=&#8221;top_left&#8221; background_repeat=&#8221;repeat&#8221; text_orientation=&#8221;justified&#8221; use_border_color=&#8221;off&#8221; border_color=&#8221;#ffffff&#8221; border_style=&#8221;solid&#8221; global_colors_info=&#8221;{}&#8221;]<\/p>\n<h6><strong><em>MASCULINIDADES IGUALITARIAS Y ALTERNATIVAS. PROCESOS, AVANCES Y REACCIONES<\/em><\/strong><\/h6>\n<p>T\u00e9llez, Anastasia; Mart\u00ednez, J. Eloy y Sanf\u00e9lix, Joan (2019) (eds.)<\/p>\n<p><span style=\"color: #ff0000\"><strong>Mi\u00e9rcoles 31 de marzo de 2021<\/strong><\/span><br \/>Presenta el libro: Jorge Garc\u00eda Mar\u00edn<br \/>Conferencia: <strong>\u201cDECONSTRUIR LA MASCULINIDAD HEGEM\u00d3NICA EN EL \u00c1MBITO EDUCATIVO\u201d<\/strong>. Enrique Javier D\u00edez<br \/>Modera y clausura: Joaquim Montaner Villalonga<\/p>\n<p>[\/et_pb_text][\/et_pb_column][et_pb_column type=&#8221;2_3&#8243; _builder_version=&#8221;4.16&#8243; custom_padding=&#8221;|||&#8221; global_colors_info=&#8221;{}&#8221; custom_padding__hover=&#8221;|||&#8221;][et_pb_text admin_label=&#8221;MASCULINIDADES IGUALITARIAS Y ALTERNATIVAS. PROCESOS, AVANCES Y REACCIONES&#8221; _builder_version=&#8221;4.17.4&#8243; background_size=&#8221;initial&#8221; background_position=&#8221;top_left&#8221; background_repeat=&#8221;repeat&#8221; use_border_color=&#8221;off&#8221; border_color=&#8221;#ffffff&#8221; border_style=&#8221;solid&#8221; global_colors_info=&#8221;{}&#8221;]<\/p>\n<iframe loading=\"lazy\"  id=\"_ytid_56089\"  width=\"800\" height=\"450\"  data-origwidth=\"800\" data-origheight=\"450\" src=\"https:\/\/www.youtube.com\/embed\/t_78jtdLieQ?enablejsapi=1&autoplay=0&cc_load_policy=0&cc_lang_pref=&iv_load_policy=1&loop=0&modestbranding=0&rel=1&fs=1&playsinline=0&autohide=2&theme=dark&color=red&controls=1&\" class=\"__youtube_prefs__  no-lazyload\" title=\"YouTube player\"  allow=\"accelerometer; autoplay; clipboard-write; encrypted-media; gyroscope; picture-in-picture\" allowfullscreen data-no-lazy=\"1\" data-skipgform_ajax_framebjll=\"\"><\/iframe>\n<p>[\/et_pb_text][\/et_pb_column][\/et_pb_row][\/et_pb_section][et_pb_section fb_built=&#8221;1&#8243; admin_label=&#8221;Secci\u00f3n&#8221; _builder_version=&#8221;4.16&#8243; global_colors_info=&#8221;{}&#8221;][et_pb_row admin_label=&#8221;Fila&#8221; _builder_version=&#8221;4.16&#8243; background_size=&#8221;initial&#8221; background_position=&#8221;top_left&#8221; background_repeat=&#8221;repeat&#8221; global_colors_info=&#8221;{}&#8221;][et_pb_column type=&#8221;4_4&#8243; _builder_version=&#8221;4.16&#8243; custom_padding=&#8221;|||&#8221; global_colors_info=&#8221;{}&#8221; custom_padding__hover=&#8221;|||&#8221;][et_pb_divider color=&#8221;#b67ce2&#8243; divider_style=&#8221;dashed&#8221; divider_position=&#8221;center&#8221; divider_weight=&#8221;5&#8243; disabled_on=&#8221;on|on|off&#8221; admin_label=&#8221;Separador&#8221; _builder_version=&#8221;4.16&#8243; hide_on_mobile=&#8221;on&#8221; global_colors_info=&#8221;{}&#8221;][\/et_pb_divider][\/et_pb_column][\/et_pb_row][et_pb_row column_structure=&#8221;1_3,2_3&#8243; admin_label=&#8221;Fila&#8221; _builder_version=&#8221;4.16&#8243; background_size=&#8221;initial&#8221; background_position=&#8221;top_left&#8221; background_repeat=&#8221;repeat&#8221; global_colors_info=&#8221;{}&#8221;][et_pb_column type=&#8221;1_3&#8243; _builder_version=&#8221;4.16&#8243; custom_padding=&#8221;|||&#8221; global_colors_info=&#8221;{}&#8221; custom_padding__hover=&#8221;|||&#8221;][et_pb_text admin_label=&#8221;MASCULINIDADES, VIOLENCIA E IGUALDAD. EL AUTOCONTROL DE LOS HOMBRES COMO ESTRATEGIA DEL PODER SOCIAL.&#8221; _builder_version=&#8221;4.16&#8243; background_size=&#8221;initial&#8221; background_position=&#8221;top_left&#8221; background_repeat=&#8221;repeat&#8221; text_orientation=&#8221;justified&#8221; use_border_color=&#8221;off&#8221; border_color=&#8221;#ffffff&#8221; border_style=&#8221;solid&#8221; global_colors_info=&#8221;{}&#8221;]<\/p>\n<h6><strong><em>MASCULINIDADES, VIOLENCIA E IGUALDAD. EL AUTOCONTROL DE LOS HOMBRES COMO ESTRATEGIA DEL PODER SOCIAL<\/em><\/strong><\/h6>\n<p>Sambade Baquer\u00edn, Carlos Iv\u00e1n (2020)<\/p>\n<p><span style=\"color: #ff0000\"><strong>Mi\u00e9rcoles 24 de marzo de 2021<\/strong><\/span><br \/>\nEd. Universidad de Valladolid.<br \/>\nPresenta el libro: Jos\u00e9 Pablo Cu\u00e9llar Ot\u00f3n<br \/>\nModera y clausura: Joan Sanf\u00e9lix Albelda<br \/>\n[\/et_pb_text][\/et_pb_column][et_pb_column type=&#8221;2_3&#8243; _builder_version=&#8221;4.16&#8243; custom_padding=&#8221;|||&#8221; global_colors_info=&#8221;{}&#8221; custom_padding__hover=&#8221;|||&#8221;][et_pb_text admin_label=&#8221;MASCULINIDADES, VIOLENCIA E IGUALDAD. EL AUTOCONTROL DE LOS HOMBRES COMO ESTRATEGIA DEL PODER SOCIAL.&#8221; _builder_version=&#8221;4.17.4&#8243; background_size=&#8221;initial&#8221; background_position=&#8221;top_left&#8221; background_repeat=&#8221;repeat&#8221; use_border_color=&#8221;off&#8221; border_color=&#8221;#ffffff&#8221; border_style=&#8221;solid&#8221; global_colors_info=&#8221;{}&#8221;]<\/p>\n<iframe loading=\"lazy\"  id=\"_ytid_94180\"  width=\"800\" height=\"450\"  data-origwidth=\"800\" data-origheight=\"450\" src=\"https:\/\/www.youtube.com\/embed\/sKwwwly7XFA?enablejsapi=1&autoplay=0&cc_load_policy=0&cc_lang_pref=&iv_load_policy=1&loop=0&modestbranding=0&rel=1&fs=1&playsinline=0&autohide=2&theme=dark&color=red&controls=1&\" class=\"__youtube_prefs__  no-lazyload\" title=\"YouTube player\"  allow=\"accelerometer; autoplay; clipboard-write; encrypted-media; gyroscope; picture-in-picture\" allowfullscreen data-no-lazy=\"1\" data-skipgform_ajax_framebjll=\"\"><\/iframe>\n<p>[\/et_pb_text][\/et_pb_column][\/et_pb_row][\/et_pb_section][et_pb_section fb_built=&#8221;1&#8243; admin_label=&#8221;Secci\u00f3n&#8221; _builder_version=&#8221;4.16&#8243; global_colors_info=&#8221;{}&#8221;][et_pb_row admin_label=&#8221;Fila&#8221; _builder_version=&#8221;4.16&#8243; background_size=&#8221;initial&#8221; background_position=&#8221;top_left&#8221; background_repeat=&#8221;repeat&#8221; global_colors_info=&#8221;{}&#8221;][et_pb_column type=&#8221;4_4&#8243; _builder_version=&#8221;4.16&#8243; custom_padding=&#8221;|||&#8221; global_colors_info=&#8221;{}&#8221; custom_padding__hover=&#8221;|||&#8221;][et_pb_divider color=&#8221;#b67ce2&#8243; divider_style=&#8221;dashed&#8221; divider_position=&#8221;center&#8221; divider_weight=&#8221;5&#8243; disabled_on=&#8221;on|on|off&#8221; admin_label=&#8221;Separador&#8221; _builder_version=&#8221;4.16&#8243; hide_on_mobile=&#8221;on&#8221; global_colors_info=&#8221;{}&#8221;][\/et_pb_divider][\/et_pb_column][\/et_pb_row][et_pb_row column_structure=&#8221;1_3,2_3&#8243; admin_label=&#8221;Fila&#8221; _builder_version=&#8221;4.16&#8243; background_size=&#8221;initial&#8221; background_position=&#8221;top_left&#8221; background_repeat=&#8221;repeat&#8221; global_colors_info=&#8221;{}&#8221;][et_pb_column type=&#8221;1_3&#8243; _builder_version=&#8221;4.16&#8243; custom_padding=&#8221;|||&#8221; global_colors_info=&#8221;{}&#8221; custom_padding__hover=&#8221;|||&#8221;][et_pb_text admin_label=&#8221;FEMINISMOS. ANTOLOG\u00cdA DE TEXTOS FEMINISTAS &#8221; _builder_version=&#8221;4.16&#8243; background_size=&#8221;initial&#8221; background_position=&#8221;top_left&#8221; background_repeat=&#8221;repeat&#8221; text_orientation=&#8221;justified&#8221; use_border_color=&#8221;off&#8221; border_color=&#8221;#ffffff&#8221; border_style=&#8221;solid&#8221; global_colors_info=&#8221;{}&#8221;]<\/p>\n<h6><strong><em>FEMINISMOS. ANTOLOG\u00cdA DE TEXTOS FEMINISTAS PARA USO DE LAS GENERACIONES M\u00c1S J\u00d3VENES, Y DE LAS QUE NO LO SON TANTO<\/em><\/strong><\/h6>\n<p>Ranea Trivi\u00f1o, Beatriz (2019)<br \/>\n<span style=\"color: #ff0000\"><strong>Mi\u00e9rcoles 3 de marzo<\/strong><\/span><\/p>\n<p>Presenta el libro: Sonia Rubio Romaguera<br \/>\nModera y clausura: Joan Sanf\u00e9lix Albelda<br \/>\n[\/et_pb_text][\/et_pb_column][et_pb_column type=&#8221;2_3&#8243; _builder_version=&#8221;4.16&#8243; custom_padding=&#8221;|||&#8221; global_colors_info=&#8221;{}&#8221; custom_padding__hover=&#8221;|||&#8221;][et_pb_text admin_label=&#8221;Feminismos&#8221; _builder_version=&#8221;4.17.4&#8243; background_size=&#8221;initial&#8221; background_position=&#8221;top_left&#8221; background_repeat=&#8221;repeat&#8221; use_border_color=&#8221;off&#8221; border_color=&#8221;#ffffff&#8221; border_style=&#8221;solid&#8221; global_colors_info=&#8221;{}&#8221;]<\/p>\n<iframe loading=\"lazy\"  id=\"_ytid_56749\"  width=\"800\" height=\"450\"  data-origwidth=\"800\" data-origheight=\"450\" src=\"https:\/\/www.youtube.com\/embed\/aoj_MLnQmiE?enablejsapi=1&autoplay=0&cc_load_policy=0&cc_lang_pref=&iv_load_policy=1&loop=0&modestbranding=0&rel=1&fs=1&playsinline=0&autohide=2&theme=dark&color=red&controls=1&\" class=\"__youtube_prefs__  no-lazyload\" title=\"YouTube player\"  allow=\"accelerometer; autoplay; clipboard-write; encrypted-media; gyroscope; picture-in-picture\" allowfullscreen data-no-lazy=\"1\" data-skipgform_ajax_framebjll=\"\"><\/iframe>\n<p>[\/et_pb_text][\/et_pb_column][\/et_pb_row][\/et_pb_section][et_pb_section fb_built=&#8221;1&#8243; admin_label=&#8221;Secci\u00f3n&#8221; _builder_version=&#8221;4.16&#8243; global_colors_info=&#8221;{}&#8221;][et_pb_row admin_label=&#8221;Fila&#8221; _builder_version=&#8221;4.16&#8243; background_size=&#8221;initial&#8221; background_position=&#8221;top_left&#8221; background_repeat=&#8221;repeat&#8221; global_colors_info=&#8221;{}&#8221;][et_pb_column type=&#8221;4_4&#8243; _builder_version=&#8221;4.16&#8243; custom_padding=&#8221;|||&#8221; global_colors_info=&#8221;{}&#8221; custom_padding__hover=&#8221;|||&#8221;][et_pb_divider color=&#8221;#b67ce2&#8243; divider_style=&#8221;dashed&#8221; divider_position=&#8221;center&#8221; divider_weight=&#8221;5&#8243; disabled_on=&#8221;on|on|off&#8221; admin_label=&#8221;Separador&#8221; _builder_version=&#8221;4.16&#8243; hide_on_mobile=&#8221;on&#8221; global_colors_info=&#8221;{}&#8221;][\/et_pb_divider][\/et_pb_column][\/et_pb_row][et_pb_row column_structure=&#8221;1_3,2_3&#8243; admin_label=&#8221;Fila&#8221; _builder_version=&#8221;4.16&#8243; background_size=&#8221;initial&#8221; background_position=&#8221;top_left&#8221; background_repeat=&#8221;repeat&#8221; global_colors_info=&#8221;{}&#8221;][et_pb_column type=&#8221;1_3&#8243; _builder_version=&#8221;4.16&#8243; custom_padding=&#8221;|||&#8221; global_colors_info=&#8221;{}&#8221; custom_padding__hover=&#8221;|||&#8221;][et_pb_text admin_label=&#8221;HOMBRES, G\u00c9NERO Y PATRIARCADO: REFLEXIONES, CUERPOS Y REPRESENTACIONES.&#8221; _builder_version=&#8221;4.17.4&#8243; background_size=&#8221;initial&#8221; background_position=&#8221;top_left&#8221; background_repeat=&#8221;repeat&#8221; text_orientation=&#8221;justified&#8221; use_border_color=&#8221;off&#8221; border_color=&#8221;#ffffff&#8221; border_style=&#8221;solid&#8221; global_colors_info=&#8221;{}&#8221;]<\/p>\n<h6><strong>\u00a0<\/strong><strong><em>HOMBRES, G\u00c9NERO Y PATRIARCADO: REFLEXIONES, CUERPOS Y REPRESENTACIONES<\/em><\/strong><\/h6>\n<p>T\u00e9llez, Anastasia; Mart\u00ednez, J. Eloy y Sanf\u00e9lix, Joan (Eds.) (2020)<\/p>\n<p><span style=\"color: #ff0000\"><strong>Mi\u00e9rcoles 17 de marzo de 2021<\/strong><\/span><\/p>\n<p>Presenta el libro: Hilario S\u00e1ez M\u00e9ndez<br \/>Conferencia: <strong>\u00abEL G\u00c9NERO MASCULINO, ENTRE LA OBSOLESCENCIA Y LA IMPOSTACI\u00d3N\u00bb<\/strong>. Marina Subirats Martori<br \/>Modera y clausura: Jorge Cascales Ribera<\/p>\n<p>[\/et_pb_text][\/et_pb_column][et_pb_column type=&#8221;2_3&#8243; _builder_version=&#8221;4.16&#8243; custom_padding=&#8221;|||&#8221; global_colors_info=&#8221;{}&#8221; custom_padding__hover=&#8221;|||&#8221;][et_pb_text admin_label=&#8221;EL G\u00c9NERO MASCULINO, ENTRE LA OBSOLESCENCIA Y LA IMPOSTACI\u00d3N&#8221; _builder_version=&#8221;4.17.4&#8243; background_size=&#8221;initial&#8221; background_position=&#8221;top_left&#8221; background_repeat=&#8221;repeat&#8221; use_border_color=&#8221;off&#8221; border_color=&#8221;#ffffff&#8221; border_style=&#8221;solid&#8221; global_colors_info=&#8221;{}&#8221;]<\/p>\n<iframe loading=\"lazy\"  id=\"_ytid_35046\"  width=\"800\" height=\"450\"  data-origwidth=\"800\" data-origheight=\"450\" src=\"https:\/\/www.youtube.com\/embed\/wYtOtG1Nqck?enablejsapi=1&autoplay=0&cc_load_policy=0&cc_lang_pref=&iv_load_policy=1&loop=0&modestbranding=0&rel=1&fs=1&playsinline=0&autohide=2&theme=dark&color=red&controls=1&\" class=\"__youtube_prefs__  no-lazyload\" title=\"YouTube player\"  allow=\"accelerometer; autoplay; clipboard-write; encrypted-media; gyroscope; picture-in-picture\" allowfullscreen data-no-lazy=\"1\" data-skipgform_ajax_framebjll=\"\"><\/iframe>\n<p>[\/et_pb_text][\/et_pb_column][\/et_pb_row][\/et_pb_section][et_pb_section fb_built=&#8221;1&#8243; admin_label=&#8221;Secci\u00f3n&#8221; _builder_version=&#8221;4.16&#8243; global_colors_info=&#8221;{}&#8221;][et_pb_row admin_label=&#8221;Fila&#8221; _builder_version=&#8221;4.16&#8243; background_size=&#8221;initial&#8221; background_position=&#8221;top_left&#8221; background_repeat=&#8221;repeat&#8221; global_colors_info=&#8221;{}&#8221;][et_pb_column type=&#8221;4_4&#8243; _builder_version=&#8221;4.16&#8243; custom_padding=&#8221;|||&#8221; global_colors_info=&#8221;{}&#8221; custom_padding__hover=&#8221;|||&#8221;][et_pb_divider color=&#8221;#b67ce2&#8243; divider_style=&#8221;dashed&#8221; divider_position=&#8221;center&#8221; divider_weight=&#8221;5&#8243; disabled_on=&#8221;on|on|off&#8221; admin_label=&#8221;Separador&#8221; _builder_version=&#8221;4.16&#8243; hide_on_mobile=&#8221;on&#8221; global_colors_info=&#8221;{}&#8221;][\/et_pb_divider][\/et_pb_column][\/et_pb_row][et_pb_row column_structure=&#8221;1_3,2_3&#8243; admin_label=&#8221;Fila&#8221; _builder_version=&#8221;4.16&#8243; background_size=&#8221;initial&#8221; background_position=&#8221;top_left&#8221; background_repeat=&#8221;repeat&#8221; global_colors_info=&#8221;{}&#8221;][et_pb_column type=&#8221;1_3&#8243; _builder_version=&#8221;4.16&#8243; custom_padding=&#8221;|||&#8221; global_colors_info=&#8221;{}&#8221; custom_padding__hover=&#8221;|||&#8221;][et_pb_text admin_label=&#8221;La Internacional del Odio&#8221; _builder_version=&#8221;4.16&#8243; background_size=&#8221;initial&#8221; background_position=&#8221;top_left&#8221; background_repeat=&#8221;repeat&#8221; text_orientation=&#8221;justified&#8221; use_border_color=&#8221;off&#8221; border_color=&#8221;#ffffff&#8221; border_style=&#8221;solid&#8221; global_colors_info=&#8221;{}&#8221;]<\/p>\n<h6><strong><em>LA INTERNACIONAL DEL ODIO. \u00bfC\u00d3MO SE CONSTRUYE? \u00bfC\u00d3MO SE DECONSTRUYE?<\/em><\/strong><\/h6>\n<p><span style=\"color: #ff0000\"><strong>Mi\u00e9rcoles 24 de febrero de 2021<\/strong><\/span><\/p>\n<p>Con <strong><em>Juan Jos\u00e9 Tamayo<\/em><\/strong>, <em><strong>Anastasia T\u00e9llez Infantes y Joan Sanf\u00e9lix Albelda<\/strong><\/em>.<br \/>\n[\/et_pb_text][\/et_pb_column][et_pb_column type=&#8221;2_3&#8243; _builder_version=&#8221;4.16&#8243; custom_padding=&#8221;|||&#8221; global_colors_info=&#8221;{}&#8221; custom_padding__hover=&#8221;|||&#8221;][et_pb_text admin_label=&#8221;La internacional del odio&#8221; _builder_version=&#8221;4.17.4&#8243; background_size=&#8221;initial&#8221; background_position=&#8221;top_left&#8221; background_repeat=&#8221;repeat&#8221; use_border_color=&#8221;off&#8221; border_color=&#8221;#ffffff&#8221; border_style=&#8221;solid&#8221; global_colors_info=&#8221;{}&#8221;]<\/p>\n<iframe loading=\"lazy\"  id=\"_ytid_59910\"  width=\"800\" height=\"450\"  data-origwidth=\"800\" data-origheight=\"450\" src=\"https:\/\/www.youtube.com\/embed\/EET1ZQqULiY?enablejsapi=1&autoplay=0&cc_load_policy=0&cc_lang_pref=&iv_load_policy=1&loop=0&modestbranding=0&rel=1&fs=1&playsinline=0&autohide=2&theme=dark&color=red&controls=1&\" class=\"__youtube_prefs__  no-lazyload\" title=\"YouTube player\"  allow=\"accelerometer; autoplay; clipboard-write; encrypted-media; gyroscope; picture-in-picture\" allowfullscreen data-no-lazy=\"1\" data-skipgform_ajax_framebjll=\"\"><\/iframe>\n<p>[\/et_pb_text][\/et_pb_column][\/et_pb_row][\/et_pb_section][et_pb_section fb_built=&#8221;1&#8243; admin_label=&#8221;Secci\u00f3n&#8221; _builder_version=&#8221;4.16&#8243; global_colors_info=&#8221;{}&#8221;][et_pb_row admin_label=&#8221;Fila&#8221; _builder_version=&#8221;4.16&#8243; background_size=&#8221;initial&#8221; background_position=&#8221;top_left&#8221; background_repeat=&#8221;repeat&#8221; global_colors_info=&#8221;{}&#8221;][et_pb_column type=&#8221;4_4&#8243; _builder_version=&#8221;4.16&#8243; custom_padding=&#8221;|||&#8221; global_colors_info=&#8221;{}&#8221; custom_padding__hover=&#8221;|||&#8221;][et_pb_divider color=&#8221;#b67ce2&#8243; divider_style=&#8221;dashed&#8221; divider_position=&#8221;center&#8221; divider_weight=&#8221;5&#8243; disabled_on=&#8221;on|on|off&#8221; admin_label=&#8221;Separador&#8221; _builder_version=&#8221;4.16&#8243; hide_on_mobile=&#8221;on&#8221; global_colors_info=&#8221;{}&#8221;][\/et_pb_divider][\/et_pb_column][\/et_pb_row][et_pb_row column_structure=&#8221;1_3,2_3&#8243; admin_label=&#8221;Fila&#8221; _builder_version=&#8221;4.16&#8243; background_size=&#8221;initial&#8221; background_position=&#8221;top_left&#8221; background_repeat=&#8221;repeat&#8221; global_colors_info=&#8221;{}&#8221;][et_pb_column type=&#8221;1_3&#8243; _builder_version=&#8221;4.16&#8243; custom_padding=&#8221;|||&#8221; global_colors_info=&#8221;{}&#8221; custom_padding__hover=&#8221;|||&#8221;][et_pb_text admin_label=&#8221;La Br\u00fajula Rota&#8221; _builder_version=&#8221;4.16&#8243; background_size=&#8221;initial&#8221; background_position=&#8221;top_left&#8221; background_repeat=&#8221;repeat&#8221; text_orientation=&#8221;justified&#8221; use_border_color=&#8221;off&#8221; border_color=&#8221;#ffffff&#8221; border_style=&#8221;solid&#8221; global_colors_info=&#8221;{}&#8221;]<\/p>\n<h6><strong><em>LA BR\u00daJULA ROTA DE LA MASCULINIDAD<\/em>.<\/strong><\/h6>\n<p><strong><span style=\"color: #ff0000\">Mi\u00e9rcoles 17 de febrero de 2021 <\/span><\/strong><\/p>\n<p>Con <strong><em>Joan Sanf\u00e9lix Albelda, Juan Jos\u00e9 Tamayo y Anastasia T\u00e9llez Infantes<\/em><\/strong>.<br \/>\n[\/et_pb_text][\/et_pb_column][et_pb_column type=&#8221;2_3&#8243; _builder_version=&#8221;4.16&#8243; custom_padding=&#8221;|||&#8221; global_colors_info=&#8221;{}&#8221; custom_padding__hover=&#8221;|||&#8221;][et_pb_text admin_label=&#8221;La Br\u00fajula Rota&#8221; _builder_version=&#8221;4.17.4&#8243; background_size=&#8221;initial&#8221; background_position=&#8221;top_left&#8221; background_repeat=&#8221;repeat&#8221; use_border_color=&#8221;off&#8221; border_color=&#8221;#ffffff&#8221; border_style=&#8221;solid&#8221; global_colors_info=&#8221;{}&#8221;]<\/p>\n<iframe loading=\"lazy\"  id=\"_ytid_35817\"  width=\"800\" height=\"450\"  data-origwidth=\"800\" data-origheight=\"450\" src=\"https:\/\/www.youtube.com\/embed\/qTTLBU3CjGA?enablejsapi=1&autoplay=0&cc_load_policy=0&cc_lang_pref=&iv_load_policy=1&loop=0&modestbranding=0&rel=1&fs=1&playsinline=0&autohide=2&theme=dark&color=red&controls=1&\" class=\"__youtube_prefs__  no-lazyload\" title=\"YouTube player\"  allow=\"accelerometer; autoplay; clipboard-write; encrypted-media; gyroscope; picture-in-picture\" allowfullscreen data-no-lazy=\"1\" data-skipgform_ajax_framebjll=\"\"><\/iframe>\n<p>[\/et_pb_text][\/et_pb_column][\/et_pb_row][\/et_pb_section]<\/p>\n","protected":false},"excerpt":{"rendered":"<p>Grabaciones de los Seminarios conversatorios sobre Masculinidades, G\u00e9nero e IgualdadVI SEMINARIOS CONVERSATORIOS. A\u00d1O 2025-2026Crianza y cuidados a los treinta y tantos o m\u00e1s. Corresponsabilidades en la era de los v\u00ednculos precarios JUEVES, 26 DE MARZO DE 2026 Conferenciantes: Alejandra Salguero Vel\u00e1zquez (UNAM &#8211; M\u00e9xico), Ang\u00e9lica Rodr\u00edguez Abad (Univ. Aut\u00f3noma de Tlaxcala &#8211; M\u00e9xico) y Paco [&hellip;]<\/p>\n","protected":false},"author":14033,"featured_media":0,"parent":0,"menu_order":0,"comment_status":"closed","ping_status":"closed","template":"","meta":{"_et_pb_use_builder":"on","_et_pb_old_content":"","_et_gb_content_width":"","_links_to":"","_links_to_target":""},"_links":{"self":[{"href":"https:\/\/observatoriomasculinidad.umh.es\/en\/wp-json\/wp\/v2\/pages\/2496"}],"collection":[{"href":"https:\/\/observatoriomasculinidad.umh.es\/en\/wp-json\/wp\/v2\/pages"}],"about":[{"href":"https:\/\/observatoriomasculinidad.umh.es\/en\/wp-json\/wp\/v2\/types\/page"}],"author":[{"embeddable":true,"href":"https:\/\/observatoriomasculinidad.umh.es\/en\/wp-json\/wp\/v2\/users\/14033"}],"replies":[{"embeddable":true,"href":"https:\/\/observatoriomasculinidad.umh.es\/en\/wp-json\/wp\/v2\/comments?post=2496"}],"version-history":[{"count":0,"href":"https:\/\/observatoriomasculinidad.umh.es\/en\/wp-json\/wp\/v2\/pages\/2496\/revisions"}],"wp:attachment":[{"href":"https:\/\/observatoriomasculinidad.umh.es\/en\/wp-json\/wp\/v2\/media?parent=2496"}],"curies":[{"name":"wp","href":"https:\/\/api.w.org\/{rel}","templated":true}]}}